{"id":1970,"date":"2020-03-11T14:43:36","date_gmt":"2020-03-11T13:43:36","guid":{"rendered":"https:\/\/www.grafique.cz\/?page_id=1970"},"modified":"2020-10-24T13:32:32","modified_gmt":"2020-10-24T12:32:32","slug":"website-creation-and-development","status":"publish","type":"page","link":"https:\/\/www.grafique.cz\/en\/website-creation-and-development\/","title":{"rendered":"Web design &#038; Web Development Brno"},"content":{"rendered":"<div class=\"lockfix\"><div class=\"lockfixed\"><div class=\"filtr\"><ul id=\"filters\"><li><a href=\"#web-design-brno\" data-filter=\".web-design-brno\">Web design<\/a><\/li><li><a href=\"#graphic-design-and-corporate-style-brno\" data-filter=\".graphic-design-and-corporate-style-brno\">Logo&amp;Print<\/a><\/li><li><a href=\"#advertising-photography-brno\" data-filter=\".advertising-photography-brno\">Photography<\/a><\/li><\/ul><\/div><\/div><\/div>\n         <div class=\"iso-container\">\n   \t\t\t<ul id=\"iso-loop\">\n   \t\t\t   \t\t\t\t<li class=\"web-design-brno iso-post\">\n\t\t\t\t\t\t   \t\t\t\t\t<h2 class=\"iso-title\">\n              <a href=\"https:\/\/www.grafique.cz\/en\/projects\/web-design-brno\/winning-group\/\">\n                Winning Group                <span>Web design<\/span>              \n              <\/a>\n            <\/h2>            \n\t\t\t\t\t\t            <time class=\"updated\" datetime=\"2022-09-21T16:32:17+01:00\">09\/2022<\/time>\n   \t\t\t\t\t                               \t\t\t\t\t\t\t<div class=\"iso-thumb\">\n   \t\t\t\t\t\t\t\t<a href=\"https:\/\/www.grafique.cz\/en\/projects\/web-design-brno\/winning-group\/\"><img decoding=\"async\" width=\"420\" height=\"1366\" src=\"https:\/\/www.grafique.cz\/wp-content\/uploads\/winninggroup-tvorba-webovych-stranek-brno-5-420x1366.jpg\" class=\"attachment-thumbnail size-thumbnail wp-post-image\" alt=\"Winning Group - realizace, Web design\" title=\"Winning Group - realizace, Web design\" srcset=\"https:\/\/www.grafique.cz\/wp-content\/uploads\/winninggroup-tvorba-webovych-stranek-brno-5-420x1366.jpg 420w, https:\/\/www.grafique.cz\/wp-content\/uploads\/winninggroup-tvorba-webovych-stranek-brno-5-92x300.jpg 92w, https:\/\/www.grafique.cz\/wp-content\/uploads\/winninggroup-tvorba-webovych-stranek-brno-5-768x2497.jpg 768w, https:\/\/www.grafique.cz\/wp-content\/uploads\/winninggroup-tvorba-webovych-stranek-brno-5-472x1536.jpg 472w, https:\/\/www.grafique.cz\/wp-content\/uploads\/winninggroup-tvorba-webovych-stranek-brno-5-630x2048.jpg 630w, https:\/\/www.grafique.cz\/wp-content\/uploads\/winninggroup-tvorba-webovych-stranek-brno-5-31x100.jpg 31w, https:\/\/www.grafique.cz\/wp-content\/uploads\/winninggroup-tvorba-webovych-stranek-brno-5.jpg 1064w\" sizes=\"(max-width: 420px) 100vw, 420px\" \/><\/a>\n   \t\t\t\t\t\t\t<\/div>\n   \t\t\t\t\t\t   \t\t\t\t\t\t\t\t\t\t\t   \t\t\t\t<\/li>\n   \t\t\t   \t\t\t\t<li class=\"web-design-brno iso-post\">\n\t\t\t\t\t\t   \t\t\t\t\t<h2 class=\"iso-title\">\n              <a href=\"https:\/\/www.grafique.cz\/en\/projects\/web-design-brno\/vila-tugendhat-2021\/\">\n                VILA TUGENDHAT 2021                <span>Web design<\/span>              \n              <\/a>\n            <\/h2>            \n\t\t\t\t\t\t            <time class=\"updated\" datetime=\"2022-09-21T13:54:50+01:00\">09\/2022<\/time>\n   \t\t\t\t\t                               \t\t\t\t\t\t\t<div class=\"iso-thumb\">\n   \t\t\t\t\t\t\t\t<a href=\"https:\/\/www.grafique.cz\/en\/projects\/web-design-brno\/vila-tugendhat-2021\/\"><img decoding=\"async\" width=\"420\" height=\"2021\" src=\"https:\/\/www.grafique.cz\/wp-content\/uploads\/tugendhat-eu-tvorba-webovych-stranek-2022-09-21-15_02_47-420x2021.jpg\" class=\"attachment-thumbnail size-thumbnail wp-post-image\" alt=\"VILA TUGENDHAT 2021 - realizace, Web design\" title=\"VILA TUGENDHAT 2021 - realizace, Web design\" srcset=\"https:\/\/www.grafique.cz\/wp-content\/uploads\/tugendhat-eu-tvorba-webovych-stranek-2022-09-21-15_02_47-420x2021.jpg 420w, https:\/\/www.grafique.cz\/wp-content\/uploads\/tugendhat-eu-tvorba-webovych-stranek-2022-09-21-15_02_47-768x3696.jpg 768w, https:\/\/www.grafique.cz\/wp-content\/uploads\/tugendhat-eu-tvorba-webovych-stranek-2022-09-21-15_02_47-319x1536.jpg 319w, https:\/\/www.grafique.cz\/wp-content\/uploads\/tugendhat-eu-tvorba-webovych-stranek-2022-09-21-15_02_47-21x100.jpg 21w, https:\/\/www.grafique.cz\/wp-content\/uploads\/tugendhat-eu-tvorba-webovych-stranek-2022-09-21-15_02_47.jpg 909w\" sizes=\"(max-width: 420px) 100vw, 420px\" \/><\/a>\n   \t\t\t\t\t\t\t<\/div>\n   \t\t\t\t\t\t   \t\t\t\t\t\t\t\t\t\t\t   \t\t\t\t<\/li>\n   \t\t\t   \t\t\t\t<li class=\"web-design-brno iso-post\">\n\t\t\t\t\t\t   \t\t\t\t\t<h2 class=\"iso-title\">\n              <a href=\"https:\/\/www.grafique.cz\/en\/projects\/web-design-brno\/zamek-krtiny\/\">\n                Z\u00e1mek K\u0159tiny                <span>Web design<\/span>              \n              <\/a>\n            <\/h2>            \n\t\t\t\t\t\t            <time class=\"updated\" datetime=\"2020-07-27T16:36:52+01:00\">07\/2020<\/time>\n   \t\t\t\t\t                               \t\t\t\t\t\t\t<div class=\"iso-thumb\">\n   \t\t\t\t\t\t\t\t<a href=\"https:\/\/www.grafique.cz\/en\/projects\/web-design-brno\/zamek-krtiny\/\"><img decoding=\"async\" width=\"420\" height=\"1878\" src=\"https:\/\/www.grafique.cz\/wp-content\/uploads\/krtinyweb1-420x1878.jpg\" class=\"attachment-thumbnail size-thumbnail wp-post-image\" alt=\"Z\u00e1mek K\u0159tiny - realizace, Web design\" title=\"Z\u00e1mek K\u0159tiny - realizace, Web design\" srcset=\"https:\/\/www.grafique.cz\/wp-content\/uploads\/krtinyweb1-420x1878.jpg 420w, https:\/\/www.grafique.cz\/wp-content\/uploads\/krtinyweb1-67x300.jpg 67w, https:\/\/www.grafique.cz\/wp-content\/uploads\/krtinyweb1-768x3433.jpg 768w, https:\/\/www.grafique.cz\/wp-content\/uploads\/krtinyweb1-1340x5991.jpg 1340w, https:\/\/www.grafique.cz\/wp-content\/uploads\/krtinyweb1-458x2048.jpg 458w, https:\/\/www.grafique.cz\/wp-content\/uploads\/krtinyweb1.jpg 1655w\" sizes=\"(max-width: 420px) 100vw, 420px\" \/><\/a>\n   \t\t\t\t\t\t\t<\/div>\n   \t\t\t\t\t\t   \t\t\t\t\t\t\t\t\t\t\t   \t\t\t\t<\/li>\n   \t\t\t   \t\t\t\t<li class=\"web-design-brno iso-post\">\n\t\t\t\t\t\t   \t\t\t\t\t<h2 class=\"iso-title\">\n              <a href=\"https:\/\/www.grafique.cz\/en\/projects\/web-design-brno\/ar-brno\/\">\n                AR Brno                <span>Web design<\/span>              \n              <\/a>\n            <\/h2>            \n\t\t\t\t\t\t            <time class=\"updated\" datetime=\"2020-03-12T10:54:34+01:00\">03\/2020<\/time>\n   \t\t\t\t\t                               \t\t\t\t\t\t\t<div class=\"iso-thumb\">\n   \t\t\t\t\t\t\t\t<a href=\"https:\/\/www.grafique.cz\/en\/projects\/web-design-brno\/ar-brno\/\"><img decoding=\"async\" width=\"420\" height=\"1987\" src=\"https:\/\/www.grafique.cz\/wp-content\/uploads\/AR_BRNO_HP_1340-3-420x1987.jpg\" class=\"attachment-thumbnail size-thumbnail wp-post-image\" alt=\"AR Brno - realizace, Web design\" title=\"AR Brno - realizace, Web design\" srcset=\"https:\/\/www.grafique.cz\/wp-content\/uploads\/AR_BRNO_HP_1340-3-420x1987.jpg 420w, https:\/\/www.grafique.cz\/wp-content\/uploads\/AR_BRNO_HP_1340-3-768x3633.jpg 768w, https:\/\/www.grafique.cz\/wp-content\/uploads\/AR_BRNO_HP_1340-3-433x2048.jpg 433w, https:\/\/www.grafique.cz\/wp-content\/uploads\/AR_BRNO_HP_1340-3-21x100.jpg 21w, https:\/\/www.grafique.cz\/wp-content\/uploads\/AR_BRNO_HP_1340-3.jpg 1340w\" sizes=\"(max-width: 420px) 100vw, 420px\" \/><\/a>\n   \t\t\t\t\t\t\t<\/div>\n   \t\t\t\t\t\t   \t\t\t\t\t\t\t\t\t\t\t   \t\t\t\t<\/li>\n   \t\t\t   \t\t\t\t<li class=\"web-design-brno iso-post\">\n\t\t\t\t\t\t   \t\t\t\t\t<h2 class=\"iso-title\">\n              <a href=\"https:\/\/www.grafique.cz\/en\/projects\/web-design-brno\/in-eko-website-development\/\">\n                In \u2013 eko                <span>Web design<\/span>              \n              <\/a>\n            <\/h2>            \n\t\t\t\t\t\t            <time class=\"updated\" datetime=\"2020-03-12T10:30:18+01:00\">03\/2020<\/time>\n   \t\t\t\t\t                               \t\t\t\t\t\t\t<div class=\"iso-thumb\">\n   \t\t\t\t\t\t\t\t<a href=\"https:\/\/www.grafique.cz\/en\/projects\/web-design-brno\/in-eko-website-development\/\"><img decoding=\"async\" width=\"420\" height=\"1462\" src=\"https:\/\/www.grafique.cz\/wp-content\/uploads\/in-eko-tvorba-firemniho-webu-420x1462.jpg\" class=\"attachment-thumbnail size-thumbnail wp-post-image\" alt=\"In \u2013 eko - realizace, Web design\" title=\"In \u2013 eko - realizace, Web design\" srcset=\"https:\/\/www.grafique.cz\/wp-content\/uploads\/in-eko-tvorba-firemniho-webu-420x1462.jpg 420w, https:\/\/www.grafique.cz\/wp-content\/uploads\/in-eko-tvorba-firemniho-webu-86x300.jpg 86w, https:\/\/www.grafique.cz\/wp-content\/uploads\/in-eko-tvorba-firemniho-webu-768x2673.jpg 768w, https:\/\/www.grafique.cz\/wp-content\/uploads\/in-eko-tvorba-firemniho-webu-441x1536.jpg 441w, https:\/\/www.grafique.cz\/wp-content\/uploads\/in-eko-tvorba-firemniho-webu-588x2048.jpg 588w, https:\/\/www.grafique.cz\/wp-content\/uploads\/in-eko-tvorba-firemniho-webu-29x100.jpg 29w, https:\/\/www.grafique.cz\/wp-content\/uploads\/in-eko-tvorba-firemniho-webu.jpg 990w\" sizes=\"(max-width: 420px) 100vw, 420px\" \/><\/a>\n   \t\t\t\t\t\t\t<\/div>\n   \t\t\t\t\t\t   \t\t\t\t\t\t\t\t\t\t\t   \t\t\t\t<\/li>\n   \t\t\t   \t\t\t\t<li class=\"web-design-brno iso-post\">\n\t\t\t\t\t\t   \t\t\t\t\t<h2 class=\"iso-title\">\n              <a href=\"https:\/\/www.grafique.cz\/en\/projects\/web-design-brno\/mensik-skrusny\/\">\n                Men\u0161\u00edk &#038; Skru\u0161n\u00fd                <span>Web design<\/span>              \n              <\/a>\n            <\/h2>            \n\t\t\t\t\t\t            <time class=\"updated\" datetime=\"2022-09-23T12:12:48+01:00\">09\/2022<\/time>\n   \t\t\t\t\t                               \t\t\t\t\t\t\t<div class=\"iso-thumb\">\n   \t\t\t\t\t\t\t\t<a href=\"https:\/\/www.grafique.cz\/en\/projects\/web-design-brno\/mensik-skrusny\/\"><img decoding=\"async\" width=\"420\" height=\"1187\" src=\"https:\/\/www.grafique.cz\/wp-content\/uploads\/mensik-skrusny-tvorba-webu-brno_4-420x1187.jpg\" class=\"attachment-thumbnail size-thumbnail wp-post-image\" alt=\"Men\u0161\u00edk &#038; Skru\u0161n\u00fd - realizace, Web design\" title=\"Men\u0161\u00edk &#038; Skru\u0161n\u00fd - realizace, Web design\" srcset=\"https:\/\/www.grafique.cz\/wp-content\/uploads\/mensik-skrusny-tvorba-webu-brno_4-420x1187.jpg 420w, https:\/\/www.grafique.cz\/wp-content\/uploads\/mensik-skrusny-tvorba-webu-brno_4-106x300.jpg 106w, https:\/\/www.grafique.cz\/wp-content\/uploads\/mensik-skrusny-tvorba-webu-brno_4-768x2170.jpg 768w, https:\/\/www.grafique.cz\/wp-content\/uploads\/mensik-skrusny-tvorba-webu-brno_4-544x1536.jpg 544w, https:\/\/www.grafique.cz\/wp-content\/uploads\/mensik-skrusny-tvorba-webu-brno_4-725x2048.jpg 725w, https:\/\/www.grafique.cz\/wp-content\/uploads\/mensik-skrusny-tvorba-webu-brno_4-35x100.jpg 35w, https:\/\/www.grafique.cz\/wp-content\/uploads\/mensik-skrusny-tvorba-webu-brno_4.jpg 1075w\" sizes=\"(max-width: 420px) 100vw, 420px\" \/><\/a>\n   \t\t\t\t\t\t\t<\/div>\n   \t\t\t\t\t\t   \t\t\t\t\t\t\t\t\t\t\t   \t\t\t\t<\/li>\n   \t\t\t   \t\t\t\t<li class=\"web-design-brno iso-post\">\n\t\t\t\t\t\t   \t\t\t\t\t<h2 class=\"iso-title\">\n              <a href=\"https:\/\/www.grafique.cz\/en\/projects\/web-design-brno\/resinvest\/\">\n                ResInvest                <span>Web design<\/span>              \n              <\/a>\n            <\/h2>            \n\t\t\t\t\t\t            <time class=\"updated\" datetime=\"2022-09-21T14:32:41+01:00\">09\/2022<\/time>\n   \t\t\t\t\t                               \t\t\t\t\t\t\t<div class=\"iso-thumb\">\n   \t\t\t\t\t\t\t\t<a href=\"https:\/\/www.grafique.cz\/en\/projects\/web-design-brno\/resinvest\/\"><img decoding=\"async\" width=\"420\" height=\"826\" src=\"https:\/\/www.grafique.cz\/wp-content\/uploads\/webdesign-resinvest-ch-2022-09-21-15_31_14-420x826.jpg\" class=\"attachment-thumbnail size-thumbnail wp-post-image\" alt=\"ResInvest - realizace, Web design\" title=\"ResInvest - realizace, Web design\" srcset=\"https:\/\/www.grafique.cz\/wp-content\/uploads\/webdesign-resinvest-ch-2022-09-21-15_31_14-420x826.jpg 420w, https:\/\/www.grafique.cz\/wp-content\/uploads\/webdesign-resinvest-ch-2022-09-21-15_31_14-153x300.jpg 153w, https:\/\/www.grafique.cz\/wp-content\/uploads\/webdesign-resinvest-ch-2022-09-21-15_31_14-768x1510.jpg 768w, https:\/\/www.grafique.cz\/wp-content\/uploads\/webdesign-resinvest-ch-2022-09-21-15_31_14-781x1536.jpg 781w, https:\/\/www.grafique.cz\/wp-content\/uploads\/webdesign-resinvest-ch-2022-09-21-15_31_14-1042x2048.jpg 1042w, https:\/\/www.grafique.cz\/wp-content\/uploads\/webdesign-resinvest-ch-2022-09-21-15_31_14-51x100.jpg 51w, https:\/\/www.grafique.cz\/wp-content\/uploads\/webdesign-resinvest-ch-2022-09-21-15_31_14.jpg 1058w\" sizes=\"(max-width: 420px) 100vw, 420px\" \/><\/a>\n   \t\t\t\t\t\t\t<\/div>\n   \t\t\t\t\t\t   \t\t\t\t\t\t\t\t\t\t\t   \t\t\t\t<\/li>\n   \t\t\t   \t\t\t\t<li class=\"graphic-design-and-corporate-style-brno iso-post\">\n\t\t\t\t\t\t   \t\t\t\t\t<h2 class=\"iso-title\">\n              <a href=\"https:\/\/www.grafique.cz\/en\/projects\/graphic-design-and-corporate-style-brno\/tvorba-loga-zamek-krtiny\/\">\n                Z\u00e1mek K\u0159tiny logo                <span>Logo&amp;Print<\/span>              \n              <\/a>\n            <\/h2>            \n\t\t\t\t\t\t            <time class=\"updated\" datetime=\"2020-07-28T11:34:37+01:00\">07\/2020<\/time>\n   \t\t\t\t\t                               \t\t\t\t\t\t\t<div class=\"iso-thumb\">\n   \t\t\t\t\t\t\t\t<a href=\"https:\/\/www.grafique.cz\/en\/projects\/graphic-design-and-corporate-style-brno\/tvorba-loga-zamek-krtiny\/\"><img decoding=\"async\" width=\"420\" height=\"238\" src=\"https:\/\/www.grafique.cz\/wp-content\/uploads\/ZK_logo-420x238.jpg\" class=\"attachment-thumbnail size-thumbnail wp-post-image\" alt=\"Z\u00e1mek K\u0159tiny logo - realizace, Logo&amp;Print\" title=\"Z\u00e1mek K\u0159tiny logo - realizace, Logo&amp;Print\" srcset=\"https:\/\/www.grafique.cz\/wp-content\/uploads\/ZK_logo-420x238.jpg 420w, https:\/\/www.grafique.cz\/wp-content\/uploads\/ZK_logo-300x170.jpg 300w, https:\/\/www.grafique.cz\/wp-content\/uploads\/ZK_logo-768x436.jpg 768w, https:\/\/www.grafique.cz\/wp-content\/uploads\/ZK_logo-176x100.jpg 176w, https:\/\/www.grafique.cz\/wp-content\/uploads\/ZK_logo.jpg 1340w\" sizes=\"(max-width: 420px) 100vw, 420px\" \/><\/a>\n   \t\t\t\t\t\t\t<\/div>\n   \t\t\t\t\t\t   \t\t\t\t\t\t\t\t\t\t\t   \t\t\t\t<\/li>\n   \t\t\t   \t\t\t\t<li class=\"web-design-brno iso-post\">\n\t\t\t\t\t\t   \t\t\t\t\t<h2 class=\"iso-title\">\n              <a href=\"https:\/\/www.grafique.cz\/en\/projects\/web-design-brno\/tvorba-www-stranek-hotel-sen\/\">\n                Hotel Sen                <span>Web design<\/span>              \n              <\/a>\n            <\/h2>            \n\t\t\t\t\t\t            <time class=\"updated\" datetime=\"2020-09-12T10:55:51+01:00\">09\/2020<\/time>\n   \t\t\t\t\t                               \t\t\t\t\t\t\t<div class=\"iso-thumb\">\n   \t\t\t\t\t\t\t\t<a href=\"https:\/\/www.grafique.cz\/en\/projects\/web-design-brno\/tvorba-www-stranek-hotel-sen\/\"><img decoding=\"async\" width=\"420\" height=\"1593\" src=\"https:\/\/www.grafique.cz\/wp-content\/uploads\/hotel-sen-webdesign-tvorba-webu-1-420x1593.jpg\" class=\"attachment-thumbnail size-thumbnail wp-post-image\" alt=\"Hotel Sen - realizace, Web design\" title=\"Hotel Sen - realizace, Web design\" srcset=\"https:\/\/www.grafique.cz\/wp-content\/uploads\/hotel-sen-webdesign-tvorba-webu-1-420x1593.jpg 420w, https:\/\/www.grafique.cz\/wp-content\/uploads\/hotel-sen-webdesign-tvorba-webu-1-79x300.jpg 79w, https:\/\/www.grafique.cz\/wp-content\/uploads\/hotel-sen-webdesign-tvorba-webu-1-768x2912.jpg 768w, https:\/\/www.grafique.cz\/wp-content\/uploads\/hotel-sen-webdesign-tvorba-webu-1-405x1536.jpg 405w, https:\/\/www.grafique.cz\/wp-content\/uploads\/hotel-sen-webdesign-tvorba-webu-1-540x2048.jpg 540w, https:\/\/www.grafique.cz\/wp-content\/uploads\/hotel-sen-webdesign-tvorba-webu-1-26x100.jpg 26w, https:\/\/www.grafique.cz\/wp-content\/uploads\/hotel-sen-webdesign-tvorba-webu-1.jpg 929w\" sizes=\"(max-width: 420px) 100vw, 420px\" \/><\/a>\n   \t\t\t\t\t\t\t<\/div>\n   \t\t\t\t\t\t   \t\t\t\t\t\t\t\t\t\t\t   \t\t\t\t<\/li>\n   \t\t\t   \t\t\t\t<li class=\"graphic-design-and-corporate-style-brno iso-post\">\n\t\t\t\t\t\t   \t\t\t\t\t<h2 class=\"iso-title\">\n              <a href=\"https:\/\/www.grafique.cz\/en\/projects\/graphic-design-and-corporate-style-brno\/galoty-identity\/\">\n                Galoty identity                <span>Logo&amp;Print<\/span>              \n              <\/a>\n            <\/h2>            \n\t\t\t\t\t\t            <time class=\"updated\" datetime=\"2020-07-28T11:34:37+01:00\">07\/2020<\/time>\n   \t\t\t\t\t                               \t\t\t\t\t\t\t<div class=\"iso-thumb\">\n   \t\t\t\t\t\t\t\t<a href=\"https:\/\/www.grafique.cz\/en\/projects\/graphic-design-and-corporate-style-brno\/galoty-identity\/\"><img decoding=\"async\" width=\"420\" height=\"238\" src=\"https:\/\/www.grafique.cz\/wp-content\/uploads\/galotylogo2-420x238.jpg\" class=\"attachment-thumbnail size-thumbnail wp-post-image\" alt=\"Galoty identity - realizace, Logo&amp;Print\" title=\"Galoty identity - realizace, Logo&amp;Print\" srcset=\"https:\/\/www.grafique.cz\/wp-content\/uploads\/galotylogo2-420x238.jpg 420w, https:\/\/www.grafique.cz\/wp-content\/uploads\/galotylogo2-300x170.jpg 300w, https:\/\/www.grafique.cz\/wp-content\/uploads\/galotylogo2-768x436.jpg 768w, https:\/\/www.grafique.cz\/wp-content\/uploads\/galotylogo2-176x100.jpg 176w, https:\/\/www.grafique.cz\/wp-content\/uploads\/galotylogo2.jpg 1340w\" sizes=\"(max-width: 420px) 100vw, 420px\" \/><\/a>\n   \t\t\t\t\t\t\t<\/div>\n   \t\t\t\t\t\t   \t\t\t\t\t\t\t\t\t\t\t   \t\t\t\t<\/li>\n   \t\t\t   \t\t\t\t<li class=\"web-design-brno iso-post\">\n\t\t\t\t\t\t   \t\t\t\t\t<h2 class=\"iso-title\">\n              <a href=\"https:\/\/www.grafique.cz\/en\/projects\/web-design-brno\/progresus-holding\/\">\n                Progresus Holding                <span>Web design<\/span>              \n              <\/a>\n            <\/h2>            \n\t\t\t\t\t\t            <time class=\"updated\" datetime=\"2022-09-24T10:14:07+01:00\">09\/2022<\/time>\n   \t\t\t\t\t                               \t\t\t\t\t\t\t<div class=\"iso-thumb\">\n   \t\t\t\t\t\t\t\t<a href=\"https:\/\/www.grafique.cz\/en\/projects\/web-design-brno\/progresus-holding\/\"><img decoding=\"async\" width=\"420\" height=\"2743\" src=\"https:\/\/www.grafique.cz\/wp-content\/uploads\/progresus-tvorba-www-brno-420x2743.jpg\" class=\"attachment-thumbnail size-thumbnail wp-post-image\" alt=\"Progresus Holding - realizace, Web design\" title=\"Progresus Holding - realizace, Web design\" srcset=\"https:\/\/www.grafique.cz\/wp-content\/uploads\/progresus-tvorba-www-brno-420x2743.jpg 420w, https:\/\/www.grafique.cz\/wp-content\/uploads\/progresus-tvorba-www-brno-46x300.jpg 46w, https:\/\/www.grafique.cz\/wp-content\/uploads\/progresus-tvorba-www-brno-768x5016.jpg 768w, https:\/\/www.grafique.cz\/wp-content\/uploads\/progresus-tvorba-www-brno-235x1536.jpg 235w, https:\/\/www.grafique.cz\/wp-content\/uploads\/progresus-tvorba-www-brno.jpg 980w\" sizes=\"(max-width: 420px) 100vw, 420px\" \/><\/a>\n   \t\t\t\t\t\t\t<\/div>\n   \t\t\t\t\t\t   \t\t\t\t\t\t\t\t\t\t\t   \t\t\t\t<\/li>\n   \t\t\t   \t\t\t\t<li class=\"web-design-brno iso-post\">\n\t\t\t\t\t\t   \t\t\t\t\t<h2 class=\"iso-title\">\n              <a href=\"https:\/\/www.grafique.cz\/en\/projects\/web-design-brno\/progresus-business-development-tvorba-www\/\">\n                PROGRESUS Business Development                <span>Web design<\/span>              \n              <\/a>\n            <\/h2>            \n\t\t\t\t\t\t            <time class=\"updated\" datetime=\"2022-09-24T10:23:48+01:00\">09\/2022<\/time>\n   \t\t\t\t\t                               \t\t\t\t\t\t\t<div class=\"iso-thumb\">\n   \t\t\t\t\t\t\t\t<a href=\"https:\/\/www.grafique.cz\/en\/projects\/web-design-brno\/progresus-business-development-tvorba-www\/\"><img decoding=\"async\" width=\"420\" height=\"938\" src=\"https:\/\/www.grafique.cz\/wp-content\/uploads\/progresus-bd-tvorba-webu_0-420x938.jpg\" class=\"attachment-thumbnail size-thumbnail wp-post-image\" alt=\"PROGRESUS Business Development - realizace, Web design\" title=\"PROGRESUS Business Development - realizace, Web design\" srcset=\"https:\/\/www.grafique.cz\/wp-content\/uploads\/progresus-bd-tvorba-webu_0-420x938.jpg 420w, https:\/\/www.grafique.cz\/wp-content\/uploads\/progresus-bd-tvorba-webu_0-134x300.jpg 134w, https:\/\/www.grafique.cz\/wp-content\/uploads\/progresus-bd-tvorba-webu_0-1340x2994.jpg 1340w, https:\/\/www.grafique.cz\/wp-content\/uploads\/progresus-bd-tvorba-webu_0-768x1716.jpg 768w, https:\/\/www.grafique.cz\/wp-content\/uploads\/progresus-bd-tvorba-webu_0-688x1536.jpg 688w, https:\/\/www.grafique.cz\/wp-content\/uploads\/progresus-bd-tvorba-webu_0-917x2048.jpg 917w, https:\/\/www.grafique.cz\/wp-content\/uploads\/progresus-bd-tvorba-webu_0-45x100.jpg 45w\" sizes=\"(max-width: 420px) 100vw, 420px\" \/><\/a>\n   \t\t\t\t\t\t\t<\/div>\n   \t\t\t\t\t\t   \t\t\t\t\t\t\t\t\t\t\t   \t\t\t\t<\/li>\n   \t\t\t   \t\t\t\t<li class=\"web-design-brno iso-post\">\n\t\t\t\t\t\t   \t\t\t\t\t<h2 class=\"iso-title\">\n              <a href=\"https:\/\/www.grafique.cz\/en\/projects\/web-design-brno\/tvorba-webovych-stranek-progresus-it\/\">\n                Progresus IT                <span>Web design<\/span>              \n              <\/a>\n            <\/h2>            \n\t\t\t\t\t\t            <time class=\"updated\" datetime=\"2022-09-21T12:06:41+01:00\">09\/2022<\/time>\n   \t\t\t\t\t                               \t\t\t\t\t\t\t<div class=\"iso-thumb\">\n   \t\t\t\t\t\t\t\t<a href=\"https:\/\/www.grafique.cz\/en\/projects\/web-design-brno\/tvorba-webovych-stranek-progresus-it\/\"><img decoding=\"async\" width=\"420\" height=\"266\" src=\"https:\/\/www.grafique.cz\/wp-content\/uploads\/progresus-it-webdesign-tvorba-webu-2-420x266.jpg\" class=\"attachment-thumbnail size-thumbnail wp-post-image\" alt=\"Progresus IT - realizace, Web design\" title=\"Progresus IT - realizace, Web design\" srcset=\"https:\/\/www.grafique.cz\/wp-content\/uploads\/progresus-it-webdesign-tvorba-webu-2-420x266.jpg 420w, https:\/\/www.grafique.cz\/wp-content\/uploads\/progresus-it-webdesign-tvorba-webu-2-300x190.jpg 300w, https:\/\/www.grafique.cz\/wp-content\/uploads\/progresus-it-webdesign-tvorba-webu-2-768x487.jpg 768w, https:\/\/www.grafique.cz\/wp-content\/uploads\/progresus-it-webdesign-tvorba-webu-2-158x100.jpg 158w, https:\/\/www.grafique.cz\/wp-content\/uploads\/progresus-it-webdesign-tvorba-webu-2.jpg 980w\" sizes=\"(max-width: 420px) 100vw, 420px\" \/><\/a>\n   \t\t\t\t\t\t\t<\/div>\n   \t\t\t\t\t\t   \t\t\t\t\t\t\t\t\t\t\t   \t\t\t\t<\/li>\n   \t\t\t   \t\t\t\t<li class=\"web-design-brno iso-post\">\n\t\t\t\t\t\t   \t\t\t\t\t<h2 class=\"iso-title\">\n              <a href=\"https:\/\/www.grafique.cz\/en\/projects\/web-design-brno\/arboretum-krtiny\/\">\n                Arboretum K\u0159tiny                <span>Web design<\/span>              \n              <\/a>\n            <\/h2>            \n\t\t\t\t\t\t            <time class=\"updated\" datetime=\"2022-09-21T16:25:31+01:00\">09\/2022<\/time>\n   \t\t\t\t\t                               \t\t\t\t\t\t\t<div class=\"iso-thumb\">\n   \t\t\t\t\t\t\t\t<a href=\"https:\/\/www.grafique.cz\/en\/projects\/web-design-brno\/arboretum-krtiny\/\"><img decoding=\"async\" width=\"420\" height=\"1369\" src=\"https:\/\/www.grafique.cz\/wp-content\/uploads\/arboretum-krtiny-webdesign-tvorba-webu-5-420x1369.jpg\" class=\"attachment-thumbnail size-thumbnail wp-post-image\" alt=\"Arboretum K\u0159tiny - realizace, Web design\" title=\"Arboretum K\u0159tiny - realizace, Web design\" srcset=\"https:\/\/www.grafique.cz\/wp-content\/uploads\/arboretum-krtiny-webdesign-tvorba-webu-5-420x1369.jpg 420w, https:\/\/www.grafique.cz\/wp-content\/uploads\/arboretum-krtiny-webdesign-tvorba-webu-5-92x300.jpg 92w, https:\/\/www.grafique.cz\/wp-content\/uploads\/arboretum-krtiny-webdesign-tvorba-webu-5-768x2504.jpg 768w, https:\/\/www.grafique.cz\/wp-content\/uploads\/arboretum-krtiny-webdesign-tvorba-webu-5-471x1536.jpg 471w, https:\/\/www.grafique.cz\/wp-content\/uploads\/arboretum-krtiny-webdesign-tvorba-webu-5-628x2048.jpg 628w, https:\/\/www.grafique.cz\/wp-content\/uploads\/arboretum-krtiny-webdesign-tvorba-webu-5-31x100.jpg 31w, https:\/\/www.grafique.cz\/wp-content\/uploads\/arboretum-krtiny-webdesign-tvorba-webu-5.jpg 1083w\" sizes=\"(max-width: 420px) 100vw, 420px\" \/><\/a>\n   \t\t\t\t\t\t\t<\/div>\n   \t\t\t\t\t\t   \t\t\t\t\t\t\t\t\t\t\t   \t\t\t\t<\/li>\n   \t\t\t   \t\t\t\t<li class=\"web-design-brno iso-post\">\n\t\t\t\t\t\t   \t\t\t\t\t<h2 class=\"iso-title\">\n              <a href=\"https:\/\/www.grafique.cz\/en\/projects\/web-design-brno\/kovany-design\/\">\n                Kovan\u00fd design                <span>Web design<\/span>              \n              <\/a>\n            <\/h2>            \n\t\t\t\t\t\t            <time class=\"updated\" datetime=\"2022-09-23T12:10:40+01:00\">09\/2022<\/time>\n   \t\t\t\t\t                               \t\t\t\t\t\t\t<div class=\"iso-thumb\">\n   \t\t\t\t\t\t\t\t<a href=\"https:\/\/www.grafique.cz\/en\/projects\/web-design-brno\/kovany-design\/\"><img decoding=\"async\" width=\"420\" height=\"997\" src=\"https:\/\/www.grafique.cz\/wp-content\/uploads\/kovany-design-tvorba-webu-brno_4-420x997.jpg\" class=\"attachment-thumbnail size-thumbnail wp-post-image\" alt=\"Kovan\u00fd design - realizace, Web design\" title=\"Kovan\u00fd design - realizace, Web design\" srcset=\"https:\/\/www.grafique.cz\/wp-content\/uploads\/kovany-design-tvorba-webu-brno_4-420x997.jpg 420w, https:\/\/www.grafique.cz\/wp-content\/uploads\/kovany-design-tvorba-webu-brno_4-126x300.jpg 126w, https:\/\/www.grafique.cz\/wp-content\/uploads\/kovany-design-tvorba-webu-brno_4-768x1823.jpg 768w, https:\/\/www.grafique.cz\/wp-content\/uploads\/kovany-design-tvorba-webu-brno_4-647x1536.jpg 647w, https:\/\/www.grafique.cz\/wp-content\/uploads\/kovany-design-tvorba-webu-brno_4-863x2048.jpg 863w, https:\/\/www.grafique.cz\/wp-content\/uploads\/kovany-design-tvorba-webu-brno_4-42x100.jpg 42w, https:\/\/www.grafique.cz\/wp-content\/uploads\/kovany-design-tvorba-webu-brno_4.jpg 1064w\" sizes=\"(max-width: 420px) 100vw, 420px\" \/><\/a>\n   \t\t\t\t\t\t\t<\/div>\n   \t\t\t\t\t\t   \t\t\t\t\t\t\t\t\t\t\t   \t\t\t\t<\/li>\n   \t\t\t   \t\t\t\t<li class=\"web-design-brno iso-post\">\n\t\t\t\t\t\t   \t\t\t\t\t<h2 class=\"iso-title\">\n              <a href=\"https:\/\/www.grafique.cz\/en\/projects\/web-design-brno\/rezindence-svratka\/\">\n                Rezindence Svratka                <span>Web design<\/span>              \n              <\/a>\n            <\/h2>            \n\t\t\t\t\t\t            <time class=\"updated\" datetime=\"2022-09-21T10:16:36+01:00\">09\/2022<\/time>\n   \t\t\t\t\t                               \t\t\t\t\t\t\t<div class=\"iso-thumb\">\n   \t\t\t\t\t\t\t\t<a href=\"https:\/\/www.grafique.cz\/en\/projects\/web-design-brno\/rezindence-svratka\/\"><img decoding=\"async\" width=\"420\" height=\"1302\" src=\"https:\/\/www.grafique.cz\/wp-content\/uploads\/residence-svratka-tvorba-webovych-stranek-brno_1-1-420x1302.jpg\" class=\"attachment-thumbnail size-thumbnail wp-post-image\" alt=\"Rezindence Svratka - realizace, Web design\" title=\"Rezindence Svratka - realizace, Web design\" srcset=\"https:\/\/www.grafique.cz\/wp-content\/uploads\/residence-svratka-tvorba-webovych-stranek-brno_1-1-420x1302.jpg 420w, https:\/\/www.grafique.cz\/wp-content\/uploads\/residence-svratka-tvorba-webovych-stranek-brno_1-1-97x300.jpg 97w, https:\/\/www.grafique.cz\/wp-content\/uploads\/residence-svratka-tvorba-webovych-stranek-brno_1-1-768x2382.jpg 768w, https:\/\/www.grafique.cz\/wp-content\/uploads\/residence-svratka-tvorba-webovych-stranek-brno_1-1-495x1536.jpg 495w, https:\/\/www.grafique.cz\/wp-content\/uploads\/residence-svratka-tvorba-webovych-stranek-brno_1-1-660x2048.jpg 660w, https:\/\/www.grafique.cz\/wp-content\/uploads\/residence-svratka-tvorba-webovych-stranek-brno_1-1-32x100.jpg 32w, https:\/\/www.grafique.cz\/wp-content\/uploads\/residence-svratka-tvorba-webovych-stranek-brno_1-1.jpg 960w\" sizes=\"(max-width: 420px) 100vw, 420px\" \/><\/a>\n   \t\t\t\t\t\t\t<\/div>\n   \t\t\t\t\t\t   \t\t\t\t\t\t\t\t\t\t\t   \t\t\t\t<\/li>\n   \t\t\t   \t\t\t\t<li class=\"web-design-brno iso-post\">\n\t\t\t\t\t\t   \t\t\t\t\t<h2 class=\"iso-title\">\n              <a href=\"https:\/\/www.grafique.cz\/en\/projects\/web-design-brno\/iva-bittova-official-website\/\">\n                Iva Bittov\u00e1 &#8211; official website                <span>Web design<\/span>              \n              <\/a>\n            <\/h2>            \n\t\t\t\t\t\t            <time class=\"updated\" datetime=\"2020-03-12T10:31:31+01:00\">03\/2020<\/time>\n   \t\t\t\t\t                               \t\t\t\t\t\t\t<div class=\"iso-thumb\">\n   \t\t\t\t\t\t\t\t<a href=\"https:\/\/www.grafique.cz\/en\/projects\/web-design-brno\/iva-bittova-official-website\/\"><img decoding=\"async\" width=\"420\" height=\"854\" src=\"https:\/\/www.grafique.cz\/wp-content\/uploads\/tvorba-webu-brno-iva-bittova-webdesign-homepage-420x854.jpg\" class=\"attachment-thumbnail size-thumbnail wp-post-image\" alt=\"Iva Bittov\u00e1 &#8211; official website - realizace, Web design\" title=\"Iva Bittov\u00e1 &#8211; official website - realizace, Web design\" srcset=\"https:\/\/www.grafique.cz\/wp-content\/uploads\/tvorba-webu-brno-iva-bittova-webdesign-homepage-420x854.jpg 420w, https:\/\/www.grafique.cz\/wp-content\/uploads\/tvorba-webu-brno-iva-bittova-webdesign-homepage-148x300.jpg 148w, https:\/\/www.grafique.cz\/wp-content\/uploads\/tvorba-webu-brno-iva-bittova-webdesign-homepage-768x1561.jpg 768w, https:\/\/www.grafique.cz\/wp-content\/uploads\/tvorba-webu-brno-iva-bittova-webdesign-homepage-1340x2724.jpg 1340w, https:\/\/www.grafique.cz\/wp-content\/uploads\/tvorba-webu-brno-iva-bittova-webdesign-homepage-756x1536.jpg 756w, https:\/\/www.grafique.cz\/wp-content\/uploads\/tvorba-webu-brno-iva-bittova-webdesign-homepage-1008x2048.jpg 1008w, https:\/\/www.grafique.cz\/wp-content\/uploads\/tvorba-webu-brno-iva-bittova-webdesign-homepage-49x100.jpg 49w, https:\/\/www.grafique.cz\/wp-content\/uploads\/tvorba-webu-brno-iva-bittova-webdesign-homepage.jpg 1632w\" sizes=\"(max-width: 420px) 100vw, 420px\" \/><\/a>\n   \t\t\t\t\t\t\t<\/div>\n   \t\t\t\t\t\t   \t\t\t\t\t\t\t\t\t\t\t   \t\t\t\t<\/li>\n   \t\t\t   \t\t\t\t<li class=\"web-design-brno iso-post\">\n\t\t\t\t\t\t   \t\t\t\t\t<h2 class=\"iso-title\">\n              <a href=\"https:\/\/www.grafique.cz\/en\/projects\/web-design-brno\/ep-real-estate\/\">\n                EP Real Estate                <span>Web design<\/span>              \n              <\/a>\n            <\/h2>            \n\t\t\t\t\t\t            <time class=\"updated\" datetime=\"2022-09-21T15:39:24+01:00\">09\/2022<\/time>\n   \t\t\t\t\t                               \t\t\t\t\t\t\t<div class=\"iso-thumb\">\n   \t\t\t\t\t\t\t\t<a href=\"https:\/\/www.grafique.cz\/en\/projects\/web-design-brno\/ep-real-estate\/\"><img decoding=\"async\" width=\"420\" height=\"647\" src=\"https:\/\/www.grafique.cz\/wp-content\/uploads\/epre-3-tvorba-webovych-stranek-420x647.jpg\" class=\"attachment-thumbnail size-thumbnail wp-post-image\" alt=\"EP Real Estate - realizace, Web design\" title=\"EP Real Estate - realizace, Web design\" srcset=\"https:\/\/www.grafique.cz\/wp-content\/uploads\/epre-3-tvorba-webovych-stranek-420x647.jpg 420w, https:\/\/www.grafique.cz\/wp-content\/uploads\/epre-3-tvorba-webovych-stranek-195x300.jpg 195w, https:\/\/www.grafique.cz\/wp-content\/uploads\/epre-3-tvorba-webovych-stranek-768x1183.jpg 768w, https:\/\/www.grafique.cz\/wp-content\/uploads\/epre-3-tvorba-webovych-stranek-997x1536.jpg 997w, https:\/\/www.grafique.cz\/wp-content\/uploads\/epre-3-tvorba-webovych-stranek-65x100.jpg 65w, https:\/\/www.grafique.cz\/wp-content\/uploads\/epre-3-tvorba-webovych-stranek.jpg 1064w\" sizes=\"(max-width: 420px) 100vw, 420px\" \/><\/a>\n   \t\t\t\t\t\t\t<\/div>\n   \t\t\t\t\t\t   \t\t\t\t\t\t\t\t\t\t\t   \t\t\t\t<\/li>\n   \t\t\t   \t\t\t\t<li class=\"web-design-brno iso-post\">\n\t\t\t\t\t\t   \t\t\t\t\t<h2 class=\"iso-title\">\n              <a href=\"https:\/\/www.grafique.cz\/en\/projects\/web-design-brno\/hotel-maximus-resort\/\">\n                Hotel Maximus Resort                <span>Web design<\/span>              \n              <\/a>\n            <\/h2>            \n\t\t\t\t\t\t            <time class=\"updated\" datetime=\"2020-03-12T10:06:03+01:00\">03\/2020<\/time>\n   \t\t\t\t\t                               \t\t\t\t\t\t\t<div class=\"iso-thumb\">\n   \t\t\t\t\t\t\t\t<a href=\"https:\/\/www.grafique.cz\/en\/projects\/web-design-brno\/hotel-maximus-resort\/\"><img decoding=\"async\" width=\"420\" height=\"1713\" src=\"https:\/\/www.grafique.cz\/wp-content\/uploads\/tvorba-webovych-stranek-hotel-maximus-resort-brno-1-420x1713.jpg\" class=\"attachment-thumbnail size-thumbnail wp-post-image\" alt=\"Hotel Maximus Resort - realizace, Web design\" title=\"Hotel Maximus Resort - realizace, Web design\" srcset=\"https:\/\/www.grafique.cz\/wp-content\/uploads\/tvorba-webovych-stranek-hotel-maximus-resort-brno-1-420x1713.jpg 420w, https:\/\/www.grafique.cz\/wp-content\/uploads\/tvorba-webovych-stranek-hotel-maximus-resort-brno-1-768x3133.jpg 768w, https:\/\/www.grafique.cz\/wp-content\/uploads\/tvorba-webovych-stranek-hotel-maximus-resort-brno-1-1340x5467.jpg 1340w, https:\/\/www.grafique.cz\/wp-content\/uploads\/tvorba-webovych-stranek-hotel-maximus-resort-brno-1.jpg 1620w\" sizes=\"(max-width: 420px) 100vw, 420px\" \/><\/a>\n   \t\t\t\t\t\t\t<\/div>\n   \t\t\t\t\t\t   \t\t\t\t\t\t\t\t\t\t\t   \t\t\t\t<\/li>\n   \t\t\t   \t\t\t\t<li class=\"web-design-brno iso-post\">\n\t\t\t\t\t\t   \t\t\t\t\t<h2 class=\"iso-title\">\n              <a href=\"https:\/\/www.grafique.cz\/en\/projects\/web-design-brno\/landr-company\/\">\n                Landr company                <span>Web design<\/span>              \n              <\/a>\n            <\/h2>            \n\t\t\t\t\t\t            <time class=\"updated\" datetime=\"2020-03-12T11:13:27+01:00\">03\/2020<\/time>\n   \t\t\t\t\t                               \t\t\t\t\t\t\t<div class=\"iso-thumb\">\n   \t\t\t\t\t\t\t\t<a href=\"https:\/\/www.grafique.cz\/en\/projects\/web-design-brno\/landr-company\/\"><img decoding=\"async\" width=\"420\" height=\"1177\" src=\"https:\/\/www.grafique.cz\/wp-content\/uploads\/FireShot-Capture-001-HlavniI\u0300\u0081-straI\u0300\u0081nka-LR-Company-https___www.landrcompany.cz_-1340x3754-1-420x1177.jpg\" class=\"attachment-thumbnail size-thumbnail wp-post-image\" alt=\"Landr company - realizace, Web design\" title=\"Landr company - realizace, Web design\" srcset=\"https:\/\/www.grafique.cz\/wp-content\/uploads\/FireShot-Capture-001-HlavniI\u0300\u0081-straI\u0300\u0081nka-LR-Company-https___www.landrcompany.cz_-1340x3754-1-420x1177.jpg 420w, https:\/\/www.grafique.cz\/wp-content\/uploads\/FireShot-Capture-001-HlavniI\u0300\u0081-straI\u0300\u0081nka-LR-Company-https___www.landrcompany.cz_-1340x3754-1-107x300.jpg 107w, https:\/\/www.grafique.cz\/wp-content\/uploads\/FireShot-Capture-001-HlavniI\u0300\u0081-straI\u0300\u0081nka-LR-Company-https___www.landrcompany.cz_-1340x3754-1-768x2152.jpg 768w, https:\/\/www.grafique.cz\/wp-content\/uploads\/FireShot-Capture-001-HlavniI\u0300\u0081-straI\u0300\u0081nka-LR-Company-https___www.landrcompany.cz_-1340x3754-1-548x1536.jpg 548w, https:\/\/www.grafique.cz\/wp-content\/uploads\/FireShot-Capture-001-HlavniI\u0300\u0081-straI\u0300\u0081nka-LR-Company-https___www.landrcompany.cz_-1340x3754-1-731x2048.jpg 731w, https:\/\/www.grafique.cz\/wp-content\/uploads\/FireShot-Capture-001-HlavniI\u0300\u0081-straI\u0300\u0081nka-LR-Company-https___www.landrcompany.cz_-1340x3754-1-36x100.jpg 36w, https:\/\/www.grafique.cz\/wp-content\/uploads\/FireShot-Capture-001-HlavniI\u0300\u0081-straI\u0300\u0081nka-LR-Company-https___www.landrcompany.cz_-1340x3754-1.jpg 1340w\" sizes=\"(max-width: 420px) 100vw, 420px\" \/><\/a>\n   \t\t\t\t\t\t\t<\/div>\n   \t\t\t\t\t\t   \t\t\t\t\t\t\t\t\t\t\t   \t\t\t\t<\/li>\n   \t\t\t   \t\t\t\t<li class=\"web-design-brno iso-post\">\n\t\t\t\t\t\t   \t\t\t\t\t<h2 class=\"iso-title\">\n              <a href=\"https:\/\/www.grafique.cz\/en\/projects\/web-design-brno\/block-33\/\">\n                Block 33                <span>Web design<\/span>              \n              <\/a>\n            <\/h2>            \n\t\t\t\t\t\t            <time class=\"updated\" datetime=\"2020-07-28T11:34:38+01:00\">07\/2020<\/time>\n   \t\t\t\t\t                               \t\t\t\t\t\t\t<div class=\"iso-thumb\">\n   \t\t\t\t\t\t\t\t<a href=\"https:\/\/www.grafique.cz\/en\/projects\/web-design-brno\/block-33\/\"><img decoding=\"async\" width=\"420\" height=\"237\" src=\"https:\/\/www.grafique.cz\/wp-content\/uploads\/b33-tvorba-www-stranek-brno-420x237.jpg\" class=\"attachment-thumbnail size-thumbnail wp-post-image\" alt=\"Block 33 - realizace, Web design\" title=\"Block 33 - realizace, Web design\" srcset=\"https:\/\/www.grafique.cz\/wp-content\/uploads\/b33-tvorba-www-stranek-brno-420x237.jpg 420w, https:\/\/www.grafique.cz\/wp-content\/uploads\/b33-tvorba-www-stranek-brno-300x169.jpg 300w, https:\/\/www.grafique.cz\/wp-content\/uploads\/b33-tvorba-www-stranek-brno-768x433.jpg 768w, https:\/\/www.grafique.cz\/wp-content\/uploads\/b33-tvorba-www-stranek-brno-1340x755.jpg 1340w, https:\/\/www.grafique.cz\/wp-content\/uploads\/b33-tvorba-www-stranek-brno-1536x866.jpg 1536w, https:\/\/www.grafique.cz\/wp-content\/uploads\/b33-tvorba-www-stranek-brno-177x100.jpg 177w, https:\/\/www.grafique.cz\/wp-content\/uploads\/b33-tvorba-www-stranek-brno.jpg 1920w\" sizes=\"(max-width: 420px) 100vw, 420px\" \/><\/a>\n   \t\t\t\t\t\t\t<\/div>\n   \t\t\t\t\t\t   \t\t\t\t\t\t\t\t\t\t\t   \t\t\t\t<\/li>\n   \t\t\t   \t\t\t\t<li class=\"web-design-brno iso-post\">\n\t\t\t\t\t\t   \t\t\t\t\t<h2 class=\"iso-title\">\n              <a href=\"https:\/\/www.grafique.cz\/en\/projects\/web-design-brno\/website-design-fsc-poznejdrevo\/\">\n                FSC &#8211; Poznej drevo                <span>Web design<\/span>              \n              <\/a>\n            <\/h2>            \n\t\t\t\t\t\t            <time class=\"updated\" datetime=\"2020-03-12T10:36:48+01:00\">03\/2020<\/time>\n   \t\t\t\t\t                               \t\t\t\t\t\t\t<div class=\"iso-thumb\">\n   \t\t\t\t\t\t\t\t<a href=\"https:\/\/www.grafique.cz\/en\/projects\/web-design-brno\/website-design-fsc-poznejdrevo\/\"><img decoding=\"async\" width=\"420\" height=\"955\" src=\"https:\/\/www.grafique.cz\/wp-content\/uploads\/FSC_web_uvodni-stranka-420x955.jpg\" class=\"attachment-thumbnail size-thumbnail wp-post-image\" alt=\"FSC &#8211; Poznej drevo - realizace, Web design\" title=\"FSC &#8211; Poznej drevo - realizace, Web design\" srcset=\"https:\/\/www.grafique.cz\/wp-content\/uploads\/FSC_web_uvodni-stranka-420x955.jpg 420w, https:\/\/www.grafique.cz\/wp-content\/uploads\/FSC_web_uvodni-stranka-132x300.jpg 132w, https:\/\/www.grafique.cz\/wp-content\/uploads\/FSC_web_uvodni-stranka-768x1746.jpg 768w, https:\/\/www.grafique.cz\/wp-content\/uploads\/FSC_web_uvodni-stranka-1340x3046.jpg 1340w, https:\/\/www.grafique.cz\/wp-content\/uploads\/FSC_web_uvodni-stranka-676x1536.jpg 676w, https:\/\/www.grafique.cz\/wp-content\/uploads\/FSC_web_uvodni-stranka-44x100.jpg 44w, https:\/\/www.grafique.cz\/wp-content\/uploads\/FSC_web_uvodni-stranka.jpg 1920w\" sizes=\"(max-width: 420px) 100vw, 420px\" \/><\/a>\n   \t\t\t\t\t\t\t<\/div>\n   \t\t\t\t\t\t   \t\t\t\t\t\t\t\t\t\t\t   \t\t\t\t<\/li>\n   \t\t\t   \t\t\t\t<li class=\"web-design-brno iso-post\">\n\t\t\t\t\t\t   \t\t\t\t\t<h2 class=\"iso-title\">\n              <a href=\"https:\/\/www.grafique.cz\/en\/projects\/web-design-brno\/kernun-edu-web-design\/\">\n                Kernun EDU                <span>Web design<\/span>              \n              <\/a>\n            <\/h2>            \n\t\t\t\t\t\t            <time class=\"updated\" datetime=\"2020-03-12T10:33:57+01:00\">03\/2020<\/time>\n   \t\t\t\t\t                               \t\t\t\t\t\t\t<div class=\"iso-thumb\">\n   \t\t\t\t\t\t\t\t<a href=\"https:\/\/www.grafique.cz\/en\/projects\/web-design-brno\/kernun-edu-web-design\/\"><img decoding=\"async\" width=\"420\" height=\"1908\" src=\"https:\/\/www.grafique.cz\/wp-content\/uploads\/kernun_edu-420x1908.jpg\" class=\"attachment-thumbnail size-thumbnail wp-post-image\" alt=\"Kernun EDU - realizace, Web design\" title=\"Kernun EDU - realizace, Web design\" srcset=\"https:\/\/www.grafique.cz\/wp-content\/uploads\/kernun_edu-420x1908.jpg 420w, https:\/\/www.grafique.cz\/wp-content\/uploads\/kernun_edu-66x300.jpg 66w, https:\/\/www.grafique.cz\/wp-content\/uploads\/kernun_edu-768x3490.jpg 768w, https:\/\/www.grafique.cz\/wp-content\/uploads\/kernun_edu-1340x6089.jpg 1340w, https:\/\/www.grafique.cz\/wp-content\/uploads\/kernun_edu-338x1536.jpg 338w, https:\/\/www.grafique.cz\/wp-content\/uploads\/kernun_edu-451x2048.jpg 451w, https:\/\/www.grafique.cz\/wp-content\/uploads\/kernun_edu-22x100.jpg 22w, https:\/\/www.grafique.cz\/wp-content\/uploads\/kernun_edu.jpg 1920w\" sizes=\"(max-width: 420px) 100vw, 420px\" \/><\/a>\n   \t\t\t\t\t\t\t<\/div>\n   \t\t\t\t\t\t   \t\t\t\t\t\t\t\t\t\t\t   \t\t\t\t<\/li>\n   \t\t\t   \t\t\t\t<li class=\"web-design-brno iso-post\">\n\t\t\t\t\t\t   \t\t\t\t\t<h2 class=\"iso-title\">\n              <a href=\"https:\/\/www.grafique.cz\/en\/projects\/web-design-brno\/tvorba-webu-sudop-brno\/\">\n                Sudop Brno                <span>Web design<\/span>              \n              <\/a>\n            <\/h2>            \n\t\t\t\t\t\t            <time class=\"updated\" datetime=\"2020-07-28T11:34:38+01:00\">07\/2020<\/time>\n   \t\t\t\t\t                               \t\t\t\t\t\t\t<div class=\"iso-thumb\">\n   \t\t\t\t\t\t\t\t<a href=\"https:\/\/www.grafique.cz\/en\/projects\/web-design-brno\/tvorba-webu-sudop-brno\/\"><img decoding=\"async\" width=\"420\" height=\"2270\" src=\"https:\/\/www.grafique.cz\/wp-content\/uploads\/SUDOPweb1-420x2270.jpg\" class=\"attachment-thumbnail size-thumbnail wp-post-image\" alt=\"Sudop Brno - realizace, Web design\" title=\"Sudop Brno - realizace, Web design\" srcset=\"https:\/\/www.grafique.cz\/wp-content\/uploads\/SUDOPweb1-420x2270.jpg 420w, https:\/\/www.grafique.cz\/wp-content\/uploads\/SUDOPweb1-768x4152.jpg 768w, https:\/\/www.grafique.cz\/wp-content\/uploads\/SUDOPweb1-1340x7244.jpg 1340w, https:\/\/www.grafique.cz\/wp-content\/uploads\/SUDOPweb1-284x1536.jpg 284w, https:\/\/www.grafique.cz\/wp-content\/uploads\/SUDOPweb1-379x2048.jpg 379w, https:\/\/www.grafique.cz\/wp-content\/uploads\/SUDOPweb1.jpg 1515w\" sizes=\"(max-width: 420px) 100vw, 420px\" \/><\/a>\n   \t\t\t\t\t\t\t<\/div>\n   \t\t\t\t\t\t   \t\t\t\t\t\t\t\t\t\t\t   \t\t\t\t<\/li>\n   \t\t\t   \t\t\t\t<li class=\"web-design-brno iso-post\">\n\t\t\t\t\t\t   \t\t\t\t\t<h2 class=\"iso-title\">\n              <a href=\"https:\/\/www.grafique.cz\/en\/projects\/web-design-brno\/realizace-webu-mediaport-solutions\/\">\n                Mediaport solutions                <span>Web design<\/span>              \n              <\/a>\n            <\/h2>            \n\t\t\t\t\t\t            <time class=\"updated\" datetime=\"2020-07-28T11:34:38+01:00\">07\/2020<\/time>\n   \t\t\t\t\t                               \t\t\t\t\t\t\t<div class=\"iso-thumb\">\n   \t\t\t\t\t\t\t\t<a href=\"https:\/\/www.grafique.cz\/en\/projects\/web-design-brno\/realizace-webu-mediaport-solutions\/\"><img decoding=\"async\" width=\"420\" height=\"1139\" src=\"https:\/\/www.grafique.cz\/wp-content\/uploads\/MPS_web1-420x1139.jpg\" class=\"attachment-thumbnail size-thumbnail wp-post-image\" alt=\"Mediaport solutions - realizace, Web design\" title=\"Mediaport solutions - realizace, Web design\" srcset=\"https:\/\/www.grafique.cz\/wp-content\/uploads\/MPS_web1-420x1139.jpg 420w, https:\/\/www.grafique.cz\/wp-content\/uploads\/MPS_web1-111x300.jpg 111w, https:\/\/www.grafique.cz\/wp-content\/uploads\/MPS_web1-768x2084.jpg 768w, https:\/\/www.grafique.cz\/wp-content\/uploads\/MPS_web1-1340x3635.jpg 1340w, https:\/\/www.grafique.cz\/wp-content\/uploads\/MPS_web1-566x1536.jpg 566w, https:\/\/www.grafique.cz\/wp-content\/uploads\/MPS_web1-755x2048.jpg 755w, https:\/\/www.grafique.cz\/wp-content\/uploads\/MPS_web1-37x100.jpg 37w, https:\/\/www.grafique.cz\/wp-content\/uploads\/MPS_web1.jpg 1920w\" sizes=\"(max-width: 420px) 100vw, 420px\" \/><\/a>\n   \t\t\t\t\t\t\t<\/div>\n   \t\t\t\t\t\t   \t\t\t\t\t\t\t\t\t\t\t   \t\t\t\t<\/li>\n   \t\t\t   \t\t\t\t<li class=\"graphic-design-and-corporate-style-brno iso-post\">\n\t\t\t\t\t\t   \t\t\t\t\t<h2 class=\"iso-title\">\n              <a href=\"https:\/\/www.grafique.cz\/en\/projects\/graphic-design-and-corporate-style-brno\/isfg\/\">\n                ISFG                <span>Logo&amp;Print<\/span>              \n              <\/a>\n            <\/h2>            \n\t\t\t\t\t\t            <time class=\"updated\" datetime=\"2020-07-28T11:34:37+01:00\">07\/2020<\/time>\n   \t\t\t\t\t                               \t\t\t\t\t\t\t<div class=\"iso-thumb\">\n   \t\t\t\t\t\t\t\t<a href=\"https:\/\/www.grafique.cz\/en\/projects\/graphic-design-and-corporate-style-brno\/isfg\/\"><img decoding=\"async\" width=\"420\" height=\"236\" src=\"https:\/\/www.grafique.cz\/wp-content\/uploads\/isfg_vizitky-420x236.jpg\" class=\"attachment-thumbnail size-thumbnail wp-post-image\" alt=\"ISFG - realizace, Logo&amp;Print\" title=\"ISFG - realizace, Logo&amp;Print\" srcset=\"https:\/\/www.grafique.cz\/wp-content\/uploads\/isfg_vizitky-420x236.jpg 420w, https:\/\/www.grafique.cz\/wp-content\/uploads\/isfg_vizitky-300x169.jpg 300w, https:\/\/www.grafique.cz\/wp-content\/uploads\/isfg_vizitky-768x432.jpg 768w, https:\/\/www.grafique.cz\/wp-content\/uploads\/isfg_vizitky-1340x754.jpg 1340w, https:\/\/www.grafique.cz\/wp-content\/uploads\/isfg_vizitky-1536x864.jpg 1536w, https:\/\/www.grafique.cz\/wp-content\/uploads\/isfg_vizitky-178x100.jpg 178w, https:\/\/www.grafique.cz\/wp-content\/uploads\/isfg_vizitky.jpg 1920w\" sizes=\"(max-width: 420px) 100vw, 420px\" \/><\/a>\n   \t\t\t\t\t\t\t<\/div>\n   \t\t\t\t\t\t   \t\t\t\t\t\t\t\t\t\t\t   \t\t\t\t<\/li>\n   \t\t\t   \t\t\t\t<li class=\"web-design-brno iso-post\">\n\t\t\t\t\t\t   \t\t\t\t\t<h2 class=\"iso-title\">\n              <a href=\"https:\/\/www.grafique.cz\/en\/projects\/web-design-brno\/tvorba-webu-pro-archeologicky-ustav-av-cr\/\">\n                Archeologick\u00fd \u00fastav AV \u010cR                <span>Web design<\/span>              \n              <\/a>\n            <\/h2>            \n\t\t\t\t\t\t            <time class=\"updated\" datetime=\"2022-09-21T12:41:25+01:00\">09\/2022<\/time>\n   \t\t\t\t\t                               \t\t\t\t\t\t\t<div class=\"iso-thumb\">\n   \t\t\t\t\t\t\t\t<a href=\"https:\/\/www.grafique.cz\/en\/projects\/web-design-brno\/tvorba-webu-pro-archeologicky-ustav-av-cr\/\"><img decoding=\"async\" width=\"420\" height=\"1641\" src=\"https:\/\/www.grafique.cz\/wp-content\/uploads\/arub-cz-tvorba-webovych-stranek-brno-1-420x1641.jpg\" class=\"attachment-thumbnail size-thumbnail wp-post-image\" alt=\"Archeologick\u00fd \u00fastav AV \u010cR - realizace, Web design\" title=\"Archeologick\u00fd \u00fastav AV \u010cR - realizace, Web design\" srcset=\"https:\/\/www.grafique.cz\/wp-content\/uploads\/arub-cz-tvorba-webovych-stranek-brno-1-420x1641.jpg 420w, https:\/\/www.grafique.cz\/wp-content\/uploads\/arub-cz-tvorba-webovych-stranek-brno-1-77x300.jpg 77w, https:\/\/www.grafique.cz\/wp-content\/uploads\/arub-cz-tvorba-webovych-stranek-brno-1-768x3001.jpg 768w, https:\/\/www.grafique.cz\/wp-content\/uploads\/arub-cz-tvorba-webovych-stranek-brno-1-393x1536.jpg 393w, https:\/\/www.grafique.cz\/wp-content\/uploads\/arub-cz-tvorba-webovych-stranek-brno-1-524x2048.jpg 524w, https:\/\/www.grafique.cz\/wp-content\/uploads\/arub-cz-tvorba-webovych-stranek-brno-1.jpg 1228w\" sizes=\"(max-width: 420px) 100vw, 420px\" \/><\/a>\n   \t\t\t\t\t\t\t<\/div>\n   \t\t\t\t\t\t   \t\t\t\t\t\t\t\t\t\t\t   \t\t\t\t<\/li>\n   \t\t\t   \t\t\t\t<li class=\"web-design-brno iso-post\">\n\t\t\t\t\t\t   \t\t\t\t\t<h2 class=\"iso-title\">\n              <a href=\"https:\/\/www.grafique.cz\/en\/projects\/web-design-brno\/moje-calibra\/\">\n                Moje Calibra website                <span>Web design<\/span>              \n              <\/a>\n            <\/h2>            \n\t\t\t\t\t\t            <time class=\"updated\" datetime=\"2020-03-12T10:28:19+01:00\">03\/2020<\/time>\n   \t\t\t\t\t                               \t\t\t\t\t\t\t<div class=\"iso-thumb\">\n   \t\t\t\t\t\t\t\t<a href=\"https:\/\/www.grafique.cz\/en\/projects\/web-design-brno\/moje-calibra\/\"><img decoding=\"async\" width=\"420\" height=\"1188\" src=\"https:\/\/www.grafique.cz\/wp-content\/uploads\/webdesign-mojecalibra-tvorba-www-brno-420x1188.jpg\" class=\"attachment-thumbnail size-thumbnail wp-post-image\" alt=\"Moje Calibra website - realizace, Web design\" title=\"Moje Calibra website - realizace, Web design\" srcset=\"https:\/\/www.grafique.cz\/wp-content\/uploads\/webdesign-mojecalibra-tvorba-www-brno-420x1188.jpg 420w, https:\/\/www.grafique.cz\/wp-content\/uploads\/webdesign-mojecalibra-tvorba-www-brno-106x300.jpg 106w, https:\/\/www.grafique.cz\/wp-content\/uploads\/webdesign-mojecalibra-tvorba-www-brno-768x2172.jpg 768w, https:\/\/www.grafique.cz\/wp-content\/uploads\/webdesign-mojecalibra-tvorba-www-brno-1340x3790.jpg 1340w, https:\/\/www.grafique.cz\/wp-content\/uploads\/webdesign-mojecalibra-tvorba-www-brno-543x1536.jpg 543w, https:\/\/www.grafique.cz\/wp-content\/uploads\/webdesign-mojecalibra-tvorba-www-brno-724x2048.jpg 724w, https:\/\/www.grafique.cz\/wp-content\/uploads\/webdesign-mojecalibra-tvorba-www-brno-35x100.jpg 35w, https:\/\/www.grafique.cz\/wp-content\/uploads\/webdesign-mojecalibra-tvorba-www-brno.jpg 1440w\" sizes=\"(max-width: 420px) 100vw, 420px\" \/><\/a>\n   \t\t\t\t\t\t\t<\/div>\n   \t\t\t\t\t\t   \t\t\t\t\t\t\t\t\t\t\t   \t\t\t\t<\/li>\n   \t\t\t   \t\t\t\t<li class=\"web-design-brno iso-post\">\n\t\t\t\t\t\t   \t\t\t\t\t<h2 class=\"iso-title\">\n              <a href=\"https:\/\/www.grafique.cz\/en\/projects\/web-design-brno\/hewlett-packard-enterprise\/\">\n                Hewlett Packard Enterprise                <span>Web design<\/span>              \n              <\/a>\n            <\/h2>            \n\t\t\t\t\t\t            <time class=\"updated\" datetime=\"2020-03-12T10:35:35+01:00\">03\/2020<\/time>\n   \t\t\t\t\t                               \t\t\t\t\t\t\t<div class=\"iso-thumb\">\n   \t\t\t\t\t\t\t\t<a href=\"https:\/\/www.grafique.cz\/en\/projects\/web-design-brno\/hewlett-packard-enterprise\/\"><img decoding=\"async\" width=\"420\" height=\"832\" src=\"https:\/\/www.grafique.cz\/wp-content\/uploads\/webdesign-tvorba-www-brno-svethpe-home-420x832.jpg\" class=\"attachment-thumbnail size-thumbnail wp-post-image\" alt=\"Hewlett Packard Enterprise - realizace, Web design\" title=\"Hewlett Packard Enterprise - realizace, Web design\" srcset=\"https:\/\/www.grafique.cz\/wp-content\/uploads\/webdesign-tvorba-www-brno-svethpe-home-420x832.jpg 420w, https:\/\/www.grafique.cz\/wp-content\/uploads\/webdesign-tvorba-www-brno-svethpe-home-152x300.jpg 152w, https:\/\/www.grafique.cz\/wp-content\/uploads\/webdesign-tvorba-www-brno-svethpe-home-768x1520.jpg 768w, https:\/\/www.grafique.cz\/wp-content\/uploads\/webdesign-tvorba-www-brno-svethpe-home-1340x2653.jpg 1340w, https:\/\/www.grafique.cz\/wp-content\/uploads\/webdesign-tvorba-www-brno-svethpe-home-776x1536.jpg 776w, https:\/\/www.grafique.cz\/wp-content\/uploads\/webdesign-tvorba-www-brno-svethpe-home-1034x2048.jpg 1034w, https:\/\/www.grafique.cz\/wp-content\/uploads\/webdesign-tvorba-www-brno-svethpe-home-51x100.jpg 51w, https:\/\/www.grafique.cz\/wp-content\/uploads\/webdesign-tvorba-www-brno-svethpe-home.jpg 1584w\" sizes=\"(max-width: 420px) 100vw, 420px\" \/><\/a>\n   \t\t\t\t\t\t\t<\/div>\n   \t\t\t\t\t\t   \t\t\t\t\t\t\t\t\t\t\t   \t\t\t\t<\/li>\n   \t\t\t   \t\t\t\t<li class=\"graphic-design-and-corporate-style-brno iso-post\">\n\t\t\t\t\t\t   \t\t\t\t\t<h2 class=\"iso-title\">\n              <a href=\"https:\/\/www.grafique.cz\/en\/projects\/graphic-design-and-corporate-style-brno\/mycroft-mind-logo\/\">\n                Mycroft mind logo                <span>Logo&amp;Print<\/span>              \n              <\/a>\n            <\/h2>            \n\t\t\t\t\t\t            <time class=\"updated\" datetime=\"2020-03-12T10:56:30+01:00\">03\/2020<\/time>\n   \t\t\t\t\t                               \t\t\t\t\t\t\t<div class=\"iso-thumb\">\n   \t\t\t\t\t\t\t\t<a href=\"https:\/\/www.grafique.cz\/en\/projects\/graphic-design-and-corporate-style-brno\/mycroft-mind-logo\/\"><img decoding=\"async\" width=\"420\" height=\"236\" src=\"https:\/\/www.grafique.cz\/wp-content\/uploads\/mm_logo-420x236.jpg\" class=\"attachment-thumbnail size-thumbnail wp-post-image\" alt=\"Mycroft mind logo - realizace, Logo&amp;Print\" title=\"Mycroft mind logo - realizace, Logo&amp;Print\" srcset=\"https:\/\/www.grafique.cz\/wp-content\/uploads\/mm_logo-420x236.jpg 420w, https:\/\/www.grafique.cz\/wp-content\/uploads\/mm_logo-300x169.jpg 300w, https:\/\/www.grafique.cz\/wp-content\/uploads\/mm_logo-768x432.jpg 768w, https:\/\/www.grafique.cz\/wp-content\/uploads\/mm_logo-1340x754.jpg 1340w, https:\/\/www.grafique.cz\/wp-content\/uploads\/mm_logo-1536x864.jpg 1536w, https:\/\/www.grafique.cz\/wp-content\/uploads\/mm_logo-178x100.jpg 178w, https:\/\/www.grafique.cz\/wp-content\/uploads\/mm_logo.jpg 1920w\" sizes=\"(max-width: 420px) 100vw, 420px\" \/><\/a>\n   \t\t\t\t\t\t\t<\/div>\n   \t\t\t\t\t\t   \t\t\t\t\t\t\t\t\t\t\t   \t\t\t\t<\/li>\n   \t\t\t   \t\t\t\t<li class=\"web-design-brno iso-post\">\n\t\t\t\t\t\t   \t\t\t\t\t<h2 class=\"iso-title\">\n              <a href=\"https:\/\/www.grafique.cz\/en\/projects\/web-design-brno\/ep-infrastructure\/\">\n                EP Infrastructure                <span>Web design<\/span>              \n              <\/a>\n            <\/h2>            \n\t\t\t\t\t\t            <time class=\"updated\" datetime=\"2020-03-12T11:29:45+01:00\">03\/2020<\/time>\n   \t\t\t\t\t                               \t\t\t\t\t\t\t<div class=\"iso-thumb\">\n   \t\t\t\t\t\t\t\t<a href=\"https:\/\/www.grafique.cz\/en\/projects\/web-design-brno\/ep-infrastructure\/\"><img decoding=\"async\" width=\"420\" height=\"380\" src=\"https:\/\/www.grafique.cz\/wp-content\/uploads\/ep-infrastructure-homepage-2-420x380.jpg\" class=\"attachment-thumbnail size-thumbnail wp-post-image\" alt=\"EP Infrastructure - realizace, Web design\" title=\"EP Infrastructure - realizace, Web design\" srcset=\"https:\/\/www.grafique.cz\/wp-content\/uploads\/ep-infrastructure-homepage-2-420x380.jpg 420w, https:\/\/www.grafique.cz\/wp-content\/uploads\/ep-infrastructure-homepage-2-300x272.jpg 300w, https:\/\/www.grafique.cz\/wp-content\/uploads\/ep-infrastructure-homepage-2-768x696.jpg 768w, https:\/\/www.grafique.cz\/wp-content\/uploads\/ep-infrastructure-homepage-2-1340x1214.jpg 1340w, https:\/\/www.grafique.cz\/wp-content\/uploads\/ep-infrastructure-homepage-2-110x100.jpg 110w, https:\/\/www.grafique.cz\/wp-content\/uploads\/ep-infrastructure-homepage-2.jpg 1441w\" sizes=\"(max-width: 420px) 100vw, 420px\" \/><\/a>\n   \t\t\t\t\t\t\t<\/div>\n   \t\t\t\t\t\t   \t\t\t\t\t\t\t\t\t\t\t   \t\t\t\t<\/li>\n   \t\t\t   \t\t\t\t<li class=\"graphic-design-and-corporate-style-brno iso-post\">\n\t\t\t\t\t\t   \t\t\t\t\t<h2 class=\"iso-title\">\n              <a href=\"https:\/\/www.grafique.cz\/en\/projects\/graphic-design-and-corporate-style-brno\/kafec-obaly-na-kavu\/\">\n                Kafec \u2013 obaly na k\u00e1vu                <span>Logo&amp;Print<\/span>              \n              <\/a>\n            <\/h2>            \n\t\t\t\t\t\t            <time class=\"updated\" datetime=\"2020-03-12T11:21:38+01:00\">03\/2020<\/time>\n   \t\t\t\t\t                               \t\t\t\t\t\t\t<div class=\"iso-thumb\">\n   \t\t\t\t\t\t\t\t<a href=\"https:\/\/www.grafique.cz\/en\/projects\/graphic-design-and-corporate-style-brno\/kafec-obaly-na-kavu\/\"><img decoding=\"async\" width=\"420\" height=\"357\" src=\"https:\/\/www.grafique.cz\/wp-content\/uploads\/kafec_2-420x357.jpg\" class=\"attachment-thumbnail size-thumbnail wp-post-image\" alt=\"Kafec \u2013 obaly na k\u00e1vu - realizace, Logo&amp;Print\" title=\"Kafec \u2013 obaly na k\u00e1vu - realizace, Logo&amp;Print\" srcset=\"https:\/\/www.grafique.cz\/wp-content\/uploads\/kafec_2-420x357.jpg 420w, https:\/\/www.grafique.cz\/wp-content\/uploads\/kafec_2-300x255.jpg 300w, https:\/\/www.grafique.cz\/wp-content\/uploads\/kafec_2-768x652.jpg 768w, https:\/\/www.grafique.cz\/wp-content\/uploads\/kafec_2-1340x1138.jpg 1340w, https:\/\/www.grafique.cz\/wp-content\/uploads\/kafec_2-1536x1305.jpg 1536w, https:\/\/www.grafique.cz\/wp-content\/uploads\/kafec_2-118x100.jpg 118w, https:\/\/www.grafique.cz\/wp-content\/uploads\/kafec_2.jpg 1920w\" sizes=\"(max-width: 420px) 100vw, 420px\" \/><\/a>\n   \t\t\t\t\t\t\t<\/div>\n   \t\t\t\t\t\t   \t\t\t\t\t\t\t\t\t\t\t   \t\t\t\t<\/li>\n   \t\t\t   \t\t\t\t<li class=\"graphic-design-and-corporate-style-brno iso-post\">\n\t\t\t\t\t\t   \t\t\t\t\t<h2 class=\"iso-title\">\n              <a href=\"https:\/\/www.grafique.cz\/en\/projects\/graphic-design-and-corporate-style-brno\/tvorba-loga-kurim-zahori\/\">\n                Logo Ku\u0159im-Z\u00e1ho\u0159\u00ed                <span>Logo&amp;Print<\/span>              \n              <\/a>\n            <\/h2>            \n\t\t\t\t\t\t            <time class=\"updated\" datetime=\"2020-07-28T11:34:37+01:00\">07\/2020<\/time>\n   \t\t\t\t\t                               \t\t\t\t\t\t\t<div class=\"iso-thumb\">\n   \t\t\t\t\t\t\t\t<a href=\"https:\/\/www.grafique.cz\/en\/projects\/graphic-design-and-corporate-style-brno\/tvorba-loga-kurim-zahori\/\"><img decoding=\"async\" width=\"420\" height=\"238\" src=\"https:\/\/www.grafique.cz\/wp-content\/uploads\/zahori_logo2-420x238.jpg\" class=\"attachment-thumbnail size-thumbnail wp-post-image\" alt=\"Logo Ku\u0159im-Z\u00e1ho\u0159\u00ed - realizace, Logo&amp;Print\" title=\"Logo Ku\u0159im-Z\u00e1ho\u0159\u00ed - realizace, Logo&amp;Print\" srcset=\"https:\/\/www.grafique.cz\/wp-content\/uploads\/zahori_logo2-420x238.jpg 420w, https:\/\/www.grafique.cz\/wp-content\/uploads\/zahori_logo2-300x170.jpg 300w, https:\/\/www.grafique.cz\/wp-content\/uploads\/zahori_logo2-768x436.jpg 768w, https:\/\/www.grafique.cz\/wp-content\/uploads\/zahori_logo2-176x100.jpg 176w, https:\/\/www.grafique.cz\/wp-content\/uploads\/zahori_logo2.jpg 1340w\" sizes=\"(max-width: 420px) 100vw, 420px\" \/><\/a>\n   \t\t\t\t\t\t\t<\/div>\n   \t\t\t\t\t\t   \t\t\t\t\t\t\t\t\t\t\t   \t\t\t\t<\/li>\n   \t\t\t   \t\t\t\t<li class=\"web-design-brno iso-post\">\n\t\t\t\t\t\t   \t\t\t\t\t<h2 class=\"iso-title\">\n              <a href=\"https:\/\/www.grafique.cz\/en\/projects\/web-design-brno\/ep-power-europe\/\">\n                EP Power Europe                <span>Web design<\/span>              \n              <\/a>\n            <\/h2>            \n\t\t\t\t\t\t            <time class=\"updated\" datetime=\"2020-03-12T10:50:03+01:00\">03\/2020<\/time>\n   \t\t\t\t\t                               \t\t\t\t\t\t\t<div class=\"iso-thumb\">\n   \t\t\t\t\t\t\t\t<a href=\"https:\/\/www.grafique.cz\/en\/projects\/web-design-brno\/ep-power-europe\/\"><img decoding=\"async\" width=\"420\" height=\"381\" src=\"https:\/\/www.grafique.cz\/wp-content\/uploads\/tvorba-www-stranek-eppowereurope-homepage-420x381.jpg\" class=\"attachment-thumbnail size-thumbnail wp-post-image\" alt=\"EP Power Europe - realizace, Web design\" title=\"EP Power Europe - realizace, Web design\" srcset=\"https:\/\/www.grafique.cz\/wp-content\/uploads\/tvorba-www-stranek-eppowereurope-homepage-420x381.jpg 420w, https:\/\/www.grafique.cz\/wp-content\/uploads\/tvorba-www-stranek-eppowereurope-homepage-300x272.jpg 300w, https:\/\/www.grafique.cz\/wp-content\/uploads\/tvorba-www-stranek-eppowereurope-homepage-768x697.jpg 768w, https:\/\/www.grafique.cz\/wp-content\/uploads\/tvorba-www-stranek-eppowereurope-homepage-1340x1216.jpg 1340w, https:\/\/www.grafique.cz\/wp-content\/uploads\/tvorba-www-stranek-eppowereurope-homepage-110x100.jpg 110w, https:\/\/www.grafique.cz\/wp-content\/uploads\/tvorba-www-stranek-eppowereurope-homepage.jpg 1441w\" sizes=\"(max-width: 420px) 100vw, 420px\" \/><\/a>\n   \t\t\t\t\t\t\t<\/div>\n   \t\t\t\t\t\t   \t\t\t\t\t\t\t\t\t\t\t   \t\t\t\t<\/li>\n   \t\t\t   \t\t\t\t<li class=\"graphic-design-and-corporate-style-brno iso-post\">\n\t\t\t\t\t\t   \t\t\t\t\t<h2 class=\"iso-title\">\n              <a href=\"https:\/\/www.grafique.cz\/en\/projects\/graphic-design-and-corporate-style-brno\/ar-brno-redesign\/\">\n                AR Brno redesign                <span>Logo&amp;Print<\/span>              \n              <\/a>\n            <\/h2>            \n\t\t\t\t\t\t            <time class=\"updated\" datetime=\"2020-03-12T11:17:37+01:00\">03\/2020<\/time>\n   \t\t\t\t\t                               \t\t\t\t\t\t\t<div class=\"iso-thumb\">\n   \t\t\t\t\t\t\t\t<a href=\"https:\/\/www.grafique.cz\/en\/projects\/graphic-design-and-corporate-style-brno\/ar-brno-redesign\/\"><img decoding=\"async\" width=\"420\" height=\"238\" src=\"https:\/\/www.grafique.cz\/wp-content\/uploads\/ar_logo_1-420x238.jpg\" class=\"attachment-thumbnail size-thumbnail wp-post-image\" alt=\"AR Brno redesign - realizace, Logo&amp;Print\" title=\"AR Brno redesign - realizace, Logo&amp;Print\" srcset=\"https:\/\/www.grafique.cz\/wp-content\/uploads\/ar_logo_1-420x238.jpg 420w, https:\/\/www.grafique.cz\/wp-content\/uploads\/ar_logo_1-300x170.jpg 300w, https:\/\/www.grafique.cz\/wp-content\/uploads\/ar_logo_1-768x436.jpg 768w, https:\/\/www.grafique.cz\/wp-content\/uploads\/ar_logo_1-176x100.jpg 176w, https:\/\/www.grafique.cz\/wp-content\/uploads\/ar_logo_1.jpg 1340w\" sizes=\"(max-width: 420px) 100vw, 420px\" \/><\/a>\n   \t\t\t\t\t\t\t<\/div>\n   \t\t\t\t\t\t   \t\t\t\t\t\t\t\t\t\t\t   \t\t\t\t<\/li>\n   \t\t\t   \t\t\t\t<li class=\"web-design-brno iso-post\">\n\t\t\t\t\t\t   \t\t\t\t\t<h2 class=\"iso-title\">\n              <a href=\"https:\/\/www.grafique.cz\/en\/projects\/web-design-brno\/energeticky-a-prumyslovy-holding\/\">\n                Energetick\u00fd a&nbsp;pr\u016fmyslov\u00fd holding                <span>Web design<\/span>              \n              <\/a>\n            <\/h2>            \n\t\t\t\t\t\t            <time class=\"updated\" datetime=\"2015-09-07T12:01:43+01:00\">09\/2015<\/time>\n   \t\t\t\t\t                               \t\t\t\t\t\t\t<div class=\"iso-thumb\">\n   \t\t\t\t\t\t\t\t<a href=\"https:\/\/www.grafique.cz\/en\/projects\/web-design-brno\/energeticky-a-prumyslovy-holding\/\"><img decoding=\"async\" width=\"420\" height=\"973\" src=\"https:\/\/www.grafique.cz\/wp-content\/uploads\/webdesign-ep-holding-homepage-420x973.jpg\" class=\"attachment-thumbnail size-thumbnail wp-post-image\" alt=\"Energetick\u00fd a&nbsp;pr\u016fmyslov\u00fd holding - realizace, Web design\" title=\"Energetick\u00fd a&nbsp;pr\u016fmyslov\u00fd holding - realizace, Web design\" srcset=\"https:\/\/www.grafique.cz\/wp-content\/uploads\/webdesign-ep-holding-homepage-420x973.jpg 420w, https:\/\/www.grafique.cz\/wp-content\/uploads\/webdesign-ep-holding-homepage-129x300.jpg 129w, https:\/\/www.grafique.cz\/wp-content\/uploads\/webdesign-ep-holding-homepage-768x1780.jpg 768w, https:\/\/www.grafique.cz\/wp-content\/uploads\/webdesign-ep-holding-homepage-1340x3106.jpg 1340w, https:\/\/www.grafique.cz\/wp-content\/uploads\/webdesign-ep-holding-homepage-663x1536.jpg 663w, https:\/\/www.grafique.cz\/wp-content\/uploads\/webdesign-ep-holding-homepage-884x2048.jpg 884w, https:\/\/www.grafique.cz\/wp-content\/uploads\/webdesign-ep-holding-homepage-43x100.jpg 43w, https:\/\/www.grafique.cz\/wp-content\/uploads\/webdesign-ep-holding-homepage.jpg 1441w\" sizes=\"(max-width: 420px) 100vw, 420px\" \/><\/a>\n   \t\t\t\t\t\t\t<\/div>\n   \t\t\t\t\t\t   \t\t\t\t\t\t\t\t\t\t\t   \t\t\t\t<\/li>\n   \t\t\t   \t\t\t\t<li class=\"web-design-brno iso-post\">\n\t\t\t\t\t\t   \t\t\t\t\t<h2 class=\"iso-title\">\n              <a href=\"https:\/\/www.grafique.cz\/en\/projects\/web-design-brno\/website-creation-t1-solutions\/\">\n                T1 Solutions                <span>Web design<\/span>              \n              <\/a>\n            <\/h2>            \n\t\t\t\t\t\t            <time class=\"updated\" datetime=\"2020-03-12T10:55:27+01:00\">03\/2020<\/time>\n   \t\t\t\t\t                               \t\t\t\t\t\t\t<div class=\"iso-thumb\">\n   \t\t\t\t\t\t\t\t<a href=\"https:\/\/www.grafique.cz\/en\/projects\/web-design-brno\/website-creation-t1-solutions\/\"><img decoding=\"async\" width=\"420\" height=\"1624\" src=\"https:\/\/www.grafique.cz\/wp-content\/uploads\/tvorba-webovych-stranek-t1-solution-brno-420x1624.jpg\" class=\"attachment-thumbnail size-thumbnail wp-post-image\" alt=\"T1 Solutions - realizace, Web design\" title=\"T1 Solutions - realizace, Web design\" srcset=\"https:\/\/www.grafique.cz\/wp-content\/uploads\/tvorba-webovych-stranek-t1-solution-brno-420x1624.jpg 420w, https:\/\/www.grafique.cz\/wp-content\/uploads\/tvorba-webovych-stranek-t1-solution-brno-768x2969.jpg 768w, https:\/\/www.grafique.cz\/wp-content\/uploads\/tvorba-webovych-stranek-t1-solution-brno-1340x5180.jpg 1340w, https:\/\/www.grafique.cz\/wp-content\/uploads\/tvorba-webovych-stranek-t1-solution-brno-397x1536.jpg 397w, https:\/\/www.grafique.cz\/wp-content\/uploads\/tvorba-webovych-stranek-t1-solution-brno-530x2048.jpg 530w, https:\/\/www.grafique.cz\/wp-content\/uploads\/tvorba-webovych-stranek-t1-solution-brno-26x100.jpg 26w, https:\/\/www.grafique.cz\/wp-content\/uploads\/tvorba-webovych-stranek-t1-solution-brno.jpg 1542w\" sizes=\"(max-width: 420px) 100vw, 420px\" \/><\/a>\n   \t\t\t\t\t\t\t<\/div>\n   \t\t\t\t\t\t   \t\t\t\t\t\t\t\t\t\t\t   \t\t\t\t<\/li>\n   \t\t\t   \t\t\t\t<li class=\"graphic-design-and-corporate-style-brno iso-post\">\n\t\t\t\t\t\t   \t\t\t\t\t<h2 class=\"iso-title\">\n              <a href=\"https:\/\/www.grafique.cz\/en\/projects\/graphic-design-and-corporate-style-brno\/b33-vizitky\/\">\n                b33 vizitky                <span>Logo&amp;Print<\/span>              \n              <\/a>\n            <\/h2>            \n\t\t\t\t\t\t            <time class=\"updated\" datetime=\"2020-09-05T18:49:46+01:00\">09\/2020<\/time>\n   \t\t\t\t\t                               \t\t\t\t\t\t\t<div class=\"iso-thumb\">\n   \t\t\t\t\t\t\t\t<a href=\"https:\/\/www.grafique.cz\/en\/projects\/graphic-design-and-corporate-style-brno\/b33-vizitky\/\"><img decoding=\"async\" width=\"420\" height=\"236\" src=\"https:\/\/www.grafique.cz\/wp-content\/uploads\/B33_vizitky_1920_1-420x236.jpg\" class=\"attachment-thumbnail size-thumbnail wp-post-image\" alt=\"b33 vizitky - realizace, Logo&amp;Print\" title=\"b33 vizitky - realizace, Logo&amp;Print\" srcset=\"https:\/\/www.grafique.cz\/wp-content\/uploads\/B33_vizitky_1920_1-420x236.jpg 420w, https:\/\/www.grafique.cz\/wp-content\/uploads\/B33_vizitky_1920_1-300x169.jpg 300w, https:\/\/www.grafique.cz\/wp-content\/uploads\/B33_vizitky_1920_1-768x432.jpg 768w, https:\/\/www.grafique.cz\/wp-content\/uploads\/B33_vizitky_1920_1-1340x754.jpg 1340w, https:\/\/www.grafique.cz\/wp-content\/uploads\/B33_vizitky_1920_1-1536x864.jpg 1536w, https:\/\/www.grafique.cz\/wp-content\/uploads\/B33_vizitky_1920_1-178x100.jpg 178w, https:\/\/www.grafique.cz\/wp-content\/uploads\/B33_vizitky_1920_1.jpg 1920w\" sizes=\"(max-width: 420px) 100vw, 420px\" \/><\/a>\n   \t\t\t\t\t\t\t<\/div>\n   \t\t\t\t\t\t   \t\t\t\t\t\t\t\t\t\t\t   \t\t\t\t<\/li>\n   \t\t\t   \t\t\t\t<li class=\"graphic-design-and-corporate-style-brno iso-post\">\n\t\t\t\t\t\t   \t\t\t\t\t<h2 class=\"iso-title\">\n              <a href=\"https:\/\/www.grafique.cz\/en\/projects\/graphic-design-and-corporate-style-brno\/block33-io-logo-a-vizitky\/\">\n                Block33.io logo                <span>Logo&amp;Print<\/span>              \n              <\/a>\n            <\/h2>            \n\t\t\t\t\t\t            <time class=\"updated\" datetime=\"2020-07-28T11:34:37+01:00\">07\/2020<\/time>\n   \t\t\t\t\t                               \t\t\t\t\t\t\t<div class=\"iso-thumb\">\n   \t\t\t\t\t\t\t\t<a href=\"https:\/\/www.grafique.cz\/en\/projects\/graphic-design-and-corporate-style-brno\/block33-io-logo-a-vizitky\/\"><img decoding=\"async\" width=\"420\" height=\"238\" src=\"https:\/\/www.grafique.cz\/wp-content\/uploads\/B33_logo1-420x238.jpg\" class=\"attachment-thumbnail size-thumbnail wp-post-image\" alt=\"Block33.io logo - realizace, Logo&amp;Print\" title=\"Block33.io logo - realizace, Logo&amp;Print\" srcset=\"https:\/\/www.grafique.cz\/wp-content\/uploads\/B33_logo1-420x238.jpg 420w, https:\/\/www.grafique.cz\/wp-content\/uploads\/B33_logo1-300x170.jpg 300w, https:\/\/www.grafique.cz\/wp-content\/uploads\/B33_logo1-768x436.jpg 768w, https:\/\/www.grafique.cz\/wp-content\/uploads\/B33_logo1-176x100.jpg 176w, https:\/\/www.grafique.cz\/wp-content\/uploads\/B33_logo1.jpg 1340w\" sizes=\"(max-width: 420px) 100vw, 420px\" \/><\/a>\n   \t\t\t\t\t\t\t<\/div>\n   \t\t\t\t\t\t   \t\t\t\t\t\t\t\t\t\t\t   \t\t\t\t<\/li>\n   \t\t\t   \t\t\t\t<li class=\"web-design-brno iso-post\">\n\t\t\t\t\t\t   \t\t\t\t\t<h2 class=\"iso-title\">\n              <a href=\"https:\/\/www.grafique.cz\/en\/projects\/web-design-brno\/onelight\/\">\n                OneLight                <span>Web design<\/span>              \n              <\/a>\n            <\/h2>            \n\t\t\t\t\t\t            <time class=\"updated\" datetime=\"2020-03-12T11:07:55+01:00\">03\/2020<\/time>\n   \t\t\t\t\t                               \t\t\t\t\t\t\t<div class=\"iso-thumb\">\n   \t\t\t\t\t\t\t\t<a href=\"https:\/\/www.grafique.cz\/en\/projects\/web-design-brno\/onelight\/\"><img decoding=\"async\" width=\"420\" height=\"1474\" src=\"https:\/\/www.grafique.cz\/wp-content\/uploads\/tvorba-www-stranek-webu-brno-one-light-420x1474.jpg\" class=\"attachment-thumbnail size-thumbnail wp-post-image\" alt=\"OneLight - realizace, Web design\" title=\"OneLight - realizace, Web design\" srcset=\"https:\/\/www.grafique.cz\/wp-content\/uploads\/tvorba-www-stranek-webu-brno-one-light-420x1474.jpg 420w, https:\/\/www.grafique.cz\/wp-content\/uploads\/tvorba-www-stranek-webu-brno-one-light-768x2696.jpg 768w, https:\/\/www.grafique.cz\/wp-content\/uploads\/tvorba-www-stranek-webu-brno-one-light-1340x4703.jpg 1340w, https:\/\/www.grafique.cz\/wp-content\/uploads\/tvorba-www-stranek-webu-brno-one-light-438x1536.jpg 438w, https:\/\/www.grafique.cz\/wp-content\/uploads\/tvorba-www-stranek-webu-brno-one-light-584x2048.jpg 584w, https:\/\/www.grafique.cz\/wp-content\/uploads\/tvorba-www-stranek-webu-brno-one-light.jpg 1830w\" sizes=\"(max-width: 420px) 100vw, 420px\" \/><\/a>\n   \t\t\t\t\t\t\t<\/div>\n   \t\t\t\t\t\t   \t\t\t\t\t\t\t\t\t\t\t   \t\t\t\t<\/li>\n   \t\t\t   \t\t\t\t<li class=\"graphic-design-and-corporate-style-brno iso-post\">\n\t\t\t\t\t\t   \t\t\t\t\t<h2 class=\"iso-title\">\n              <a href=\"https:\/\/www.grafique.cz\/en\/projects\/graphic-design-and-corporate-style-brno\/studio-parisien-logo\/\">\n                Studio Parisien logo                <span>Logo&amp;Print<\/span>              \n              <\/a>\n            <\/h2>            \n\t\t\t\t\t\t            <time class=\"updated\" datetime=\"2015-08-13T13:39:44+01:00\">08\/2015<\/time>\n   \t\t\t\t\t                               \t\t\t\t\t\t\t<div class=\"iso-thumb\">\n   \t\t\t\t\t\t\t\t<a href=\"https:\/\/www.grafique.cz\/en\/projects\/graphic-design-and-corporate-style-brno\/studio-parisien-logo\/\"><img decoding=\"async\" width=\"420\" height=\"297\" src=\"https:\/\/www.grafique.cz\/wp-content\/uploads\/parisien_logo-420x297.png\" class=\"attachment-thumbnail size-thumbnail wp-post-image\" alt=\"Studio Parisien logo - realizace, Logo&amp;Print\" title=\"Studio Parisien logo - realizace, Logo&amp;Print\" srcset=\"https:\/\/www.grafique.cz\/wp-content\/uploads\/parisien_logo-420x297.png 420w, https:\/\/www.grafique.cz\/wp-content\/uploads\/parisien_logo-300x212.png 300w, https:\/\/www.grafique.cz\/wp-content\/uploads\/parisien_logo-768x543.png 768w, https:\/\/www.grafique.cz\/wp-content\/uploads\/parisien_logo-142x100.png 142w, https:\/\/www.grafique.cz\/wp-content\/uploads\/parisien_logo.png 842w\" sizes=\"(max-width: 420px) 100vw, 420px\" \/><\/a>\n   \t\t\t\t\t\t\t<\/div>\n   \t\t\t\t\t\t   \t\t\t\t\t\t\t\t\t\t\t   \t\t\t\t<\/li>\n   \t\t\t   \t\t\t\t<li class=\"graphic-design-and-corporate-style-brno iso-post\">\n\t\t\t\t\t\t   \t\t\t\t\t<h2 class=\"iso-title\">\n              <a href=\"https:\/\/www.grafique.cz\/en\/projects\/graphic-design-and-corporate-style-brno\/navrh-a-tvorba-tiskovin-mia\/\">\n                MIA                <span>Logo&amp;Print<\/span>              \n              <\/a>\n            <\/h2>            \n\t\t\t\t\t\t            <time class=\"updated\" datetime=\"2020-07-28T11:34:37+01:00\">07\/2020<\/time>\n   \t\t\t\t\t                               \t\t\t\t\t\t\t<div class=\"iso-thumb\">\n   \t\t\t\t\t\t\t\t<a href=\"https:\/\/www.grafique.cz\/en\/projects\/graphic-design-and-corporate-style-brno\/navrh-a-tvorba-tiskovin-mia\/\"><img decoding=\"async\" width=\"420\" height=\"236\" src=\"https:\/\/www.grafique.cz\/wp-content\/uploads\/dopis_DL-420x236.jpg\" class=\"attachment-thumbnail size-thumbnail wp-post-image\" alt=\"MIA - realizace, Logo&amp;Print\" title=\"MIA - realizace, Logo&amp;Print\" srcset=\"https:\/\/www.grafique.cz\/wp-content\/uploads\/dopis_DL-420x236.jpg 420w, https:\/\/www.grafique.cz\/wp-content\/uploads\/dopis_DL-300x169.jpg 300w, https:\/\/www.grafique.cz\/wp-content\/uploads\/dopis_DL-768x432.jpg 768w, https:\/\/www.grafique.cz\/wp-content\/uploads\/dopis_DL-1340x754.jpg 1340w, https:\/\/www.grafique.cz\/wp-content\/uploads\/dopis_DL-1536x864.jpg 1536w, https:\/\/www.grafique.cz\/wp-content\/uploads\/dopis_DL-178x100.jpg 178w, https:\/\/www.grafique.cz\/wp-content\/uploads\/dopis_DL.jpg 1920w\" sizes=\"(max-width: 420px) 100vw, 420px\" \/><\/a>\n   \t\t\t\t\t\t\t<\/div>\n   \t\t\t\t\t\t   \t\t\t\t\t\t\t\t\t\t\t   \t\t\t\t<\/li>\n   \t\t\t   \t\t\t\t<li class=\"graphic-design-and-corporate-style-brno iso-post\">\n\t\t\t\t\t\t   \t\t\t\t\t<h2 class=\"iso-title\">\n              <a href=\"https:\/\/www.grafique.cz\/en\/projects\/graphic-design-and-corporate-style-brno\/parisien-plakat\/\">\n                Parisien plak\u00e1t                <span>Logo&amp;Print<\/span>              \n              <\/a>\n            <\/h2>            \n\t\t\t\t\t\t            <time class=\"updated\" datetime=\"2015-11-23T12:53:59+01:00\">11\/2015<\/time>\n   \t\t\t\t\t                               \t\t\t\t\t\t\t<div class=\"iso-thumb\">\n   \t\t\t\t\t\t\t\t<a href=\"https:\/\/www.grafique.cz\/en\/projects\/graphic-design-and-corporate-style-brno\/parisien-plakat\/\"><img decoding=\"async\" width=\"420\" height=\"402\" src=\"https:\/\/www.grafique.cz\/wp-content\/uploads\/PARISIEN_poster1-420x402.jpg\" class=\"attachment-thumbnail size-thumbnail wp-post-image\" alt=\"Parisien plak\u00e1t - realizace, Logo&amp;Print\" title=\"Parisien plak\u00e1t - realizace, Logo&amp;Print\" srcset=\"https:\/\/www.grafique.cz\/wp-content\/uploads\/PARISIEN_poster1-420x402.jpg 420w, https:\/\/www.grafique.cz\/wp-content\/uploads\/PARISIEN_poster1-300x287.jpg 300w, https:\/\/www.grafique.cz\/wp-content\/uploads\/PARISIEN_poster1-768x734.jpg 768w, https:\/\/www.grafique.cz\/wp-content\/uploads\/PARISIEN_poster1-105x100.jpg 105w, https:\/\/www.grafique.cz\/wp-content\/uploads\/PARISIEN_poster1.jpg 960w\" sizes=\"(max-width: 420px) 100vw, 420px\" \/><\/a>\n   \t\t\t\t\t\t\t<\/div>\n   \t\t\t\t\t\t   \t\t\t\t\t\t\t\t\t\t\t   \t\t\t\t<\/li>\n   \t\t\t   \t\t\t\t<li class=\"web-design-brno iso-post\">\n\t\t\t\t\t\t   \t\t\t\t\t<h2 class=\"iso-title\">\n              <a href=\"https:\/\/www.grafique.cz\/en\/projects\/web-design-brno\/fsc-lesnicky-web\/\">\n                FSC \u2013 lesnick\u00fd web                <span>Web design<\/span>              \n              <\/a>\n            <\/h2>            \n\t\t\t\t\t\t            <time class=\"updated\" datetime=\"2020-03-12T11:01:52+01:00\">03\/2020<\/time>\n   \t\t\t\t\t                               \t\t\t\t\t\t\t<div class=\"iso-thumb\">\n   \t\t\t\t\t\t\t\t<a href=\"https:\/\/www.grafique.cz\/en\/projects\/web-design-brno\/fsc-lesnicky-web\/\"><img decoding=\"async\" width=\"420\" height=\"1495\" src=\"https:\/\/www.grafique.cz\/wp-content\/uploads\/FSC_lesnicky_web_homepage-1-420x1495.jpg\" class=\"attachment-thumbnail size-thumbnail wp-post-image\" alt=\"FSC \u2013 lesnick\u00fd web - realizace, Web design\" title=\"FSC \u2013 lesnick\u00fd web - realizace, Web design\" srcset=\"https:\/\/www.grafique.cz\/wp-content\/uploads\/FSC_lesnicky_web_homepage-1-420x1495.jpg 420w, https:\/\/www.grafique.cz\/wp-content\/uploads\/FSC_lesnicky_web_homepage-1-84x300.jpg 84w, https:\/\/www.grafique.cz\/wp-content\/uploads\/FSC_lesnicky_web_homepage-1-768x2733.jpg 768w, https:\/\/www.grafique.cz\/wp-content\/uploads\/FSC_lesnicky_web_homepage-1-1340x4768.jpg 1340w, https:\/\/www.grafique.cz\/wp-content\/uploads\/FSC_lesnicky_web_homepage-1-28x100.jpg 28w, https:\/\/www.grafique.cz\/wp-content\/uploads\/FSC_lesnicky_web_homepage-1.jpg 1920w\" sizes=\"(max-width: 420px) 100vw, 420px\" \/><\/a>\n   \t\t\t\t\t\t\t<\/div>\n   \t\t\t\t\t\t   \t\t\t\t\t\t\t\t\t\t\t   \t\t\t\t<\/li>\n   \t\t\t   \t\t\t\t<li class=\"web-design-brno iso-post\">\n\t\t\t\t\t\t   \t\t\t\t\t<h2 class=\"iso-title\">\n              <a href=\"https:\/\/www.grafique.cz\/en\/projects\/web-design-brno\/elysian-sisters\/\">\n                Elysian Sisters                <span>Web design<\/span>              \n              <\/a>\n            <\/h2>            \n\t\t\t\t\t\t            <time class=\"updated\" datetime=\"2020-03-12T11:11:25+01:00\">03\/2020<\/time>\n   \t\t\t\t\t                               \t\t\t\t\t\t\t<div class=\"iso-thumb\">\n   \t\t\t\t\t\t\t\t<a href=\"https:\/\/www.grafique.cz\/en\/projects\/web-design-brno\/elysian-sisters\/\"><img decoding=\"async\" width=\"420\" height=\"230\" src=\"https:\/\/www.grafique.cz\/wp-content\/uploads\/screencapture-elysiansisters-2019-01-16-11_50_09-420x230.png\" class=\"attachment-thumbnail size-thumbnail wp-post-image\" alt=\"Elysian Sisters - realizace, Web design\" title=\"Elysian Sisters - realizace, Web design\" srcset=\"https:\/\/www.grafique.cz\/wp-content\/uploads\/screencapture-elysiansisters-2019-01-16-11_50_09-420x230.png 420w, https:\/\/www.grafique.cz\/wp-content\/uploads\/screencapture-elysiansisters-2019-01-16-11_50_09-300x164.png 300w, https:\/\/www.grafique.cz\/wp-content\/uploads\/screencapture-elysiansisters-2019-01-16-11_50_09-768x421.png 768w, https:\/\/www.grafique.cz\/wp-content\/uploads\/screencapture-elysiansisters-2019-01-16-11_50_09-1340x734.png 1340w, https:\/\/www.grafique.cz\/wp-content\/uploads\/screencapture-elysiansisters-2019-01-16-11_50_09-1536x841.png 1536w, https:\/\/www.grafique.cz\/wp-content\/uploads\/screencapture-elysiansisters-2019-01-16-11_50_09-2048x1122.png 2048w, https:\/\/www.grafique.cz\/wp-content\/uploads\/screencapture-elysiansisters-2019-01-16-11_50_09-183x100.png 183w\" sizes=\"(max-width: 420px) 100vw, 420px\" \/><\/a>\n   \t\t\t\t\t\t\t<\/div>\n   \t\t\t\t\t\t   \t\t\t\t\t\t\t\t\t\t\t   \t\t\t\t<\/li>\n   \t\t\t   \t\t\t\t<li class=\"graphic-design-and-corporate-style-brno iso-post\">\n\t\t\t\t\t\t   \t\t\t\t\t<h2 class=\"iso-title\">\n              <a href=\"https:\/\/www.grafique.cz\/en\/projects\/graphic-design-and-corporate-style-brno\/parisien-vizitka\/\">\n                Parisien vizitka                <span>Logo&amp;Print<\/span>              \n              <\/a>\n            <\/h2>            \n\t\t\t\t\t\t            <time class=\"updated\" datetime=\"2015-12-04T21:31:21+01:00\">12\/2015<\/time>\n   \t\t\t\t\t                               \t\t\t\t\t\t\t<div class=\"iso-thumb\">\n   \t\t\t\t\t\t\t\t<a href=\"https:\/\/www.grafique.cz\/en\/projects\/graphic-design-and-corporate-style-brno\/parisien-vizitka\/\"><img decoding=\"async\" width=\"420\" height=\"280\" src=\"https:\/\/www.grafique.cz\/wp-content\/uploads\/studio-parisien-vizitka-420x280.jpg\" class=\"attachment-thumbnail size-thumbnail wp-post-image\" alt=\"Parisien vizitka - realizace, Logo&amp;Print\" title=\"Parisien vizitka - realizace, Logo&amp;Print\" srcset=\"https:\/\/www.grafique.cz\/wp-content\/uploads\/studio-parisien-vizitka-420x280.jpg 420w, https:\/\/www.grafique.cz\/wp-content\/uploads\/studio-parisien-vizitka-300x200.jpg 300w, https:\/\/www.grafique.cz\/wp-content\/uploads\/studio-parisien-vizitka-768x512.jpg 768w, https:\/\/www.grafique.cz\/wp-content\/uploads\/studio-parisien-vizitka-150x100.jpg 150w, https:\/\/www.grafique.cz\/wp-content\/uploads\/studio-parisien-vizitka.jpg 1100w\" sizes=\"(max-width: 420px) 100vw, 420px\" \/><\/a>\n   \t\t\t\t\t\t\t<\/div>\n   \t\t\t\t\t\t   \t\t\t\t\t\t\t\t\t\t\t   \t\t\t\t<\/li>\n   \t\t\t   \t\t\t\t<li class=\"web-design-brno iso-post\">\n\t\t\t\t\t\t   \t\t\t\t\t<h2 class=\"iso-title\">\n              <a href=\"https:\/\/www.grafique.cz\/en\/projects\/web-design-brno\/advokatni-kancelar-siwy\/\">\n                Advokatn\u00ed kancel\u00e1\u0159 Siwy                <span>Web design<\/span>              \n              <\/a>\n            <\/h2>            \n\t\t\t\t\t\t            <time class=\"updated\" datetime=\"2020-03-12T11:23:05+01:00\">03\/2020<\/time>\n   \t\t\t\t\t                               \t\t\t\t\t\t\t<div class=\"iso-thumb\">\n   \t\t\t\t\t\t\t\t<a href=\"https:\/\/www.grafique.cz\/en\/projects\/web-design-brno\/advokatni-kancelar-siwy\/\"><img decoding=\"async\" width=\"420\" height=\"1096\" src=\"https:\/\/www.grafique.cz\/wp-content\/uploads\/webdesign-tvorba-www-advokatni-kancelar-siwy-420x1096.jpg\" class=\"attachment-thumbnail size-thumbnail wp-post-image\" alt=\"Advokatn\u00ed kancel\u00e1\u0159 Siwy - realizace, Web design\" title=\"Advokatn\u00ed kancel\u00e1\u0159 Siwy - realizace, Web design\" srcset=\"https:\/\/www.grafique.cz\/wp-content\/uploads\/webdesign-tvorba-www-advokatni-kancelar-siwy-420x1096.jpg 420w, https:\/\/www.grafique.cz\/wp-content\/uploads\/webdesign-tvorba-www-advokatni-kancelar-siwy-115x300.jpg 115w, https:\/\/www.grafique.cz\/wp-content\/uploads\/webdesign-tvorba-www-advokatni-kancelar-siwy-768x2005.jpg 768w, https:\/\/www.grafique.cz\/wp-content\/uploads\/webdesign-tvorba-www-advokatni-kancelar-siwy-1340x3498.jpg 1340w, https:\/\/www.grafique.cz\/wp-content\/uploads\/webdesign-tvorba-www-advokatni-kancelar-siwy-588x1536.jpg 588w, https:\/\/www.grafique.cz\/wp-content\/uploads\/webdesign-tvorba-www-advokatni-kancelar-siwy-785x2048.jpg 785w, https:\/\/www.grafique.cz\/wp-content\/uploads\/webdesign-tvorba-www-advokatni-kancelar-siwy-38x100.jpg 38w, https:\/\/www.grafique.cz\/wp-content\/uploads\/webdesign-tvorba-www-advokatni-kancelar-siwy.jpg 1604w\" sizes=\"(max-width: 420px) 100vw, 420px\" \/><\/a>\n   \t\t\t\t\t\t\t<\/div>\n   \t\t\t\t\t\t   \t\t\t\t\t\t\t\t\t\t\t   \t\t\t\t<\/li>\n   \t\t\t   \t\t\t\t<li class=\"graphic-design-and-corporate-style-brno iso-post\">\n\t\t\t\t\t\t   \t\t\t\t\t<h2 class=\"iso-title\">\n              <a href=\"https:\/\/www.grafique.cz\/en\/projects\/graphic-design-and-corporate-style-brno\/mia\/\">\n                Logo syst\u00e9mu MIA                <span>Logo&amp;Print<\/span>              \n              <\/a>\n            <\/h2>            \n\t\t\t\t\t\t            <time class=\"updated\" datetime=\"2015-10-07T12:45:34+01:00\">10\/2015<\/time>\n   \t\t\t\t\t                               \t\t\t\t\t\t\t<div class=\"iso-thumb\">\n   \t\t\t\t\t\t\t\t<a href=\"https:\/\/www.grafique.cz\/en\/projects\/graphic-design-and-corporate-style-brno\/mia\/\"><img decoding=\"async\" width=\"420\" height=\"297\" src=\"https:\/\/www.grafique.cz\/wp-content\/uploads\/MIA_logo-420x297.png\" class=\"attachment-thumbnail size-thumbnail wp-post-image\" alt=\"Logo syst\u00e9mu MIA - realizace, Logo&amp;Print\" title=\"Logo syst\u00e9mu MIA - realizace, Logo&amp;Print\" srcset=\"https:\/\/www.grafique.cz\/wp-content\/uploads\/MIA_logo-420x297.png 420w, https:\/\/www.grafique.cz\/wp-content\/uploads\/MIA_logo-300x212.png 300w, https:\/\/www.grafique.cz\/wp-content\/uploads\/MIA_logo-142x100.png 142w, https:\/\/www.grafique.cz\/wp-content\/uploads\/MIA_logo.png 650w\" sizes=\"(max-width: 420px) 100vw, 420px\" \/><\/a>\n   \t\t\t\t\t\t\t<\/div>\n   \t\t\t\t\t\t   \t\t\t\t\t\t\t\t\t\t\t   \t\t\t\t<\/li>\n   \t\t\t   \t\t\t\t<li class=\"graphic-design-and-corporate-style-brno iso-post\">\n\t\t\t\t\t\t   \t\t\t\t\t<h2 class=\"iso-title\">\n              <a href=\"https:\/\/www.grafique.cz\/en\/projects\/graphic-design-and-corporate-style-brno\/kalendar-pralesu-cr\/\">\n                Kalend\u00e1\u0159 prales\u016f \u010cR                <span>Logo&amp;Print<\/span>              \n              <\/a>\n            <\/h2>            \n\t\t\t\t\t\t            <time class=\"updated\" datetime=\"2020-03-12T11:18:44+01:00\">03\/2020<\/time>\n   \t\t\t\t\t                               \t\t\t\t\t\t\t<div class=\"iso-thumb\">\n   \t\t\t\t\t\t\t\t<a href=\"https:\/\/www.grafique.cz\/en\/projects\/graphic-design-and-corporate-style-brno\/kalendar-pralesu-cr\/\"><img decoding=\"async\" width=\"420\" height=\"236\" src=\"https:\/\/www.grafique.cz\/wp-content\/uploads\/titulka-1-420x236.jpg\" class=\"attachment-thumbnail size-thumbnail wp-post-image\" alt=\"Kalend\u00e1\u0159 prales\u016f \u010cR - realizace, Logo&amp;Print\" title=\"Kalend\u00e1\u0159 prales\u016f \u010cR - realizace, Logo&amp;Print\" srcset=\"https:\/\/www.grafique.cz\/wp-content\/uploads\/titulka-1-420x236.jpg 420w, https:\/\/www.grafique.cz\/wp-content\/uploads\/titulka-1-300x169.jpg 300w, https:\/\/www.grafique.cz\/wp-content\/uploads\/titulka-1-768x432.jpg 768w, https:\/\/www.grafique.cz\/wp-content\/uploads\/titulka-1-1340x754.jpg 1340w, https:\/\/www.grafique.cz\/wp-content\/uploads\/titulka-1-1536x864.jpg 1536w, https:\/\/www.grafique.cz\/wp-content\/uploads\/titulka-1-178x100.jpg 178w, https:\/\/www.grafique.cz\/wp-content\/uploads\/titulka-1.jpg 1920w\" sizes=\"(max-width: 420px) 100vw, 420px\" \/><\/a>\n   \t\t\t\t\t\t\t<\/div>\n   \t\t\t\t\t\t   \t\t\t\t\t\t\t\t\t\t\t   \t\t\t\t<\/li>\n   \t\t\t   \t\t\t\t<li class=\"graphic-design-and-corporate-style-brno iso-post\">\n\t\t\t\t\t\t   \t\t\t\t\t<h2 class=\"iso-title\">\n              <a href=\"https:\/\/www.grafique.cz\/en\/projects\/graphic-design-and-corporate-style-brno\/sara-bruno-software\/\">\n                Sara &#038; Bruno software                <span>Logo&amp;Print<\/span>              \n              <\/a>\n            <\/h2>            \n\t\t\t\t\t\t            <time class=\"updated\" datetime=\"2020-07-28T11:34:37+01:00\">07\/2020<\/time>\n   \t\t\t\t\t                               \t\t\t\t\t\t\t<div class=\"iso-thumb\">\n   \t\t\t\t\t\t\t\t<a href=\"https:\/\/www.grafique.cz\/en\/projects\/graphic-design-and-corporate-style-brno\/sara-bruno-software\/\"><img decoding=\"async\" width=\"420\" height=\"236\" src=\"https:\/\/www.grafique.cz\/wp-content\/uploads\/design-420x236.jpg\" class=\"attachment-thumbnail size-thumbnail wp-post-image\" alt=\"Sara &#038; Bruno software - realizace, Logo&amp;Print\" title=\"Sara &#038; Bruno software - realizace, Logo&amp;Print\" srcset=\"https:\/\/www.grafique.cz\/wp-content\/uploads\/design-420x236.jpg 420w, https:\/\/www.grafique.cz\/wp-content\/uploads\/design-300x169.jpg 300w, https:\/\/www.grafique.cz\/wp-content\/uploads\/design-768x432.jpg 768w, https:\/\/www.grafique.cz\/wp-content\/uploads\/design-1340x754.jpg 1340w, https:\/\/www.grafique.cz\/wp-content\/uploads\/design-1536x864.jpg 1536w, https:\/\/www.grafique.cz\/wp-content\/uploads\/design-178x100.jpg 178w, https:\/\/www.grafique.cz\/wp-content\/uploads\/design.jpg 1920w\" sizes=\"(max-width: 420px) 100vw, 420px\" \/><\/a>\n   \t\t\t\t\t\t\t<\/div>\n   \t\t\t\t\t\t   \t\t\t\t\t\t\t\t\t\t\t   \t\t\t\t<\/li>\n   \t\t\t   \t\t\t\t<li class=\"graphic-design-and-corporate-style-brno iso-post\">\n\t\t\t\t\t\t   \t\t\t\t\t<h2 class=\"iso-title\">\n              <a href=\"https:\/\/www.grafique.cz\/en\/projects\/graphic-design-and-corporate-style-brno\/iva-bittova-logo\/\">\n                Iva Bittov\u00e1 logo                <span>Logo&amp;Print<\/span>              \n              <\/a>\n            <\/h2>            \n\t\t\t\t\t\t            <time class=\"updated\" datetime=\"2020-03-12T11:19:40+01:00\">03\/2020<\/time>\n   \t\t\t\t\t                               \t\t\t\t\t\t\t<div class=\"iso-thumb\">\n   \t\t\t\t\t\t\t\t<a href=\"https:\/\/www.grafique.cz\/en\/projects\/graphic-design-and-corporate-style-brno\/iva-bittova-logo\/\"><img decoding=\"async\" width=\"420\" height=\"297\" src=\"https:\/\/www.grafique.cz\/wp-content\/uploads\/iva-bittova-logo-420x297.jpg\" class=\"attachment-thumbnail size-thumbnail wp-post-image\" alt=\"Iva Bittov\u00e1 logo - realizace, Logo&amp;Print\" title=\"Iva Bittov\u00e1 logo - realizace, Logo&amp;Print\" srcset=\"https:\/\/www.grafique.cz\/wp-content\/uploads\/iva-bittova-logo-420x297.jpg 420w, https:\/\/www.grafique.cz\/wp-content\/uploads\/iva-bittova-logo-300x212.jpg 300w, https:\/\/www.grafique.cz\/wp-content\/uploads\/iva-bittova-logo-768x543.jpg 768w, https:\/\/www.grafique.cz\/wp-content\/uploads\/iva-bittova-logo-142x100.jpg 142w, https:\/\/www.grafique.cz\/wp-content\/uploads\/iva-bittova-logo.jpg 842w\" sizes=\"(max-width: 420px) 100vw, 420px\" \/><\/a>\n   \t\t\t\t\t\t\t<\/div>\n   \t\t\t\t\t\t   \t\t\t\t\t\t\t\t\t\t\t   \t\t\t\t<\/li>\n   \t\t\t   \t\t\t\t<li class=\"web-design-brno iso-post\">\n\t\t\t\t\t\t   \t\t\t\t\t<h2 class=\"iso-title\">\n              <a href=\"https:\/\/www.grafique.cz\/en\/projects\/web-design-brno\/pralesy-cr\/\">\n                Pralesy \u010cR                <span>Web design<\/span>              \n              <\/a>\n            <\/h2>            \n\t\t\t\t\t\t            <time class=\"updated\" datetime=\"2020-03-12T11:23:52+01:00\">03\/2020<\/time>\n   \t\t\t\t\t                               \t\t\t\t\t\t\t<div class=\"iso-thumb\">\n   \t\t\t\t\t\t\t\t<a href=\"https:\/\/www.grafique.cz\/en\/projects\/web-design-brno\/pralesy-cr\/\"><img decoding=\"async\" width=\"420\" height=\"1175\" src=\"https:\/\/www.grafique.cz\/wp-content\/uploads\/1920_web-pralesy-420x1175.jpg\" class=\"attachment-thumbnail size-thumbnail wp-post-image\" alt=\"Pralesy \u010cR - realizace, Web design\" title=\"Pralesy \u010cR - realizace, Web design\" srcset=\"https:\/\/www.grafique.cz\/wp-content\/uploads\/1920_web-pralesy-420x1175.jpg 420w, https:\/\/www.grafique.cz\/wp-content\/uploads\/1920_web-pralesy-107x300.jpg 107w, https:\/\/www.grafique.cz\/wp-content\/uploads\/1920_web-pralesy-768x2148.jpg 768w, https:\/\/www.grafique.cz\/wp-content\/uploads\/1920_web-pralesy-1340x3749.jpg 1340w, https:\/\/www.grafique.cz\/wp-content\/uploads\/1920_web-pralesy-549x1536.jpg 549w, https:\/\/www.grafique.cz\/wp-content\/uploads\/1920_web-pralesy-36x100.jpg 36w, https:\/\/www.grafique.cz\/wp-content\/uploads\/1920_web-pralesy.jpg 1920w\" sizes=\"(max-width: 420px) 100vw, 420px\" \/><\/a>\n   \t\t\t\t\t\t\t<\/div>\n   \t\t\t\t\t\t   \t\t\t\t\t\t\t\t\t\t\t   \t\t\t\t<\/li>\n   \t\t\t   \t\t\t\t<li class=\"graphic-design-and-corporate-style-brno iso-post\">\n\t\t\t\t\t\t   \t\t\t\t\t<h2 class=\"iso-title\">\n              <a href=\"https:\/\/www.grafique.cz\/en\/projects\/graphic-design-and-corporate-style-brno\/arbrno-materialy\/\">\n                arbrno materi\u00e1ly                <span>Logo&amp;Print<\/span>              \n              <\/a>\n            <\/h2>            \n\t\t\t\t\t\t            <time class=\"updated\" datetime=\"2020-07-28T11:34:37+01:00\">07\/2020<\/time>\n   \t\t\t\t\t                               \t\t\t\t\t\t\t<div class=\"iso-thumb\">\n   \t\t\t\t\t\t\t\t<a href=\"https:\/\/www.grafique.cz\/en\/projects\/graphic-design-and-corporate-style-brno\/arbrno-materialy\/\"><img decoding=\"async\" width=\"420\" height=\"357\" src=\"https:\/\/www.grafique.cz\/wp-content\/uploads\/AR_caj_1-420x357.jpg\" class=\"attachment-thumbnail size-thumbnail wp-post-image\" alt=\"arbrno materi\u00e1ly - realizace, Logo&amp;Print\" title=\"arbrno materi\u00e1ly - realizace, Logo&amp;Print\" srcset=\"https:\/\/www.grafique.cz\/wp-content\/uploads\/AR_caj_1-420x357.jpg 420w, https:\/\/www.grafique.cz\/wp-content\/uploads\/AR_caj_1-300x255.jpg 300w, https:\/\/www.grafique.cz\/wp-content\/uploads\/AR_caj_1-768x652.jpg 768w, https:\/\/www.grafique.cz\/wp-content\/uploads\/AR_caj_1-1340x1138.jpg 1340w, https:\/\/www.grafique.cz\/wp-content\/uploads\/AR_caj_1-1536x1305.jpg 1536w, https:\/\/www.grafique.cz\/wp-content\/uploads\/AR_caj_1-118x100.jpg 118w, https:\/\/www.grafique.cz\/wp-content\/uploads\/AR_caj_1.jpg 1920w\" sizes=\"(max-width: 420px) 100vw, 420px\" \/><\/a>\n   \t\t\t\t\t\t\t<\/div>\n   \t\t\t\t\t\t   \t\t\t\t\t\t\t\t\t\t\t   \t\t\t\t<\/li>\n   \t\t\t   \t\t\t\t<li class=\"web-design-brno iso-post\">\n\t\t\t\t\t\t   \t\t\t\t\t<h2 class=\"iso-title\">\n              <a href=\"https:\/\/www.grafique.cz\/en\/projects\/web-design-brno\/vila-tugendhat\/\">\n                Vila Tugendhat 2009-2021                <span>Web design<\/span>              \n              <\/a>\n            <\/h2>            \n\t\t\t\t\t\t            <time class=\"updated\" datetime=\"2020-03-12T11:24:27+01:00\">03\/2020<\/time>\n   \t\t\t\t\t                               \t\t\t\t\t\t\t<div class=\"iso-thumb\">\n   \t\t\t\t\t\t\t\t<a href=\"https:\/\/www.grafique.cz\/en\/projects\/web-design-brno\/vila-tugendhat\/\"><img decoding=\"async\" width=\"420\" height=\"537\" src=\"https:\/\/www.grafique.cz\/wp-content\/uploads\/tvorba_www_stranek_tugendhat_vila-420x537.jpg\" class=\"attachment-thumbnail size-thumbnail wp-post-image\" alt=\"Vila Tugendhat 2009-2021 - realizace, Web design\" title=\"Vila Tugendhat 2009-2021 - realizace, Web design\" srcset=\"https:\/\/www.grafique.cz\/wp-content\/uploads\/tvorba_www_stranek_tugendhat_vila-420x537.jpg 420w, https:\/\/www.grafique.cz\/wp-content\/uploads\/tvorba_www_stranek_tugendhat_vila-235x300.jpg 235w, https:\/\/www.grafique.cz\/wp-content\/uploads\/tvorba_www_stranek_tugendhat_vila-768x981.jpg 768w, https:\/\/www.grafique.cz\/wp-content\/uploads\/tvorba_www_stranek_tugendhat_vila-78x100.jpg 78w, https:\/\/www.grafique.cz\/wp-content\/uploads\/tvorba_www_stranek_tugendhat_vila.jpg 1015w\" sizes=\"(max-width: 420px) 100vw, 420px\" \/><\/a>\n   \t\t\t\t\t\t\t<\/div>\n   \t\t\t\t\t\t   \t\t\t\t\t\t\t\t\t\t\t   \t\t\t\t<\/li>\n   \t\t\t   \t\t\t\t<li class=\"advertising-photography-brno iso-post\">\n\t\t\t\t\t\t   \t\t\t\t\t<h2 class=\"iso-title\">\n              <a href=\"https:\/\/www.grafique.cz\/en\/projects\/advertising-photography-brno\/mnd\/\">\n                architektura MND                <span>Photography<\/span>              \n              <\/a>\n            <\/h2>            \n\t\t\t\t\t\t            <time class=\"updated\" datetime=\"2015-09-08T22:17:45+01:00\">09\/2015<\/time>\n   \t\t\t\t\t                               \t\t\t\t\t\t\t<div class=\"iso-thumb\">\n   \t\t\t\t\t\t\t\t<a href=\"https:\/\/www.grafique.cz\/en\/projects\/advertising-photography-brno\/mnd\/\"><img decoding=\"async\" width=\"420\" height=\"482\" src=\"https:\/\/www.grafique.cz\/wp-content\/uploads\/MND-2015-2-420x482.jpg\" class=\"attachment-thumbnail size-thumbnail wp-post-image\" alt=\"architektura MND - realizace, Photography\" title=\"architektura MND - realizace, Photography\" srcset=\"https:\/\/www.grafique.cz\/wp-content\/uploads\/MND-2015-2-420x482.jpg 420w, https:\/\/www.grafique.cz\/wp-content\/uploads\/MND-2015-2-261x300.jpg 261w, https:\/\/www.grafique.cz\/wp-content\/uploads\/MND-2015-2-768x881.jpg 768w, https:\/\/www.grafique.cz\/wp-content\/uploads\/MND-2015-2-1340x1538.jpg 1340w, https:\/\/www.grafique.cz\/wp-content\/uploads\/MND-2015-2-1338x1536.jpg 1338w, https:\/\/www.grafique.cz\/wp-content\/uploads\/MND-2015-2-87x100.jpg 87w, https:\/\/www.grafique.cz\/wp-content\/uploads\/MND-2015-2.jpg 1743w\" sizes=\"(max-width: 420px) 100vw, 420px\" \/><\/a>\n   \t\t\t\t\t\t\t<\/div>\n   \t\t\t\t\t\t   \t\t\t\t\t\t\t\t\t\t\t   \t\t\t\t<\/li>\n   \t\t\t   \t\t\t\t<li class=\"web-design-brno iso-post\">\n\t\t\t\t\t\t   \t\t\t\t\t<h2 class=\"iso-title\">\n              <a href=\"https:\/\/www.grafique.cz\/en\/projects\/web-design-brno\/tvorba-www-stranek-top-bicycle\/\">\n                Top bicycle                <span>Web design<\/span>              \n              <\/a>\n            <\/h2>            \n\t\t\t\t\t\t            <time class=\"updated\" datetime=\"2020-07-28T11:34:38+01:00\">07\/2020<\/time>\n   \t\t\t\t\t                               \t\t\t\t\t\t\t<div class=\"iso-thumb\">\n   \t\t\t\t\t\t\t\t<a href=\"https:\/\/www.grafique.cz\/en\/projects\/web-design-brno\/tvorba-www-stranek-top-bicycle\/\"><img decoding=\"async\" width=\"420\" height=\"3080\" src=\"https:\/\/www.grafique.cz\/wp-content\/uploads\/tb_HOMEPAGE-1-420x3080.jpg\" class=\"attachment-thumbnail size-thumbnail wp-post-image\" alt=\"Top bicycle - realizace, Web design\" title=\"Top bicycle - realizace, Web design\" srcset=\"https:\/\/www.grafique.cz\/wp-content\/uploads\/tb_HOMEPAGE-1-420x3080.jpg 420w, https:\/\/www.grafique.cz\/wp-content\/uploads\/tb_HOMEPAGE-1-41x300.jpg 41w, https:\/\/www.grafique.cz\/wp-content\/uploads\/tb_HOMEPAGE-1-768x5632.jpg 768w, https:\/\/www.grafique.cz\/wp-content\/uploads\/tb_HOMEPAGE-1.jpg 1300w\" sizes=\"(max-width: 420px) 100vw, 420px\" \/><\/a>\n   \t\t\t\t\t\t\t<\/div>\n   \t\t\t\t\t\t   \t\t\t\t\t\t\t\t\t\t\t   \t\t\t\t<\/li>\n   \t\t\t   \t\t\t\t<li class=\"web-design-brno iso-post\">\n\t\t\t\t\t\t   \t\t\t\t\t<h2 class=\"iso-title\">\n              <a href=\"https:\/\/www.grafique.cz\/en\/projects\/web-design-brno\/mylovelychameleon-com\/\">\n                mylovelychameleon.com                <span>Web design<\/span>              \n              <\/a>\n            <\/h2>            \n\t\t\t\t\t\t            <time class=\"updated\" datetime=\"2015-12-04T17:22:16+01:00\">12\/2015<\/time>\n   \t\t\t\t\t                               \t\t\t\t\t\t\t<div class=\"iso-thumb\">\n   \t\t\t\t\t\t\t\t<a href=\"https:\/\/www.grafique.cz\/en\/projects\/web-design-brno\/mylovelychameleon-com\/\"><img decoding=\"async\" width=\"420\" height=\"227\" src=\"https:\/\/www.grafique.cz\/wp-content\/uploads\/mylovelychameleon-com-tvorba-eshopu-brno--420x227.png\" class=\"attachment-thumbnail size-thumbnail wp-post-image\" alt=\"mylovelychameleon.com - realizace, Web design\" title=\"mylovelychameleon.com - realizace, Web design\" srcset=\"https:\/\/www.grafique.cz\/wp-content\/uploads\/mylovelychameleon-com-tvorba-eshopu-brno--420x227.png 420w, https:\/\/www.grafique.cz\/wp-content\/uploads\/mylovelychameleon-com-tvorba-eshopu-brno--300x162.png 300w, https:\/\/www.grafique.cz\/wp-content\/uploads\/mylovelychameleon-com-tvorba-eshopu-brno--768x415.png 768w, https:\/\/www.grafique.cz\/wp-content\/uploads\/mylovelychameleon-com-tvorba-eshopu-brno--1340x724.png 1340w, https:\/\/www.grafique.cz\/wp-content\/uploads\/mylovelychameleon-com-tvorba-eshopu-brno--185x100.png 185w, https:\/\/www.grafique.cz\/wp-content\/uploads\/mylovelychameleon-com-tvorba-eshopu-brno-.png 1440w\" sizes=\"(max-width: 420px) 100vw, 420px\" \/><\/a>\n   \t\t\t\t\t\t\t<\/div>\n   \t\t\t\t\t\t   \t\t\t\t\t\t\t\t\t\t\t   \t\t\t\t<\/li>\n   \t\t\t   \t\t\t\t<li class=\"advertising-photography-brno iso-post\">\n\t\t\t\t\t\t   \t\t\t\t\t<h2 class=\"iso-title\">\n              <a href=\"https:\/\/www.grafique.cz\/en\/projects\/advertising-photography-brno\/ok-mont\/\">\n                OK Mont                <span>Photography<\/span>              \n              <\/a>\n            <\/h2>            \n\t\t\t\t\t\t            <time class=\"updated\" datetime=\"2015-09-08T22:21:14+01:00\">09\/2015<\/time>\n   \t\t\t\t\t                               \t\t\t\t\t\t\t<div class=\"iso-thumb\">\n   \t\t\t\t\t\t\t\t<a href=\"https:\/\/www.grafique.cz\/en\/projects\/advertising-photography-brno\/ok-mont\/\"><img decoding=\"async\" width=\"420\" height=\"264\" src=\"https:\/\/www.grafique.cz\/wp-content\/uploads\/OK-Mont-2014-6-420x264.jpg\" class=\"attachment-thumbnail size-thumbnail wp-post-image\" alt=\"OK Mont - realizace, Photography\" title=\"OK Mont - realizace, Photography\" srcset=\"https:\/\/www.grafique.cz\/wp-content\/uploads\/OK-Mont-2014-6-420x264.jpg 420w, https:\/\/www.grafique.cz\/wp-content\/uploads\/OK-Mont-2014-6-300x189.jpg 300w, https:\/\/www.grafique.cz\/wp-content\/uploads\/OK-Mont-2014-6-768x483.jpg 768w, https:\/\/www.grafique.cz\/wp-content\/uploads\/OK-Mont-2014-6-159x100.jpg 159w, https:\/\/www.grafique.cz\/wp-content\/uploads\/OK-Mont-2014-6.jpg 1200w\" sizes=\"(max-width: 420px) 100vw, 420px\" \/><\/a>\n   \t\t\t\t\t\t\t<\/div>\n   \t\t\t\t\t\t   \t\t\t\t\t\t\t\t\t\t\t   \t\t\t\t<\/li>\n   \t\t\t   \t\t\t\t<li class=\"web-design-brno iso-post\">\n\t\t\t\t\t\t   \t\t\t\t\t<h2 class=\"iso-title\">\n              <a href=\"https:\/\/www.grafique.cz\/en\/projects\/web-design-brno\/mycoft-mind\/\">\n                Mycoft mind                <span>Web design<\/span>              \n              <\/a>\n            <\/h2>            \n\t\t\t\t\t\t            <time class=\"updated\" datetime=\"2020-03-12T11:30:47+01:00\">03\/2020<\/time>\n   \t\t\t\t\t                               \t\t\t\t\t\t\t<div class=\"iso-thumb\">\n   \t\t\t\t\t\t\t\t<a href=\"https:\/\/www.grafique.cz\/en\/projects\/web-design-brno\/mycoft-mind\/\"><img decoding=\"async\" width=\"420\" height=\"1942\" src=\"https:\/\/www.grafique.cz\/wp-content\/uploads\/FireShot-Capture-004-Mycroft-Mind-https___www.mycroftmind.com_-420x1942.jpg\" class=\"attachment-thumbnail size-thumbnail wp-post-image\" alt=\"Mycoft mind - realizace, Web design\" title=\"Mycoft mind - realizace, Web design\" srcset=\"https:\/\/www.grafique.cz\/wp-content\/uploads\/FireShot-Capture-004-Mycroft-Mind-https___www.mycroftmind.com_-420x1942.jpg 420w, https:\/\/www.grafique.cz\/wp-content\/uploads\/FireShot-Capture-004-Mycroft-Mind-https___www.mycroftmind.com_-65x300.jpg 65w, https:\/\/www.grafique.cz\/wp-content\/uploads\/FireShot-Capture-004-Mycroft-Mind-https___www.mycroftmind.com_-768x3552.jpg 768w, https:\/\/www.grafique.cz\/wp-content\/uploads\/FireShot-Capture-004-Mycroft-Mind-https___www.mycroftmind.com_-1340x6197.jpg 1340w, https:\/\/www.grafique.cz\/wp-content\/uploads\/FireShot-Capture-004-Mycroft-Mind-https___www.mycroftmind.com_-332x1536.jpg 332w, https:\/\/www.grafique.cz\/wp-content\/uploads\/FireShot-Capture-004-Mycroft-Mind-https___www.mycroftmind.com_.jpg 1663w\" sizes=\"(max-width: 420px) 100vw, 420px\" \/><\/a>\n   \t\t\t\t\t\t\t<\/div>\n   \t\t\t\t\t\t   \t\t\t\t\t\t\t\t\t\t\t   \t\t\t\t<\/li>\n   \t\t\t   \t\t\t\t<li class=\"graphic-design-and-corporate-style-brno iso-post\">\n\t\t\t\t\t\t   \t\t\t\t\t<h2 class=\"iso-title\">\n              <a href=\"https:\/\/www.grafique.cz\/en\/projects\/graphic-design-and-corporate-style-brno\/landr-company-logo\/\">\n                Landr company logo                <span>Logo&amp;Print<\/span>              \n              <\/a>\n            <\/h2>            \n\t\t\t\t\t\t            <time class=\"updated\" datetime=\"2020-03-12T11:22:17+01:00\">03\/2020<\/time>\n   \t\t\t\t\t                               \t\t\t\t\t\t\t<div class=\"iso-thumb\">\n   \t\t\t\t\t\t\t\t<a href=\"https:\/\/www.grafique.cz\/en\/projects\/graphic-design-and-corporate-style-brno\/landr-company-logo\/\"><img decoding=\"async\" width=\"420\" height=\"236\" src=\"https:\/\/www.grafique.cz\/wp-content\/uploads\/Landr_logo-420x236.jpg\" class=\"attachment-thumbnail size-thumbnail wp-post-image\" alt=\"Landr company logo - realizace, Logo&amp;Print\" title=\"Landr company logo - realizace, Logo&amp;Print\" srcset=\"https:\/\/www.grafique.cz\/wp-content\/uploads\/Landr_logo-420x236.jpg 420w, https:\/\/www.grafique.cz\/wp-content\/uploads\/Landr_logo-300x169.jpg 300w, https:\/\/www.grafique.cz\/wp-content\/uploads\/Landr_logo-768x432.jpg 768w, https:\/\/www.grafique.cz\/wp-content\/uploads\/Landr_logo-1340x754.jpg 1340w, https:\/\/www.grafique.cz\/wp-content\/uploads\/Landr_logo-1536x864.jpg 1536w, https:\/\/www.grafique.cz\/wp-content\/uploads\/Landr_logo-178x100.jpg 178w, https:\/\/www.grafique.cz\/wp-content\/uploads\/Landr_logo.jpg 1920w\" sizes=\"(max-width: 420px) 100vw, 420px\" \/><\/a>\n   \t\t\t\t\t\t\t<\/div>\n   \t\t\t\t\t\t   \t\t\t\t\t\t\t\t\t\t\t   \t\t\t\t<\/li>\n   \t\t\t   \t\t\t\t<li class=\"web-design-brno iso-post\">\n\t\t\t\t\t\t   \t\t\t\t\t<h2 class=\"iso-title\">\n              <a href=\"https:\/\/www.grafique.cz\/en\/projects\/web-design-brno\/web-arch-design\/\">\n                Web Arch.design                <span>Web design<\/span>              \n              <\/a>\n            <\/h2>            \n\t\t\t\t\t\t            <time class=\"updated\" datetime=\"2015-06-30T09:40:41+01:00\">06\/2015<\/time>\n   \t\t\t\t\t                               \t\t\t\t\t\t\t<div class=\"iso-thumb\">\n   \t\t\t\t\t\t\t\t<a href=\"https:\/\/www.grafique.cz\/en\/projects\/web-design-brno\/web-arch-design\/\"><img decoding=\"async\" width=\"420\" height=\"523\" src=\"https:\/\/www.grafique.cz\/wp-content\/uploads\/ArchDesign_web_v6_2_home-1-420x523.jpg\" class=\"attachment-thumbnail size-thumbnail wp-post-image\" alt=\"Web Arch.design - realizace, Web design\" title=\"Web Arch.design - realizace, Web design\" srcset=\"https:\/\/www.grafique.cz\/wp-content\/uploads\/ArchDesign_web_v6_2_home-1-420x523.jpg 420w, https:\/\/www.grafique.cz\/wp-content\/uploads\/ArchDesign_web_v6_2_home-1-241x300.jpg 241w, https:\/\/www.grafique.cz\/wp-content\/uploads\/ArchDesign_web_v6_2_home-1-768x956.jpg 768w, https:\/\/www.grafique.cz\/wp-content\/uploads\/ArchDesign_web_v6_2_home-1-1340x1668.jpg 1340w, https:\/\/www.grafique.cz\/wp-content\/uploads\/ArchDesign_web_v6_2_home-1-1234x1536.jpg 1234w, https:\/\/www.grafique.cz\/wp-content\/uploads\/ArchDesign_web_v6_2_home-1-80x100.jpg 80w, https:\/\/www.grafique.cz\/wp-content\/uploads\/ArchDesign_web_v6_2_home-1.jpg 1440w\" sizes=\"(max-width: 420px) 100vw, 420px\" \/><\/a>\n   \t\t\t\t\t\t\t<\/div>\n   \t\t\t\t\t\t   \t\t\t\t\t\t\t\t\t\t\t   \t\t\t\t<\/li>\n   \t\t\t   \t\t\t\t<li class=\"web-design-brno iso-post\">\n\t\t\t\t\t\t   \t\t\t\t\t<h2 class=\"iso-title\">\n              <a href=\"https:\/\/www.grafique.cz\/en\/projects\/web-design-brno\/galoty-web-project\/\">\n                Galoty web                <span>Web design<\/span>              \n              <\/a>\n            <\/h2>            \n\t\t\t\t\t\t            <time class=\"updated\" datetime=\"2020-07-28T11:34:38+01:00\">07\/2020<\/time>\n   \t\t\t\t\t                               \t\t\t\t\t\t\t<div class=\"iso-thumb\">\n   \t\t\t\t\t\t\t\t<a href=\"https:\/\/www.grafique.cz\/en\/projects\/web-design-brno\/galoty-web-project\/\"><img decoding=\"async\" width=\"420\" height=\"1940\" src=\"https:\/\/www.grafique.cz\/wp-content\/uploads\/tvorba-webove-aplikace-webdesign-galoty-420x1940.jpg\" class=\"attachment-thumbnail size-thumbnail wp-post-image\" alt=\"Galoty web - realizace, Web design\" title=\"Galoty web - realizace, Web design\" srcset=\"https:\/\/www.grafique.cz\/wp-content\/uploads\/tvorba-webove-aplikace-webdesign-galoty-420x1940.jpg 420w, https:\/\/www.grafique.cz\/wp-content\/uploads\/tvorba-webove-aplikace-webdesign-galoty-65x300.jpg 65w, https:\/\/www.grafique.cz\/wp-content\/uploads\/tvorba-webove-aplikace-webdesign-galoty-768x3547.jpg 768w, https:\/\/www.grafique.cz\/wp-content\/uploads\/tvorba-webove-aplikace-webdesign-galoty-1340x6189.jpg 1340w, https:\/\/www.grafique.cz\/wp-content\/uploads\/tvorba-webove-aplikace-webdesign-galoty.jpg 1440w\" sizes=\"(max-width: 420px) 100vw, 420px\" \/><\/a>\n   \t\t\t\t\t\t\t<\/div>\n   \t\t\t\t\t\t   \t\t\t\t\t\t\t\t\t\t\t   \t\t\t\t<\/li>\n   \t\t\t   \t\t\t\t<li class=\"web-design-brno iso-post\">\n\t\t\t\t\t\t   \t\t\t\t\t<h2 class=\"iso-title\">\n              <a href=\"https:\/\/www.grafique.cz\/en\/projects\/web-design-brno\/webdesign-gurdau-vinarstvi\/\">\n                Gurdau Vina\u0159stv\u00ed                <span>Web design<\/span>              \n              <\/a>\n            <\/h2>            \n\t\t\t\t\t\t            <time class=\"updated\" datetime=\"2018-12-13T09:17:50+01:00\">12\/2018<\/time>\n   \t\t\t\t\t                               \t\t\t\t\t\t\t<div class=\"iso-thumb\">\n   \t\t\t\t\t\t\t\t<a href=\"https:\/\/www.grafique.cz\/en\/projects\/web-design-brno\/webdesign-gurdau-vinarstvi\/\"><img decoding=\"async\" width=\"420\" height=\"923\" src=\"https:\/\/www.grafique.cz\/wp-content\/uploads\/screencapture-gurdauvinarstvi-cz-2018-12-13-09_11_28-1-420x923.png\" class=\"attachment-thumbnail size-thumbnail wp-post-image\" alt=\"Gurdau Vina\u0159stv\u00ed - realizace, Web design\" title=\"Gurdau Vina\u0159stv\u00ed - realizace, Web design\" srcset=\"https:\/\/www.grafique.cz\/wp-content\/uploads\/screencapture-gurdauvinarstvi-cz-2018-12-13-09_11_28-1-420x923.png 420w, https:\/\/www.grafique.cz\/wp-content\/uploads\/screencapture-gurdauvinarstvi-cz-2018-12-13-09_11_28-1-137x300.png 137w, https:\/\/www.grafique.cz\/wp-content\/uploads\/screencapture-gurdauvinarstvi-cz-2018-12-13-09_11_28-1-768x1688.png 768w, https:\/\/www.grafique.cz\/wp-content\/uploads\/screencapture-gurdauvinarstvi-cz-2018-12-13-09_11_28-1-1340x2945.png 1340w, https:\/\/www.grafique.cz\/wp-content\/uploads\/screencapture-gurdauvinarstvi-cz-2018-12-13-09_11_28-1-699x1536.png 699w, https:\/\/www.grafique.cz\/wp-content\/uploads\/screencapture-gurdauvinarstvi-cz-2018-12-13-09_11_28-1-932x2048.png 932w, https:\/\/www.grafique.cz\/wp-content\/uploads\/screencapture-gurdauvinarstvi-cz-2018-12-13-09_11_28-1-46x100.png 46w, https:\/\/www.grafique.cz\/wp-content\/uploads\/screencapture-gurdauvinarstvi-cz-2018-12-13-09_11_28-1.png 1608w\" sizes=\"(max-width: 420px) 100vw, 420px\" \/><\/a>\n   \t\t\t\t\t\t\t<\/div>\n   \t\t\t\t\t\t   \t\t\t\t\t\t\t\t\t\t\t   \t\t\t\t<\/li>\n   \t\t\t   \t\t\t\t<li class=\"graphic-design-and-corporate-style-brno iso-post\">\n\t\t\t\t\t\t   \t\t\t\t\t<h2 class=\"iso-title\">\n              <a href=\"https:\/\/www.grafique.cz\/en\/projects\/graphic-design-and-corporate-style-brno\/finez-logo\/\">\n                Finez logo                <span>Logo&amp;Print<\/span>              \n              <\/a>\n            <\/h2>            \n\t\t\t\t\t\t            <time class=\"updated\" datetime=\"2020-03-12T11:28:21+01:00\">03\/2020<\/time>\n   \t\t\t\t\t                               \t\t\t\t\t\t\t<div class=\"iso-thumb\">\n   \t\t\t\t\t\t\t\t<a href=\"https:\/\/www.grafique.cz\/en\/projects\/graphic-design-and-corporate-style-brno\/finez-logo\/\"><img decoding=\"async\" width=\"420\" height=\"236\" src=\"https:\/\/www.grafique.cz\/wp-content\/uploads\/finez_logo-420x236.jpg\" class=\"attachment-thumbnail size-thumbnail wp-post-image\" alt=\"Finez logo - realizace, Logo&amp;Print\" title=\"Finez logo - realizace, Logo&amp;Print\" srcset=\"https:\/\/www.grafique.cz\/wp-content\/uploads\/finez_logo-420x236.jpg 420w, https:\/\/www.grafique.cz\/wp-content\/uploads\/finez_logo-300x169.jpg 300w, https:\/\/www.grafique.cz\/wp-content\/uploads\/finez_logo-768x432.jpg 768w, https:\/\/www.grafique.cz\/wp-content\/uploads\/finez_logo-1340x754.jpg 1340w, https:\/\/www.grafique.cz\/wp-content\/uploads\/finez_logo-1536x864.jpg 1536w, https:\/\/www.grafique.cz\/wp-content\/uploads\/finez_logo-178x100.jpg 178w, https:\/\/www.grafique.cz\/wp-content\/uploads\/finez_logo.jpg 1920w\" sizes=\"(max-width: 420px) 100vw, 420px\" \/><\/a>\n   \t\t\t\t\t\t\t<\/div>\n   \t\t\t\t\t\t   \t\t\t\t\t\t\t\t\t\t\t   \t\t\t\t<\/li>\n   \t\t\t   \t\t\t\t<li class=\"advertising-photography-brno iso-post\">\n\t\t\t\t\t\t   \t\t\t\t\t<h2 class=\"iso-title\">\n              <a href=\"https:\/\/www.grafique.cz\/en\/projects\/advertising-photography-brno\/obuv-sprandi\/\">\n                Sprandi                <span>Photography<\/span>              \n              <\/a>\n            <\/h2>            \n\t\t\t\t\t\t            <time class=\"updated\" datetime=\"2016-02-06T21:45:24+01:00\">02\/2016<\/time>\n   \t\t\t\t\t                               \t\t\t\t\t\t\t<div class=\"iso-thumb\">\n   \t\t\t\t\t\t\t\t<a href=\"https:\/\/www.grafique.cz\/en\/projects\/advertising-photography-brno\/obuv-sprandi\/\"><img decoding=\"async\" width=\"420\" height=\"513\" src=\"https:\/\/www.grafique.cz\/wp-content\/uploads\/sprandi_01-420x513.jpg\" class=\"attachment-thumbnail size-thumbnail wp-post-image\" alt=\"Sprandi - realizace, Photography\" title=\"Sprandi - realizace, Photography\" srcset=\"https:\/\/www.grafique.cz\/wp-content\/uploads\/sprandi_01-420x513.jpg 420w, https:\/\/www.grafique.cz\/wp-content\/uploads\/sprandi_01-246x300.jpg 246w, https:\/\/www.grafique.cz\/wp-content\/uploads\/sprandi_01-1340x1637.jpg 1340w, https:\/\/www.grafique.cz\/wp-content\/uploads\/sprandi_01-768x938.jpg 768w, https:\/\/www.grafique.cz\/wp-content\/uploads\/sprandi_01-1257x1536.jpg 1257w, https:\/\/www.grafique.cz\/wp-content\/uploads\/sprandi_01-82x100.jpg 82w, https:\/\/www.grafique.cz\/wp-content\/uploads\/sprandi_01.jpg 1440w\" sizes=\"(max-width: 420px) 100vw, 420px\" \/><\/a>\n   \t\t\t\t\t\t\t<\/div>\n   \t\t\t\t\t\t   \t\t\t\t\t\t\t\t\t\t\t   \t\t\t\t<\/li>\n   \t\t\t   \t\t\t\t<li class=\"graphic-design-and-corporate-style-brno iso-post\">\n\t\t\t\t\t\t   \t\t\t\t\t<h2 class=\"iso-title\">\n              <a href=\"https:\/\/www.grafique.cz\/en\/projects\/graphic-design-and-corporate-style-brno\/elexto-capital-logo\/\">\n                Elexto capital logo                <span>Logo&amp;Print<\/span>              \n              <\/a>\n            <\/h2>            \n\t\t\t\t\t\t            <time class=\"updated\" datetime=\"2020-03-12T11:31:41+01:00\">03\/2020<\/time>\n   \t\t\t\t\t                               \t\t\t\t\t\t\t<div class=\"iso-thumb\">\n   \t\t\t\t\t\t\t\t<a href=\"https:\/\/www.grafique.cz\/en\/projects\/graphic-design-and-corporate-style-brno\/elexto-capital-logo\/\"><img decoding=\"async\" width=\"420\" height=\"236\" src=\"https:\/\/www.grafique.cz\/wp-content\/uploads\/elexto_capital_logo-420x236.jpg\" class=\"attachment-thumbnail size-thumbnail wp-post-image\" alt=\"Elexto capital logo - realizace, Logo&amp;Print\" title=\"Elexto capital logo - realizace, Logo&amp;Print\" srcset=\"https:\/\/www.grafique.cz\/wp-content\/uploads\/elexto_capital_logo-420x236.jpg 420w, https:\/\/www.grafique.cz\/wp-content\/uploads\/elexto_capital_logo-300x169.jpg 300w, https:\/\/www.grafique.cz\/wp-content\/uploads\/elexto_capital_logo-768x432.jpg 768w, https:\/\/www.grafique.cz\/wp-content\/uploads\/elexto_capital_logo-1340x754.jpg 1340w, https:\/\/www.grafique.cz\/wp-content\/uploads\/elexto_capital_logo-1536x864.jpg 1536w, https:\/\/www.grafique.cz\/wp-content\/uploads\/elexto_capital_logo-178x100.jpg 178w, https:\/\/www.grafique.cz\/wp-content\/uploads\/elexto_capital_logo.jpg 1920w\" sizes=\"(max-width: 420px) 100vw, 420px\" \/><\/a>\n   \t\t\t\t\t\t\t<\/div>\n   \t\t\t\t\t\t   \t\t\t\t\t\t\t\t\t\t\t   \t\t\t\t<\/li>\n   \t\t\t   \t\t\t\t<li class=\"web-design-brno webdesign-brno iso-post\">\n\t\t\t\t\t\t   \t\t\t\t\t<h2 class=\"iso-title\">\n              <a href=\"https:\/\/www.grafique.cz\/en\/projects\/web-design-brno\/cyklodresy-sykora\/\">\n                Cyklodresy S\u00fdkora                <span>Web design<\/span>              \n              <\/a>\n            <\/h2>            \n\t\t\t\t\t\t            <time class=\"updated\" datetime=\"2020-03-12T15:00:52+01:00\">03\/2020<\/time>\n   \t\t\t\t\t                               \t\t\t\t\t\t\t<div class=\"iso-thumb\">\n   \t\t\t\t\t\t\t\t<a href=\"https:\/\/www.grafique.cz\/en\/projects\/web-design-brno\/cyklodresy-sykora\/\"><img decoding=\"async\" width=\"420\" height=\"1709\" src=\"https:\/\/www.grafique.cz\/wp-content\/uploads\/tvorba-webu-webdesign-cyklodresy-sykora-420x1709.jpg\" class=\"attachment-thumbnail size-thumbnail wp-post-image\" alt=\"Cyklodresy S\u00fdkora - realizace, Web design\" title=\"Cyklodresy S\u00fdkora - realizace, Web design\" srcset=\"https:\/\/www.grafique.cz\/wp-content\/uploads\/tvorba-webu-webdesign-cyklodresy-sykora-420x1709.jpg 420w, https:\/\/www.grafique.cz\/wp-content\/uploads\/tvorba-webu-webdesign-cyklodresy-sykora-74x300.jpg 74w, https:\/\/www.grafique.cz\/wp-content\/uploads\/tvorba-webu-webdesign-cyklodresy-sykora-768x3125.jpg 768w, https:\/\/www.grafique.cz\/wp-content\/uploads\/tvorba-webu-webdesign-cyklodresy-sykora-1340x5453.jpg 1340w, https:\/\/www.grafique.cz\/wp-content\/uploads\/tvorba-webu-webdesign-cyklodresy-sykora-503x2048.jpg 503w, https:\/\/www.grafique.cz\/wp-content\/uploads\/tvorba-webu-webdesign-cyklodresy-sykora.jpg 1542w\" sizes=\"(max-width: 420px) 100vw, 420px\" \/><\/a>\n   \t\t\t\t\t\t\t<\/div>\n   \t\t\t\t\t\t   \t\t\t\t\t\t\t\t\t\t\t   \t\t\t\t<\/li>\n   \t\t\t   \t\t\t\t<li class=\"graphic-design-and-corporate-style-brno iso-post\">\n\t\t\t\t\t\t   \t\t\t\t\t<h2 class=\"iso-title\">\n              <a href=\"https:\/\/www.grafique.cz\/en\/projects\/graphic-design-and-corporate-style-brno\/hv-investment-2\/\">\n                HV Investment logo                <span>Logo&amp;Print<\/span>              \n              <\/a>\n            <\/h2>            \n\t\t\t\t\t\t            <time class=\"updated\" datetime=\"2015-10-07T12:46:50+01:00\">10\/2015<\/time>\n   \t\t\t\t\t                               \t\t\t\t\t\t\t<div class=\"iso-thumb\">\n   \t\t\t\t\t\t\t\t<a href=\"https:\/\/www.grafique.cz\/en\/projects\/graphic-design-and-corporate-style-brno\/hv-investment-2\/\"><img decoding=\"async\" width=\"420\" height=\"297\" src=\"https:\/\/www.grafique.cz\/wp-content\/uploads\/HVIC_logo1-420x297.png\" class=\"attachment-thumbnail size-thumbnail wp-post-image\" alt=\"HV Investment logo - realizace, Logo&amp;Print\" title=\"HV Investment logo - realizace, Logo&amp;Print\" srcset=\"https:\/\/www.grafique.cz\/wp-content\/uploads\/HVIC_logo1-420x297.png 420w, https:\/\/www.grafique.cz\/wp-content\/uploads\/HVIC_logo1-300x212.png 300w, https:\/\/www.grafique.cz\/wp-content\/uploads\/HVIC_logo1-142x100.png 142w, https:\/\/www.grafique.cz\/wp-content\/uploads\/HVIC_logo1.png 650w\" sizes=\"(max-width: 420px) 100vw, 420px\" \/><\/a>\n   \t\t\t\t\t\t\t<\/div>\n   \t\t\t\t\t\t   \t\t\t\t\t\t\t\t\t\t\t   \t\t\t\t<\/li>\n   \t\t\t   \t\t\t\t<li class=\"graphic-design-and-corporate-style-brno iso-post\">\n\t\t\t\t\t\t   \t\t\t\t\t<h2 class=\"iso-title\">\n              <a href=\"https:\/\/www.grafique.cz\/en\/projects\/graphic-design-and-corporate-style-brno\/hvic-roll-up\/\">\n                HVIC Roll up                <span>Logo&amp;Print<\/span>              \n              <\/a>\n            <\/h2>            \n\t\t\t\t\t\t            <time class=\"updated\" datetime=\"2015-11-23T15:47:55+01:00\">11\/2015<\/time>\n   \t\t\t\t\t                               \t\t\t\t\t\t\t<div class=\"iso-thumb\">\n   \t\t\t\t\t\t\t\t<a href=\"https:\/\/www.grafique.cz\/en\/projects\/graphic-design-and-corporate-style-brno\/hvic-roll-up\/\"><img decoding=\"async\" width=\"420\" height=\"420\" src=\"https:\/\/www.grafique.cz\/wp-content\/uploads\/HV_Investment_Rollup_graficky_design1-420x420.jpg\" class=\"attachment-thumbnail size-thumbnail wp-post-image\" alt=\"HVIC Roll up - realizace, Logo&amp;Print\" title=\"HVIC Roll up - realizace, Logo&amp;Print\" srcset=\"https:\/\/www.grafique.cz\/wp-content\/uploads\/HV_Investment_Rollup_graficky_design1-420x420.jpg 420w, https:\/\/www.grafique.cz\/wp-content\/uploads\/HV_Investment_Rollup_graficky_design1-300x300.jpg 300w, https:\/\/www.grafique.cz\/wp-content\/uploads\/HV_Investment_Rollup_graficky_design1-768x768.jpg 768w, https:\/\/www.grafique.cz\/wp-content\/uploads\/HV_Investment_Rollup_graficky_design1-100x100.jpg 100w, https:\/\/www.grafique.cz\/wp-content\/uploads\/HV_Investment_Rollup_graficky_design1.jpg 850w\" sizes=\"(max-width: 420px) 100vw, 420px\" \/><\/a>\n   \t\t\t\t\t\t\t<\/div>\n   \t\t\t\t\t\t   \t\t\t\t\t\t\t\t\t\t\t   \t\t\t\t<\/li>\n   \t\t\t   \t\t\t\t<li class=\"graphic-design-and-corporate-style-brno iso-post\">\n\t\t\t\t\t\t   \t\t\t\t\t<h2 class=\"iso-title\">\n              <a href=\"https:\/\/www.grafique.cz\/en\/projects\/graphic-design-and-corporate-style-brno\/hv-investment-corporate-indetity\/\">\n                HV Investment identity                <span>Logo&amp;Print<\/span>              \n              <\/a>\n            <\/h2>            \n\t\t\t\t\t\t            <time class=\"updated\" datetime=\"2015-12-04T21:48:25+01:00\">12\/2015<\/time>\n   \t\t\t\t\t                               \t\t\t\t\t\t\t<div class=\"iso-thumb\">\n   \t\t\t\t\t\t\t\t<a href=\"https:\/\/www.grafique.cz\/en\/projects\/graphic-design-and-corporate-style-brno\/hv-investment-corporate-indetity\/\"><img decoding=\"async\" width=\"420\" height=\"263\" src=\"https:\/\/www.grafique.cz\/wp-content\/uploads\/HVIC_design_vizitky_produktove_listy1-420x263.jpg\" class=\"attachment-thumbnail size-thumbnail wp-post-image\" alt=\"HV Investment identity - realizace, Logo&amp;Print\" title=\"HV Investment identity - realizace, Logo&amp;Print\" srcset=\"https:\/\/www.grafique.cz\/wp-content\/uploads\/HVIC_design_vizitky_produktove_listy1-420x263.jpg 420w, https:\/\/www.grafique.cz\/wp-content\/uploads\/HVIC_design_vizitky_produktove_listy1-300x188.jpg 300w, https:\/\/www.grafique.cz\/wp-content\/uploads\/HVIC_design_vizitky_produktove_listy1-768x480.jpg 768w, https:\/\/www.grafique.cz\/wp-content\/uploads\/HVIC_design_vizitky_produktove_listy1-160x100.jpg 160w, https:\/\/www.grafique.cz\/wp-content\/uploads\/HVIC_design_vizitky_produktove_listy1.jpg 1100w\" sizes=\"(max-width: 420px) 100vw, 420px\" \/><\/a>\n   \t\t\t\t\t\t\t<\/div>\n   \t\t\t\t\t\t   \t\t\t\t\t\t\t\t\t\t\t   \t\t\t\t<\/li>\n   \t\t\t   \t\t\t\t<li class=\"graphic-design-and-corporate-style-brno iso-post\">\n\t\t\t\t\t\t   \t\t\t\t\t<h2 class=\"iso-title\">\n              <a href=\"https:\/\/www.grafique.cz\/en\/projects\/graphic-design-and-corporate-style-brno\/hv-investment-trust-print\/\">\n                HV Investment Trust a.s.                <span>Logo&amp;Print<\/span>              \n              <\/a>\n            <\/h2>            \n\t\t\t\t\t\t            <time class=\"updated\" datetime=\"2015-11-23T12:32:25+01:00\">11\/2015<\/time>\n   \t\t\t\t\t                               \t\t\t\t\t\t\t<div class=\"iso-thumb\">\n   \t\t\t\t\t\t\t\t<a href=\"https:\/\/www.grafique.cz\/en\/projects\/graphic-design-and-corporate-style-brno\/hv-investment-trust-print\/\"><img decoding=\"async\" width=\"420\" height=\"420\" src=\"https:\/\/www.grafique.cz\/wp-content\/uploads\/hvpit_grafika_produktovych_listu-420x420.jpg\" class=\"attachment-thumbnail size-thumbnail wp-post-image\" alt=\"HV Investment Trust a.s. - realizace, Logo&amp;Print\" title=\"HV Investment Trust a.s. - realizace, Logo&amp;Print\" srcset=\"https:\/\/www.grafique.cz\/wp-content\/uploads\/hvpit_grafika_produktovych_listu-420x420.jpg 420w, https:\/\/www.grafique.cz\/wp-content\/uploads\/hvpit_grafika_produktovych_listu-300x300.jpg 300w, https:\/\/www.grafique.cz\/wp-content\/uploads\/hvpit_grafika_produktovych_listu-768x768.jpg 768w, https:\/\/www.grafique.cz\/wp-content\/uploads\/hvpit_grafika_produktovych_listu-100x100.jpg 100w, https:\/\/www.grafique.cz\/wp-content\/uploads\/hvpit_grafika_produktovych_listu.jpg 950w\" sizes=\"(max-width: 420px) 100vw, 420px\" \/><\/a>\n   \t\t\t\t\t\t\t<\/div>\n   \t\t\t\t\t\t   \t\t\t\t\t\t\t\t\t\t\t   \t\t\t\t<\/li>\n   \t\t\t   \t\t\t\t<li class=\"web-design-brno iso-post\">\n\t\t\t\t\t\t   \t\t\t\t\t<h2 class=\"iso-title\">\n              <a href=\"https:\/\/www.grafique.cz\/en\/projects\/web-design-brno\/gala-vinarstvi\/\">\n                Gala Vina\u0159stv\u00ed                <span>Web design<\/span>              \n              <\/a>\n            <\/h2>            \n\t\t\t\t\t\t            <time class=\"updated\" datetime=\"2015-12-04T15:36:16+01:00\">12\/2015<\/time>\n   \t\t\t\t\t                               \t\t\t\t\t\t\t<div class=\"iso-thumb\">\n   \t\t\t\t\t\t\t\t<a href=\"https:\/\/www.grafique.cz\/en\/projects\/web-design-brno\/gala-vinarstvi\/\"><img decoding=\"async\" width=\"420\" height=\"540\" src=\"https:\/\/www.grafique.cz\/wp-content\/uploads\/tvorba-webu-galavinarstvi-cz-1-420x540.jpg\" class=\"attachment-thumbnail size-thumbnail wp-post-image\" alt=\"Gala Vina\u0159stv\u00ed - realizace, Web design\" title=\"Gala Vina\u0159stv\u00ed - realizace, Web design\" srcset=\"https:\/\/www.grafique.cz\/wp-content\/uploads\/tvorba-webu-galavinarstvi-cz-1-420x540.jpg 420w, https:\/\/www.grafique.cz\/wp-content\/uploads\/tvorba-webu-galavinarstvi-cz-1-233x300.jpg 233w, https:\/\/www.grafique.cz\/wp-content\/uploads\/tvorba-webu-galavinarstvi-cz-1-768x988.jpg 768w, https:\/\/www.grafique.cz\/wp-content\/uploads\/tvorba-webu-galavinarstvi-cz-1-1194x1536.jpg 1194w, https:\/\/www.grafique.cz\/wp-content\/uploads\/tvorba-webu-galavinarstvi-cz-1-78x100.jpg 78w, https:\/\/www.grafique.cz\/wp-content\/uploads\/tvorba-webu-galavinarstvi-cz-1.jpg 1293w\" sizes=\"(max-width: 420px) 100vw, 420px\" \/><\/a>\n   \t\t\t\t\t\t\t<\/div>\n   \t\t\t\t\t\t   \t\t\t\t\t\t\t\t\t\t\t   \t\t\t\t<\/li>\n   \t\t\t   \t\t\t\t<li class=\"web-design-brno iso-post\">\n\t\t\t\t\t\t   \t\t\t\t\t<h2 class=\"iso-title\">\n              <a href=\"https:\/\/www.grafique.cz\/en\/projects\/web-design-brno\/seaborne-plastics-ltd\/\">\n                Seaborne Plastics                <span>Web design<\/span>              \n              <\/a>\n            <\/h2>            \n\t\t\t\t\t\t            <time class=\"updated\" datetime=\"2015-09-07T09:10:58+01:00\">09\/2015<\/time>\n   \t\t\t\t\t                               \t\t\t\t\t\t\t<div class=\"iso-thumb\">\n   \t\t\t\t\t\t\t\t<a href=\"https:\/\/www.grafique.cz\/en\/projects\/web-design-brno\/seaborne-plastics-ltd\/\"><img decoding=\"async\" width=\"420\" height=\"455\" src=\"https:\/\/www.grafique.cz\/wp-content\/uploads\/Thermoforming_Seaborne_Plastics_Brno-420x455.jpg\" class=\"attachment-thumbnail size-thumbnail wp-post-image\" alt=\"Seaborne Plastics - realizace, Web design\" title=\"Seaborne Plastics - realizace, Web design\" srcset=\"https:\/\/www.grafique.cz\/wp-content\/uploads\/Thermoforming_Seaborne_Plastics_Brno-420x455.jpg 420w, https:\/\/www.grafique.cz\/wp-content\/uploads\/Thermoforming_Seaborne_Plastics_Brno-277x300.jpg 277w, https:\/\/www.grafique.cz\/wp-content\/uploads\/Thermoforming_Seaborne_Plastics_Brno-768x832.jpg 768w, https:\/\/www.grafique.cz\/wp-content\/uploads\/Thermoforming_Seaborne_Plastics_Brno-92x100.jpg 92w, https:\/\/www.grafique.cz\/wp-content\/uploads\/Thermoforming_Seaborne_Plastics_Brno.jpg 1299w\" sizes=\"(max-width: 420px) 100vw, 420px\" \/><\/a>\n   \t\t\t\t\t\t\t<\/div>\n   \t\t\t\t\t\t   \t\t\t\t\t\t\t\t\t\t\t   \t\t\t\t<\/li>\n   \t\t\t   \t\t\t\t<li class=\"graphic-design-and-corporate-style-brno iso-post\">\n\t\t\t\t\t\t   \t\t\t\t\t<h2 class=\"iso-title\">\n              <a href=\"https:\/\/www.grafique.cz\/en\/projects\/graphic-design-and-corporate-style-brno\/freewill\/\">\n                FreeWill                <span>Logo&amp;Print<\/span>              \n              <\/a>\n            <\/h2>            \n\t\t\t\t\t\t            <time class=\"updated\" datetime=\"2015-10-08T14:05:17+01:00\">10\/2015<\/time>\n   \t\t\t\t\t                               \t\t\t\t\t\t\t<div class=\"iso-thumb\">\n   \t\t\t\t\t\t\t\t<a href=\"https:\/\/www.grafique.cz\/en\/projects\/graphic-design-and-corporate-style-brno\/freewill\/\"><img decoding=\"async\" width=\"420\" height=\"297\" src=\"https:\/\/www.grafique.cz\/wp-content\/uploads\/FreeWill_logo-1.png\" class=\"attachment-thumbnail size-thumbnail wp-post-image\" alt=\"FreeWill - realizace, Logo&amp;Print\" title=\"FreeWill - realizace, Logo&amp;Print\" srcset=\"https:\/\/www.grafique.cz\/wp-content\/uploads\/FreeWill_logo-1.png 420w, https:\/\/www.grafique.cz\/wp-content\/uploads\/FreeWill_logo-1-300x212.png 300w, https:\/\/www.grafique.cz\/wp-content\/uploads\/FreeWill_logo-1-141x100.png 141w\" sizes=\"(max-width: 420px) 100vw, 420px\" \/><\/a>\n   \t\t\t\t\t\t\t<\/div>\n   \t\t\t\t\t\t   \t\t\t\t\t\t\t\t\t\t\t   \t\t\t\t<\/li>\n   \t\t\t   \t\t\t\t<li class=\"web-design-brno iso-post\">\n\t\t\t\t\t\t   \t\t\t\t\t<h2 class=\"iso-title\">\n              <a href=\"https:\/\/www.grafique.cz\/en\/projects\/web-design-brno\/czech-print-center\/\">\n                Czech Print Center                <span>Web design<\/span>              \n              <\/a>\n            <\/h2>            \n\t\t\t\t\t\t            <time class=\"updated\" datetime=\"2015-09-01T07:40:10+01:00\">09\/2015<\/time>\n   \t\t\t\t\t                               \t\t\t\t\t\t\t<div class=\"iso-thumb\">\n   \t\t\t\t\t\t\t\t<a href=\"https:\/\/www.grafique.cz\/en\/projects\/web-design-brno\/czech-print-center\/\"><img decoding=\"async\" width=\"420\" height=\"676\" src=\"https:\/\/www.grafique.cz\/wp-content\/uploads\/Czech_Print_Center-1-420x676.jpg\" class=\"attachment-thumbnail size-thumbnail wp-post-image\" alt=\"Czech Print Center - realizace, Web design\" title=\"Czech Print Center - realizace, Web design\" srcset=\"https:\/\/www.grafique.cz\/wp-content\/uploads\/Czech_Print_Center-1-420x676.jpg 420w, https:\/\/www.grafique.cz\/wp-content\/uploads\/Czech_Print_Center-1-186x300.jpg 186w, https:\/\/www.grafique.cz\/wp-content\/uploads\/Czech_Print_Center-1-768x1236.jpg 768w, https:\/\/www.grafique.cz\/wp-content\/uploads\/Czech_Print_Center-1-1340x2156.jpg 1340w, https:\/\/www.grafique.cz\/wp-content\/uploads\/Czech_Print_Center-1-955x1536.jpg 955w, https:\/\/www.grafique.cz\/wp-content\/uploads\/Czech_Print_Center-1-1273x2048.jpg 1273w, https:\/\/www.grafique.cz\/wp-content\/uploads\/Czech_Print_Center-1-62x100.jpg 62w, https:\/\/www.grafique.cz\/wp-content\/uploads\/Czech_Print_Center-1.jpg 1917w\" sizes=\"(max-width: 420px) 100vw, 420px\" \/><\/a>\n   \t\t\t\t\t\t\t<\/div>\n   \t\t\t\t\t\t   \t\t\t\t\t\t\t\t\t\t\t   \t\t\t\t<\/li>\n   \t\t\t   \t\t\t\t<li class=\"web-design-brno iso-post\">\n\t\t\t\t\t\t   \t\t\t\t\t<h2 class=\"iso-title\">\n              <a href=\"https:\/\/www.grafique.cz\/en\/projects\/web-design-brno\/muzeum-vyskovska\/\">\n                Muzeum Vy\u0161kovska                <span>Web design<\/span>              \n              <\/a>\n            <\/h2>            \n\t\t\t\t\t\t            <time class=\"updated\" datetime=\"2015-12-04T15:48:08+01:00\">12\/2015<\/time>\n   \t\t\t\t\t                               \t\t\t\t\t\t\t<div class=\"iso-thumb\">\n   \t\t\t\t\t\t\t\t<a href=\"https:\/\/www.grafique.cz\/en\/projects\/web-design-brno\/muzeum-vyskovska\/\"><img decoding=\"async\" width=\"420\" height=\"835\" src=\"https:\/\/www.grafique.cz\/wp-content\/uploads\/muzeum-vyskovska-tvorba-webovych-stranek-1-420x835.png\" class=\"attachment-thumbnail size-thumbnail wp-post-image\" alt=\"Muzeum Vy\u0161kovska - realizace, Web design\" title=\"Muzeum Vy\u0161kovska - realizace, Web design\" srcset=\"https:\/\/www.grafique.cz\/wp-content\/uploads\/muzeum-vyskovska-tvorba-webovych-stranek-1-420x835.png 420w, https:\/\/www.grafique.cz\/wp-content\/uploads\/muzeum-vyskovska-tvorba-webovych-stranek-1-151x300.png 151w, https:\/\/www.grafique.cz\/wp-content\/uploads\/muzeum-vyskovska-tvorba-webovych-stranek-1-768x1526.png 768w, https:\/\/www.grafique.cz\/wp-content\/uploads\/muzeum-vyskovska-tvorba-webovych-stranek-1-773x1536.png 773w, https:\/\/www.grafique.cz\/wp-content\/uploads\/muzeum-vyskovska-tvorba-webovych-stranek-1-1031x2048.png 1031w, https:\/\/www.grafique.cz\/wp-content\/uploads\/muzeum-vyskovska-tvorba-webovych-stranek-1-50x100.png 50w, https:\/\/www.grafique.cz\/wp-content\/uploads\/muzeum-vyskovska-tvorba-webovych-stranek-1.png 1165w\" sizes=\"(max-width: 420px) 100vw, 420px\" \/><\/a>\n   \t\t\t\t\t\t\t<\/div>\n   \t\t\t\t\t\t   \t\t\t\t\t\t\t\t\t\t\t   \t\t\t\t<\/li>\n   \t\t\t   \t\t\t\t<li class=\"web-design-brno iso-post\">\n\t\t\t\t\t\t   \t\t\t\t\t<h2 class=\"iso-title\">\n              <a href=\"https:\/\/www.grafique.cz\/en\/projects\/web-design-brno\/tvorba-www-vila-hrusky\/\">\n                Vila Hru\u0161ky                <span>Web design<\/span>              \n              <\/a>\n            <\/h2>            \n\t\t\t\t\t\t            <time class=\"updated\" datetime=\"2015-12-08T21:07:36+01:00\">12\/2015<\/time>\n   \t\t\t\t\t                               \t\t\t\t\t\t\t<div class=\"iso-thumb\">\n   \t\t\t\t\t\t\t\t<a href=\"https:\/\/www.grafique.cz\/en\/projects\/web-design-brno\/tvorba-www-vila-hrusky\/\"><img decoding=\"async\" width=\"420\" height=\"974\" src=\"https:\/\/www.grafique.cz\/wp-content\/uploads\/vila-hrusky-tvorba-webu-brno-6-420x974.jpg\" class=\"attachment-thumbnail size-thumbnail wp-post-image\" alt=\"Vila Hru\u0161ky - realizace, Web design\" title=\"Vila Hru\u0161ky - realizace, Web design\" srcset=\"https:\/\/www.grafique.cz\/wp-content\/uploads\/vila-hrusky-tvorba-webu-brno-6-420x974.jpg 420w, https:\/\/www.grafique.cz\/wp-content\/uploads\/vila-hrusky-tvorba-webu-brno-6-129x300.jpg 129w, https:\/\/www.grafique.cz\/wp-content\/uploads\/vila-hrusky-tvorba-webu-brno-6-768x1781.jpg 768w, https:\/\/www.grafique.cz\/wp-content\/uploads\/vila-hrusky-tvorba-webu-brno-6-662x1536.jpg 662w, https:\/\/www.grafique.cz\/wp-content\/uploads\/vila-hrusky-tvorba-webu-brno-6-43x100.jpg 43w, https:\/\/www.grafique.cz\/wp-content\/uploads\/vila-hrusky-tvorba-webu-brno-6.jpg 800w\" sizes=\"(max-width: 420px) 100vw, 420px\" \/><\/a>\n   \t\t\t\t\t\t\t<\/div>\n   \t\t\t\t\t\t   \t\t\t\t\t\t\t\t\t\t\t   \t\t\t\t<\/li>\n   \t\t\t   \t\t\t\t<li class=\"web-design-brno iso-post\">\n\t\t\t\t\t\t   \t\t\t\t\t<h2 class=\"iso-title\">\n              <a href=\"https:\/\/www.grafique.cz\/en\/projects\/web-design-brno\/tvorba-webovych-stranek-rankenen-brno\/\">\n                RANKENEN a.s.                <span>Web design<\/span>              \n              <\/a>\n            <\/h2>            \n\t\t\t\t\t\t            <time class=\"updated\" datetime=\"2015-08-18T11:36:17+01:00\">08\/2015<\/time>\n   \t\t\t\t\t                               \t\t\t\t\t\t\t<div class=\"iso-thumb\">\n   \t\t\t\t\t\t\t\t<a href=\"https:\/\/www.grafique.cz\/en\/projects\/web-design-brno\/tvorba-webovych-stranek-rankenen-brno\/\"><img decoding=\"async\" width=\"420\" height=\"909\" src=\"https:\/\/www.grafique.cz\/wp-content\/uploads\/tvorba-webu-rankenen-brno-1-420x909.jpg\" class=\"attachment-thumbnail size-thumbnail wp-post-image\" alt=\"RANKENEN a.s. - realizace, Web design\" title=\"RANKENEN a.s. - realizace, Web design\" srcset=\"https:\/\/www.grafique.cz\/wp-content\/uploads\/tvorba-webu-rankenen-brno-1-420x909.jpg 420w, https:\/\/www.grafique.cz\/wp-content\/uploads\/tvorba-webu-rankenen-brno-1-139x300.jpg 139w, https:\/\/www.grafique.cz\/wp-content\/uploads\/tvorba-webu-rankenen-brno-1-768x1662.jpg 768w, https:\/\/www.grafique.cz\/wp-content\/uploads\/tvorba-webu-rankenen-brno-1-1340x2899.jpg 1340w, https:\/\/www.grafique.cz\/wp-content\/uploads\/tvorba-webu-rankenen-brno-1-710x1536.jpg 710w, https:\/\/www.grafique.cz\/wp-content\/uploads\/tvorba-webu-rankenen-brno-1-947x2048.jpg 947w, https:\/\/www.grafique.cz\/wp-content\/uploads\/tvorba-webu-rankenen-brno-1-46x100.jpg 46w, https:\/\/www.grafique.cz\/wp-content\/uploads\/tvorba-webu-rankenen-brno-1.jpg 1920w\" sizes=\"(max-width: 420px) 100vw, 420px\" \/><\/a>\n   \t\t\t\t\t\t\t<\/div>\n   \t\t\t\t\t\t   \t\t\t\t\t\t\t\t\t\t\t   \t\t\t\t<\/li>\n   \t\t\t   \t\t\t\t<li class=\"web-design-brno iso-post\">\n\t\t\t\t\t\t   \t\t\t\t\t<h2 class=\"iso-title\">\n              <a href=\"https:\/\/www.grafique.cz\/en\/projects\/web-design-brno\/pelcak-a-partner-2-2\/\">\n                PEL\u010c\u00c1K A PARTNER                <span>Web design<\/span>              \n              <\/a>\n            <\/h2>            \n\t\t\t\t\t\t            <time class=\"updated\" datetime=\"2015-09-07T11:19:46+01:00\">09\/2015<\/time>\n   \t\t\t\t\t                               \t\t\t\t\t\t\t<div class=\"iso-thumb\">\n   \t\t\t\t\t\t\t\t<a href=\"https:\/\/www.grafique.cz\/en\/projects\/web-design-brno\/pelcak-a-partner-2-2\/\"><img decoding=\"async\" width=\"420\" height=\"270\" src=\"https:\/\/www.grafique.cz\/wp-content\/uploads\/pelcak-cz-homepage-tvorba-webu-brno-420x270.jpg\" class=\"attachment-thumbnail size-thumbnail wp-post-image\" alt=\"PEL\u010c\u00c1K A PARTNER - realizace, Web design\" title=\"PEL\u010c\u00c1K A PARTNER - realizace, Web design\" srcset=\"https:\/\/www.grafique.cz\/wp-content\/uploads\/pelcak-cz-homepage-tvorba-webu-brno-420x270.jpg 420w, https:\/\/www.grafique.cz\/wp-content\/uploads\/pelcak-cz-homepage-tvorba-webu-brno-300x193.jpg 300w, https:\/\/www.grafique.cz\/wp-content\/uploads\/pelcak-cz-homepage-tvorba-webu-brno-156x100.jpg 156w, https:\/\/www.grafique.cz\/wp-content\/uploads\/pelcak-cz-homepage-tvorba-webu-brno.jpg 754w\" sizes=\"(max-width: 420px) 100vw, 420px\" \/><\/a>\n   \t\t\t\t\t\t\t<\/div>\n   \t\t\t\t\t\t   \t\t\t\t\t\t\t\t\t\t\t   \t\t\t\t<\/li>\n   \t\t\t   \t\t\t\t<li class=\"web-design-brno iso-post\">\n\t\t\t\t\t\t   \t\t\t\t\t<h2 class=\"iso-title\">\n              <a href=\"https:\/\/www.grafique.cz\/en\/projects\/web-design-brno\/tvorba-webu-flow-mo\/\">\n                Flow mo                <span>Web design<\/span>              \n              <\/a>\n            <\/h2>            \n\t\t\t\t\t\t            <time class=\"updated\" datetime=\"2020-09-12T15:15:22+01:00\">09\/2020<\/time>\n   \t\t\t\t\t                               \t\t\t\t\t\t\t<div class=\"iso-thumb\">\n   \t\t\t\t\t\t\t\t<a href=\"https:\/\/www.grafique.cz\/en\/projects\/web-design-brno\/tvorba-webu-flow-mo\/\"><img decoding=\"async\" width=\"420\" height=\"230\" src=\"https:\/\/www.grafique.cz\/wp-content\/uploads\/tvorba-webu-flow-mo-webdesign-brno-00-420x230.jpg\" class=\"attachment-thumbnail size-thumbnail wp-post-image\" alt=\"Flow mo - realizace, Web design\" title=\"Flow mo - realizace, Web design\" srcset=\"https:\/\/www.grafique.cz\/wp-content\/uploads\/tvorba-webu-flow-mo-webdesign-brno-00-420x230.jpg 420w, https:\/\/www.grafique.cz\/wp-content\/uploads\/tvorba-webu-flow-mo-webdesign-brno-00-300x164.jpg 300w, https:\/\/www.grafique.cz\/wp-content\/uploads\/tvorba-webu-flow-mo-webdesign-brno-00-768x421.jpg 768w, https:\/\/www.grafique.cz\/wp-content\/uploads\/tvorba-webu-flow-mo-webdesign-brno-00-1340x734.jpg 1340w, https:\/\/www.grafique.cz\/wp-content\/uploads\/tvorba-webu-flow-mo-webdesign-brno-00-183x100.jpg 183w, https:\/\/www.grafique.cz\/wp-content\/uploads\/tvorba-webu-flow-mo-webdesign-brno-00.jpg 1440w\" sizes=\"(max-width: 420px) 100vw, 420px\" \/><\/a>\n   \t\t\t\t\t\t\t<\/div>\n   \t\t\t\t\t\t   \t\t\t\t\t\t\t\t\t\t\t   \t\t\t\t<\/li>\n   \t\t\t   \t\t\t\t<li class=\"graphic-design-and-corporate-style-brno iso-post\">\n\t\t\t\t\t\t   \t\t\t\t\t<h2 class=\"iso-title\">\n              <a href=\"https:\/\/www.grafique.cz\/en\/projects\/graphic-design-and-corporate-style-brno\/broker-servis-logo\/\">\n                Broker Servis                <span>Logo&amp;Print<\/span>              \n              <\/a>\n            <\/h2>            \n\t\t\t\t\t\t            <time class=\"updated\" datetime=\"2015-10-07T12:50:40+01:00\">10\/2015<\/time>\n   \t\t\t\t\t                               \t\t\t\t\t\t\t<div class=\"iso-thumb\">\n   \t\t\t\t\t\t\t\t<a href=\"https:\/\/www.grafique.cz\/en\/projects\/graphic-design-and-corporate-style-brno\/broker-servis-logo\/\"><img decoding=\"async\" width=\"420\" height=\"297\" src=\"https:\/\/www.grafique.cz\/wp-content\/uploads\/brokerservis_logo-1-420x297.png\" class=\"attachment-thumbnail size-thumbnail wp-post-image\" alt=\"Broker Servis - realizace, Logo&amp;Print\" title=\"Broker Servis - realizace, Logo&amp;Print\" srcset=\"https:\/\/www.grafique.cz\/wp-content\/uploads\/brokerservis_logo-1-420x297.png 420w, https:\/\/www.grafique.cz\/wp-content\/uploads\/brokerservis_logo-1-300x212.png 300w, https:\/\/www.grafique.cz\/wp-content\/uploads\/brokerservis_logo-1-142x100.png 142w, https:\/\/www.grafique.cz\/wp-content\/uploads\/brokerservis_logo-1.png 650w\" sizes=\"(max-width: 420px) 100vw, 420px\" \/><\/a>\n   \t\t\t\t\t\t\t<\/div>\n   \t\t\t\t\t\t   \t\t\t\t\t\t\t\t\t\t\t   \t\t\t\t<\/li>\n   \t\t\t   \t\t\t\t<li class=\"graphic-design-and-corporate-style-brno iso-post\">\n\t\t\t\t\t\t   \t\t\t\t\t<h2 class=\"iso-title\">\n              <a href=\"https:\/\/www.grafique.cz\/en\/projects\/graphic-design-and-corporate-style-brno\/broker-office-cards-design\/\">\n                Broker Office cards                <span>Logo&amp;Print<\/span>              \n              <\/a>\n            <\/h2>            \n\t\t\t\t\t\t            <time class=\"updated\" datetime=\"2015-12-04T21:29:30+01:00\">12\/2015<\/time>\n   \t\t\t\t\t                               \t\t\t\t\t\t\t<div class=\"iso-thumb\">\n   \t\t\t\t\t\t\t\t<a href=\"https:\/\/www.grafique.cz\/en\/projects\/graphic-design-and-corporate-style-brno\/broker-office-cards-design\/\"><img decoding=\"async\" width=\"420\" height=\"280\" src=\"https:\/\/www.grafique.cz\/wp-content\/uploads\/Broker_office_design_vizitky-420x280.jpg\" class=\"attachment-thumbnail size-thumbnail wp-post-image\" alt=\"Broker Office cards - realizace, Logo&amp;Print\" title=\"Broker Office cards - realizace, Logo&amp;Print\" srcset=\"https:\/\/www.grafique.cz\/wp-content\/uploads\/Broker_office_design_vizitky-420x280.jpg 420w, https:\/\/www.grafique.cz\/wp-content\/uploads\/Broker_office_design_vizitky-300x200.jpg 300w, https:\/\/www.grafique.cz\/wp-content\/uploads\/Broker_office_design_vizitky-768x512.jpg 768w, https:\/\/www.grafique.cz\/wp-content\/uploads\/Broker_office_design_vizitky-150x100.jpg 150w, https:\/\/www.grafique.cz\/wp-content\/uploads\/Broker_office_design_vizitky.jpg 1000w\" sizes=\"(max-width: 420px) 100vw, 420px\" \/><\/a>\n   \t\t\t\t\t\t\t<\/div>\n   \t\t\t\t\t\t   \t\t\t\t\t\t\t\t\t\t\t   \t\t\t\t<\/li>\n   \t\t\t   \t\t\t\t<li class=\"graphic-design-and-corporate-style-brno iso-post\">\n\t\t\t\t\t\t   \t\t\t\t\t<h2 class=\"iso-title\">\n              <a href=\"https:\/\/www.grafique.cz\/en\/projects\/graphic-design-and-corporate-style-brno\/milaan-logo\/\">\n                MILAAN logo                <span>Logo&amp;Print<\/span>              \n              <\/a>\n            <\/h2>            \n\t\t\t\t\t\t            <time class=\"updated\" datetime=\"2015-12-04T20:44:56+01:00\">12\/2015<\/time>\n   \t\t\t\t\t                               \t\t\t\t\t\t\t<div class=\"iso-thumb\">\n   \t\t\t\t\t\t\t\t<a href=\"https:\/\/www.grafique.cz\/en\/projects\/graphic-design-and-corporate-style-brno\/milaan-logo\/\"><img decoding=\"async\" width=\"420\" height=\"297\" src=\"https:\/\/www.grafique.cz\/wp-content\/uploads\/milaan_logo-420x297.png\" class=\"attachment-thumbnail size-thumbnail wp-post-image\" alt=\"MILAAN logo - realizace, Logo&amp;Print\" title=\"MILAAN logo - realizace, Logo&amp;Print\" srcset=\"https:\/\/www.grafique.cz\/wp-content\/uploads\/milaan_logo-420x297.png 420w, https:\/\/www.grafique.cz\/wp-content\/uploads\/milaan_logo-300x212.png 300w, https:\/\/www.grafique.cz\/wp-content\/uploads\/milaan_logo-142x100.png 142w, https:\/\/www.grafique.cz\/wp-content\/uploads\/milaan_logo.png 650w\" sizes=\"(max-width: 420px) 100vw, 420px\" \/><\/a>\n   \t\t\t\t\t\t\t<\/div>\n   \t\t\t\t\t\t   \t\t\t\t\t\t\t\t\t\t\t   \t\t\t\t<\/li>\n   \t\t\t   \t\t\t\t<li class=\"graphic-design-and-corporate-style-brno iso-post\">\n\t\t\t\t\t\t   \t\t\t\t\t<h2 class=\"iso-title\">\n              <a href=\"https:\/\/www.grafique.cz\/en\/projects\/graphic-design-and-corporate-style-brno\/logo-fu\/\">\n                Logo FU                <span>Logo&amp;Print<\/span>              \n              <\/a>\n            <\/h2>            \n\t\t\t\t\t\t            <time class=\"updated\" datetime=\"2020-03-12T14:51:45+01:00\">03\/2020<\/time>\n   \t\t\t\t\t                               \t\t\t\t\t\t\t<div class=\"iso-thumb\">\n   \t\t\t\t\t\t\t\t<a href=\"https:\/\/www.grafique.cz\/en\/projects\/graphic-design-and-corporate-style-brno\/logo-fu\/\"><img decoding=\"async\" width=\"420\" height=\"297\" src=\"https:\/\/www.grafique.cz\/wp-content\/uploads\/tvorba_loga_FU_graficke-studio-brno-420x297.png\" class=\"attachment-thumbnail size-thumbnail wp-post-image\" alt=\"Logo FU - realizace, Logo&amp;Print\" title=\"Logo FU - realizace, Logo&amp;Print\" srcset=\"https:\/\/www.grafique.cz\/wp-content\/uploads\/tvorba_loga_FU_graficke-studio-brno-420x297.png 420w, https:\/\/www.grafique.cz\/wp-content\/uploads\/tvorba_loga_FU_graficke-studio-brno-300x212.png 300w, https:\/\/www.grafique.cz\/wp-content\/uploads\/tvorba_loga_FU_graficke-studio-brno-768x543.png 768w, https:\/\/www.grafique.cz\/wp-content\/uploads\/tvorba_loga_FU_graficke-studio-brno-142x100.png 142w, https:\/\/www.grafique.cz\/wp-content\/uploads\/tvorba_loga_FU_graficke-studio-brno.png 842w\" sizes=\"(max-width: 420px) 100vw, 420px\" \/><\/a>\n   \t\t\t\t\t\t\t<\/div>\n   \t\t\t\t\t\t   \t\t\t\t\t\t\t\t\t\t\t   \t\t\t\t<\/li>\n   \t\t\t   \t\t\t\t<li class=\"graphic-design-and-corporate-style-brno iso-post\">\n\t\t\t\t\t\t   \t\t\t\t\t<h2 class=\"iso-title\">\n              <a href=\"https:\/\/www.grafique.cz\/en\/projects\/graphic-design-and-corporate-style-brno\/respono-illustration-brno\/\">\n                Respono \u2013 illustration                <span>Logo&amp;Print<\/span>              \n              <\/a>\n            <\/h2>            \n\t\t\t\t\t\t            <time class=\"updated\" datetime=\"2020-03-12T14:52:33+01:00\">03\/2020<\/time>\n   \t\t\t\t\t                               \t\t\t\t\t\t\t<div class=\"iso-thumb\">\n   \t\t\t\t\t\t\t\t<a href=\"https:\/\/www.grafique.cz\/en\/projects\/graphic-design-and-corporate-style-brno\/respono-illustration-brno\/\"><img decoding=\"async\" width=\"420\" height=\"236\" src=\"https:\/\/www.grafique.cz\/wp-content\/uploads\/respono_1-100-420x236.jpg\" class=\"attachment-thumbnail size-thumbnail wp-post-image\" alt=\"Respono \u2013 illustration - realizace, Logo&amp;Print\" title=\"Respono \u2013 illustration - realizace, Logo&amp;Print\" srcset=\"https:\/\/www.grafique.cz\/wp-content\/uploads\/respono_1-100-420x236.jpg 420w, https:\/\/www.grafique.cz\/wp-content\/uploads\/respono_1-100-300x169.jpg 300w, https:\/\/www.grafique.cz\/wp-content\/uploads\/respono_1-100-768x432.jpg 768w, https:\/\/www.grafique.cz\/wp-content\/uploads\/respono_1-100-1340x754.jpg 1340w, https:\/\/www.grafique.cz\/wp-content\/uploads\/respono_1-100-1536x864.jpg 1536w, https:\/\/www.grafique.cz\/wp-content\/uploads\/respono_1-100-178x100.jpg 178w, https:\/\/www.grafique.cz\/wp-content\/uploads\/respono_1-100.jpg 1920w\" sizes=\"(max-width: 420px) 100vw, 420px\" \/><\/a>\n   \t\t\t\t\t\t\t<\/div>\n   \t\t\t\t\t\t   \t\t\t\t\t\t\t\t\t\t\t   \t\t\t\t<\/li>\n   \t\t\t   \t\t\t\t<li class=\"graphic-design-and-corporate-style-brno iso-post\">\n\t\t\t\t\t\t   \t\t\t\t\t<h2 class=\"iso-title\">\n              <a href=\"https:\/\/www.grafique.cz\/en\/projects\/graphic-design-and-corporate-style-brno\/fsc-poster-design-brno\/\">\n                FSC poster                <span>Logo&amp;Print<\/span>              \n              <\/a>\n            <\/h2>            \n\t\t\t\t\t\t            <time class=\"updated\" datetime=\"2020-03-12T14:54:23+01:00\">03\/2020<\/time>\n   \t\t\t\t\t                               \t\t\t\t\t\t\t<div class=\"iso-thumb\">\n   \t\t\t\t\t\t\t\t<a href=\"https:\/\/www.grafique.cz\/en\/projects\/graphic-design-and-corporate-style-brno\/fsc-poster-design-brno\/\"><img decoding=\"async\" width=\"420\" height=\"539\" src=\"https:\/\/www.grafique.cz\/wp-content\/uploads\/Czech_FSC_poster-420x539.jpg\" class=\"attachment-thumbnail size-thumbnail wp-post-image\" alt=\"FSC poster - realizace, Logo&amp;Print\" title=\"FSC poster - realizace, Logo&amp;Print\" srcset=\"https:\/\/www.grafique.cz\/wp-content\/uploads\/Czech_FSC_poster-420x539.jpg 420w, https:\/\/www.grafique.cz\/wp-content\/uploads\/Czech_FSC_poster-234x300.jpg 234w, https:\/\/www.grafique.cz\/wp-content\/uploads\/Czech_FSC_poster-768x986.jpg 768w, https:\/\/www.grafique.cz\/wp-content\/uploads\/Czech_FSC_poster-78x100.jpg 78w, https:\/\/www.grafique.cz\/wp-content\/uploads\/Czech_FSC_poster.jpg 1000w\" sizes=\"(max-width: 420px) 100vw, 420px\" \/><\/a>\n   \t\t\t\t\t\t\t<\/div>\n   \t\t\t\t\t\t   \t\t\t\t\t\t\t\t\t\t\t   \t\t\t\t<\/li>\n   \t\t\t   \t\t\t\t<li class=\"advertising-photography-brno iso-post\">\n\t\t\t\t\t\t   \t\t\t\t\t<h2 class=\"iso-title\">\n              <a href=\"https:\/\/www.grafique.cz\/en\/projects\/advertising-photography-brno\/schrott-pub-brno\/\">\n                Schrott \/ pub Brno                <span>Photography<\/span>              \n              <\/a>\n            <\/h2>            \n\t\t\t\t\t\t            <time class=\"updated\" datetime=\"2020-03-12T14:55:17+01:00\">03\/2020<\/time>\n   \t\t\t\t\t                               \t\t\t\t\t\t\t<div class=\"iso-thumb\">\n   \t\t\t\t\t\t\t\t<a href=\"https:\/\/www.grafique.cz\/en\/projects\/advertising-photography-brno\/schrott-pub-brno\/\"><img decoding=\"async\" width=\"420\" height=\"288\" src=\"https:\/\/www.grafique.cz\/wp-content\/uploads\/10974689_1566854733582777_5899415627223612861_o1-420x288.jpg\" class=\"attachment-thumbnail size-thumbnail wp-post-image\" alt=\"Schrott \/ pub Brno - realizace, Photography\" title=\"Schrott \/ pub Brno - realizace, Photography\" srcset=\"https:\/\/www.grafique.cz\/wp-content\/uploads\/10974689_1566854733582777_5899415627223612861_o1-420x288.jpg 420w, https:\/\/www.grafique.cz\/wp-content\/uploads\/10974689_1566854733582777_5899415627223612861_o1-300x206.jpg 300w, https:\/\/www.grafique.cz\/wp-content\/uploads\/10974689_1566854733582777_5899415627223612861_o1-768x526.jpg 768w, https:\/\/www.grafique.cz\/wp-content\/uploads\/10974689_1566854733582777_5899415627223612861_o1-1340x918.jpg 1340w, https:\/\/www.grafique.cz\/wp-content\/uploads\/10974689_1566854733582777_5899415627223612861_o1-146x100.jpg 146w, https:\/\/www.grafique.cz\/wp-content\/uploads\/10974689_1566854733582777_5899415627223612861_o1.jpg 1500w\" sizes=\"(max-width: 420px) 100vw, 420px\" \/><\/a>\n   \t\t\t\t\t\t\t<\/div>\n   \t\t\t\t\t\t   \t\t\t\t\t\t\t\t\t\t\t   \t\t\t\t<\/li>\n   \t\t\t   \t\t\t\t<li class=\"advertising-photography-brno iso-post\">\n\t\t\t\t\t\t   \t\t\t\t\t<h2 class=\"iso-title\">\n              <a href=\"https:\/\/www.grafique.cz\/en\/projects\/advertising-photography-brno\/hotel-miura\/\">\n                Hotel Miura                <span>Photography<\/span>              \n              <\/a>\n            <\/h2>            \n\t\t\t\t\t\t            <time class=\"updated\" datetime=\"2015-09-08T22:19:11+01:00\">09\/2015<\/time>\n   \t\t\t\t\t                               \t\t\t\t\t\t\t<div class=\"iso-thumb\">\n   \t\t\t\t\t\t\t\t<a href=\"https:\/\/www.grafique.cz\/en\/projects\/advertising-photography-brno\/hotel-miura\/\"><img decoding=\"async\" width=\"420\" height=\"245\" src=\"https:\/\/www.grafique.cz\/wp-content\/uploads\/hotel-Miura-4-2010-420x245.jpg\" class=\"attachment-thumbnail size-thumbnail wp-post-image\" alt=\"Hotel Miura - realizace, Photography\" title=\"Hotel Miura - realizace, Photography\" srcset=\"https:\/\/www.grafique.cz\/wp-content\/uploads\/hotel-Miura-4-2010-420x245.jpg 420w, https:\/\/www.grafique.cz\/wp-content\/uploads\/hotel-Miura-4-2010-300x175.jpg 300w, https:\/\/www.grafique.cz\/wp-content\/uploads\/hotel-Miura-4-2010-768x447.jpg 768w, https:\/\/www.grafique.cz\/wp-content\/uploads\/hotel-Miura-4-2010-172x100.jpg 172w, https:\/\/www.grafique.cz\/wp-content\/uploads\/hotel-Miura-4-2010.jpg 1200w\" sizes=\"(max-width: 420px) 100vw, 420px\" \/><\/a>\n   \t\t\t\t\t\t\t<\/div>\n   \t\t\t\t\t\t   \t\t\t\t\t\t\t\t\t\t\t   \t\t\t\t<\/li>\n   \t\t\t   \t\t\t\t<li class=\"advertising-photography-brno iso-post\">\n\t\t\t\t\t\t   \t\t\t\t\t<h2 class=\"iso-title\">\n              <a href=\"https:\/\/www.grafique.cz\/en\/projects\/advertising-photography-brno\/jako-male-deti\/\">\n                Jako mal\u00e9 d\u011bti                <span>Photography<\/span>              \n              <\/a>\n            <\/h2>            \n\t\t\t\t\t\t            <time class=\"updated\" datetime=\"2016-02-06T21:54:07+01:00\">02\/2016<\/time>\n   \t\t\t\t\t                               \t\t\t\t\t\t\t<div class=\"iso-thumb\">\n   \t\t\t\t\t\t\t\t<a href=\"https:\/\/www.grafique.cz\/en\/projects\/advertising-photography-brno\/jako-male-deti\/\"><img decoding=\"async\" width=\"420\" height=\"280\" src=\"https:\/\/www.grafique.cz\/wp-content\/uploads\/jako_male_deti_02-420x280.jpg\" class=\"attachment-thumbnail size-thumbnail wp-post-image\" alt=\"Jako mal\u00e9 d\u011bti - realizace, Photography\" title=\"Jako mal\u00e9 d\u011bti - realizace, Photography\" srcset=\"https:\/\/www.grafique.cz\/wp-content\/uploads\/jako_male_deti_02-420x280.jpg 420w, https:\/\/www.grafique.cz\/wp-content\/uploads\/jako_male_deti_02-300x200.jpg 300w, https:\/\/www.grafique.cz\/wp-content\/uploads\/jako_male_deti_02-768x512.jpg 768w, https:\/\/www.grafique.cz\/wp-content\/uploads\/jako_male_deti_02-1340x894.jpg 1340w, https:\/\/www.grafique.cz\/wp-content\/uploads\/jako_male_deti_02-1536x1024.jpg 1536w, https:\/\/www.grafique.cz\/wp-content\/uploads\/jako_male_deti_02-150x100.jpg 150w, https:\/\/www.grafique.cz\/wp-content\/uploads\/jako_male_deti_02.jpg 1600w\" sizes=\"(max-width: 420px) 100vw, 420px\" \/><\/a>\n   \t\t\t\t\t\t\t<\/div>\n   \t\t\t\t\t\t   \t\t\t\t\t\t\t\t\t\t\t   \t\t\t\t<\/li>\n   \t\t\t   \t\t\t\t<li class=\"graphic-design-and-corporate-style-brno iso-post\">\n\t\t\t\t\t\t   \t\t\t\t\t<h2 class=\"iso-title\">\n              <a href=\"https:\/\/www.grafique.cz\/en\/projects\/graphic-design-and-corporate-style-brno\/rankenen-slohove-desky\/\">\n                RANKENEN desky                <span>Logo&amp;Print<\/span>              \n              <\/a>\n            <\/h2>            \n\t\t\t\t\t\t            <time class=\"updated\" datetime=\"2015-12-04T17:34:36+01:00\">12\/2015<\/time>\n   \t\t\t\t\t                               \t\t\t\t\t\t\t<div class=\"iso-thumb\">\n   \t\t\t\t\t\t\t\t<a href=\"https:\/\/www.grafique.cz\/en\/projects\/graphic-design-and-corporate-style-brno\/rankenen-slohove-desky\/\"><img decoding=\"async\" width=\"420\" height=\"336\" src=\"https:\/\/www.grafique.cz\/wp-content\/uploads\/rankenen_graficky-design-desek-420x336.jpg\" class=\"attachment-thumbnail size-thumbnail wp-post-image\" alt=\"RANKENEN desky - realizace, Logo&amp;Print\" title=\"RANKENEN desky - realizace, Logo&amp;Print\" srcset=\"https:\/\/www.grafique.cz\/wp-content\/uploads\/rankenen_graficky-design-desek-420x336.jpg 420w, https:\/\/www.grafique.cz\/wp-content\/uploads\/rankenen_graficky-design-desek-300x240.jpg 300w, https:\/\/www.grafique.cz\/wp-content\/uploads\/rankenen_graficky-design-desek-768x614.jpg 768w, https:\/\/www.grafique.cz\/wp-content\/uploads\/rankenen_graficky-design-desek-125x100.jpg 125w, https:\/\/www.grafique.cz\/wp-content\/uploads\/rankenen_graficky-design-desek.jpg 1200w\" sizes=\"(max-width: 420px) 100vw, 420px\" \/><\/a>\n   \t\t\t\t\t\t\t<\/div>\n   \t\t\t\t\t\t   \t\t\t\t\t\t\t\t\t\t\t   \t\t\t\t<\/li>\n   \t\t\t   \t\t\t\t<li class=\"advertising-photography-brno iso-post\">\n\t\t\t\t\t\t   \t\t\t\t\t<h2 class=\"iso-title\">\n              <a href=\"https:\/\/www.grafique.cz\/en\/projects\/advertising-photography-brno\/technika-brno\/\">\n                Technika Brno                <span>Photography<\/span>              \n              <\/a>\n            <\/h2>            \n\t\t\t\t\t\t            <time class=\"updated\" datetime=\"2015-08-31T18:23:28+01:00\">08\/2015<\/time>\n   \t\t\t\t\t                               \t\t\t\t\t\t\t<div class=\"iso-thumb\">\n   \t\t\t\t\t\t\t\t<a href=\"https:\/\/www.grafique.cz\/en\/projects\/advertising-photography-brno\/technika-brno\/\"><img decoding=\"async\" width=\"420\" height=\"231\" src=\"https:\/\/www.grafique.cz\/wp-content\/uploads\/Technika-Brno-01-420x231.jpg\" class=\"attachment-thumbnail size-thumbnail wp-post-image\" alt=\"Technika Brno - realizace, Photography\" title=\"Technika Brno - realizace, Photography\" srcset=\"https:\/\/www.grafique.cz\/wp-content\/uploads\/Technika-Brno-01-420x231.jpg 420w, https:\/\/www.grafique.cz\/wp-content\/uploads\/Technika-Brno-01-300x165.jpg 300w, https:\/\/www.grafique.cz\/wp-content\/uploads\/Technika-Brno-01-768x423.jpg 768w, https:\/\/www.grafique.cz\/wp-content\/uploads\/Technika-Brno-01-1340x738.jpg 1340w, https:\/\/www.grafique.cz\/wp-content\/uploads\/Technika-Brno-01-182x100.jpg 182w, https:\/\/www.grafique.cz\/wp-content\/uploads\/Technika-Brno-01.jpg 1440w\" sizes=\"(max-width: 420px) 100vw, 420px\" \/><\/a>\n   \t\t\t\t\t\t\t<\/div>\n   \t\t\t\t\t\t   \t\t\t\t\t\t\t\t\t\t\t   \t\t\t\t<\/li>\n   \t\t\t   \t\t\t\t<li class=\"advertising-photography-brno iso-post\">\n\t\t\t\t\t\t   \t\t\t\t\t<h2 class=\"iso-title\">\n              <a href=\"https:\/\/www.grafique.cz\/en\/projects\/advertising-photography-brno\/science-center-iq-landia\/\">\n                Science center IQ Landia                <span>Photography<\/span>              \n              <\/a>\n            <\/h2>            \n\t\t\t\t\t\t            <time class=\"updated\" datetime=\"2015-09-08T22:16:35+01:00\">09\/2015<\/time>\n   \t\t\t\t\t                               \t\t\t\t\t\t\t<div class=\"iso-thumb\">\n   \t\t\t\t\t\t\t\t<a href=\"https:\/\/www.grafique.cz\/en\/projects\/advertising-photography-brno\/science-center-iq-landia\/\"><img decoding=\"async\" width=\"420\" height=\"268\" src=\"https:\/\/www.grafique.cz\/wp-content\/uploads\/Science-center-IQ-Landia-2014-3-420x268.jpg\" class=\"attachment-thumbnail size-thumbnail wp-post-image\" alt=\"Science center IQ Landia - realizace, Photography\" title=\"Science center IQ Landia - realizace, Photography\" srcset=\"https:\/\/www.grafique.cz\/wp-content\/uploads\/Science-center-IQ-Landia-2014-3-420x268.jpg 420w, https:\/\/www.grafique.cz\/wp-content\/uploads\/Science-center-IQ-Landia-2014-3-300x191.jpg 300w, https:\/\/www.grafique.cz\/wp-content\/uploads\/Science-center-IQ-Landia-2014-3-768x490.jpg 768w, https:\/\/www.grafique.cz\/wp-content\/uploads\/Science-center-IQ-Landia-2014-3-157x100.jpg 157w, https:\/\/www.grafique.cz\/wp-content\/uploads\/Science-center-IQ-Landia-2014-3.jpg 1200w\" sizes=\"(max-width: 420px) 100vw, 420px\" \/><\/a>\n   \t\t\t\t\t\t\t<\/div>\n   \t\t\t\t\t\t   \t\t\t\t\t\t\t\t\t\t\t   \t\t\t\t<\/li>\n   \t\t\t   \t\t\t\t<li class=\"advertising-photography-brno iso-post\">\n\t\t\t\t\t\t   \t\t\t\t\t<h2 class=\"iso-title\">\n              <a href=\"https:\/\/www.grafique.cz\/en\/projects\/advertising-photography-brno\/antreg\/\">\n                Antreg                <span>Photography<\/span>              \n              <\/a>\n            <\/h2>            \n\t\t\t\t\t\t            <time class=\"updated\" datetime=\"2016-02-06T21:01:27+01:00\">02\/2016<\/time>\n   \t\t\t\t\t                               \t\t\t\t\t\t\t<div class=\"iso-thumb\">\n   \t\t\t\t\t\t\t\t<a href=\"https:\/\/www.grafique.cz\/en\/projects\/advertising-photography-brno\/antreg\/\"><img decoding=\"async\" width=\"420\" height=\"490\" src=\"https:\/\/www.grafique.cz\/wp-content\/uploads\/antreg_01-2-420x490.jpg\" class=\"attachment-thumbnail size-thumbnail wp-post-image\" alt=\"Antreg - realizace, Photography\" title=\"Antreg - realizace, Photography\" srcset=\"https:\/\/www.grafique.cz\/wp-content\/uploads\/antreg_01-2-420x490.jpg 420w, https:\/\/www.grafique.cz\/wp-content\/uploads\/antreg_01-2-257x300.jpg 257w, https:\/\/www.grafique.cz\/wp-content\/uploads\/antreg_01-2-1340x1563.jpg 1340w, https:\/\/www.grafique.cz\/wp-content\/uploads\/antreg_01-2-768x896.jpg 768w, https:\/\/www.grafique.cz\/wp-content\/uploads\/antreg_01-2-1317x1536.jpg 1317w, https:\/\/www.grafique.cz\/wp-content\/uploads\/antreg_01-2-86x100.jpg 86w, https:\/\/www.grafique.cz\/wp-content\/uploads\/antreg_01-2.jpg 1440w\" sizes=\"(max-width: 420px) 100vw, 420px\" \/><\/a>\n   \t\t\t\t\t\t\t<\/div>\n   \t\t\t\t\t\t   \t\t\t\t\t\t\t\t\t\t\t   \t\t\t\t<\/li>\n   \t\t\t   \t\t\t\t<li class=\"advertising-photography-brno iso-post\">\n\t\t\t\t\t\t   \t\t\t\t\t<h2 class=\"iso-title\">\n              <a href=\"https:\/\/www.grafique.cz\/en\/projects\/advertising-photography-brno\/u-venuse\/\">\n                U Venu\u0161e                <span>Photography<\/span>              \n              <\/a>\n            <\/h2>            \n\t\t\t\t\t\t            <time class=\"updated\" datetime=\"2015-09-08T22:15:41+01:00\">09\/2015<\/time>\n   \t\t\t\t\t                               \t\t\t\t\t\t\t<div class=\"iso-thumb\">\n   \t\t\t\t\t\t\t\t<a href=\"https:\/\/www.grafique.cz\/en\/projects\/advertising-photography-brno\/u-venuse\/\"><img decoding=\"async\" width=\"420\" height=\"302\" src=\"https:\/\/www.grafique.cz\/wp-content\/uploads\/u-venuse-fotografie-brno1-420x302.jpg\" class=\"attachment-thumbnail size-thumbnail wp-post-image\" alt=\"U Venu\u0161e - realizace, Photography\" title=\"U Venu\u0161e - realizace, Photography\" srcset=\"https:\/\/www.grafique.cz\/wp-content\/uploads\/u-venuse-fotografie-brno1-420x302.jpg 420w, https:\/\/www.grafique.cz\/wp-content\/uploads\/u-venuse-fotografie-brno1-300x216.jpg 300w, https:\/\/www.grafique.cz\/wp-content\/uploads\/u-venuse-fotografie-brno1-1340x963.jpg 1340w, https:\/\/www.grafique.cz\/wp-content\/uploads\/u-venuse-fotografie-brno1-768x552.jpg 768w, https:\/\/www.grafique.cz\/wp-content\/uploads\/u-venuse-fotografie-brno1-1536x1104.jpg 1536w, https:\/\/www.grafique.cz\/wp-content\/uploads\/u-venuse-fotografie-brno1-139x100.jpg 139w, https:\/\/www.grafique.cz\/wp-content\/uploads\/u-venuse-fotografie-brno1.jpg 1920w\" sizes=\"(max-width: 420px) 100vw, 420px\" \/><\/a>\n   \t\t\t\t\t\t\t<\/div>\n   \t\t\t\t\t\t   \t\t\t\t\t\t\t\t\t\t\t   \t\t\t\t<\/li>\n   \t\t\t   \t\t\t\t<li class=\"graphic-design-and-corporate-style-brno iso-post\">\n\t\t\t\t\t\t   \t\t\t\t\t<h2 class=\"iso-title\">\n              <a href=\"https:\/\/www.grafique.cz\/en\/projects\/graphic-design-and-corporate-style-brno\/cafe-bistro-le-social\/\">\n                CAF\u00c9 Bistro Le Social                <span>Logo&amp;Print<\/span>              \n              <\/a>\n            <\/h2>            \n\t\t\t\t\t\t            <time class=\"updated\" datetime=\"2015-08-13T16:13:51+01:00\">08\/2015<\/time>\n   \t\t\t\t\t                               \t\t\t\t\t\t\t<div class=\"iso-thumb\">\n   \t\t\t\t\t\t\t\t<a href=\"https:\/\/www.grafique.cz\/en\/projects\/graphic-design-and-corporate-style-brno\/cafe-bistro-le-social\/\"><img decoding=\"async\" width=\"420\" height=\"297\" src=\"https:\/\/www.grafique.cz\/wp-content\/uploads\/lesocial_bistro_logo-420x297.png\" class=\"attachment-thumbnail size-thumbnail wp-post-image\" alt=\"CAF\u00c9 Bistro Le Social - realizace, Logo&amp;Print\" title=\"CAF\u00c9 Bistro Le Social - realizace, Logo&amp;Print\" srcset=\"https:\/\/www.grafique.cz\/wp-content\/uploads\/lesocial_bistro_logo-420x297.png 420w, https:\/\/www.grafique.cz\/wp-content\/uploads\/lesocial_bistro_logo-300x212.png 300w, https:\/\/www.grafique.cz\/wp-content\/uploads\/lesocial_bistro_logo-142x100.png 142w, https:\/\/www.grafique.cz\/wp-content\/uploads\/lesocial_bistro_logo.png 650w\" sizes=\"(max-width: 420px) 100vw, 420px\" \/><\/a>\n   \t\t\t\t\t\t\t<\/div>\n   \t\t\t\t\t\t   \t\t\t\t\t\t\t\t\t\t\t   \t\t\t\t<\/li>\n   \t\t\t   \t\t\t\t<li class=\"advertising-photography-brno iso-post\">\n\t\t\t\t\t\t   \t\t\t\t\t<h2 class=\"iso-title\">\n              <a href=\"https:\/\/www.grafique.cz\/en\/projects\/advertising-photography-brno\/cafe-transistor\/\">\n                Caf\u00e9 Transistor                <span>Photography<\/span>              \n              <\/a>\n            <\/h2>            \n\t\t\t\t\t\t            <time class=\"updated\" datetime=\"2015-08-31T18:26:02+01:00\">08\/2015<\/time>\n   \t\t\t\t\t                               \t\t\t\t\t\t\t<div class=\"iso-thumb\">\n   \t\t\t\t\t\t\t\t<a href=\"https:\/\/www.grafique.cz\/en\/projects\/advertising-photography-brno\/cafe-transistor\/\"><img decoding=\"async\" width=\"420\" height=\"599\" src=\"https:\/\/www.grafique.cz\/wp-content\/uploads\/cafe_tranzistor_01-420x599.jpg\" class=\"attachment-thumbnail size-thumbnail wp-post-image\" alt=\"Caf\u00e9 Transistor - realizace, Photography\" title=\"Caf\u00e9 Transistor - realizace, Photography\" srcset=\"https:\/\/www.grafique.cz\/wp-content\/uploads\/cafe_tranzistor_01-420x599.jpg 420w, https:\/\/www.grafique.cz\/wp-content\/uploads\/cafe_tranzistor_01-210x300.jpg 210w, https:\/\/www.grafique.cz\/wp-content\/uploads\/cafe_tranzistor_01-1340x1912.jpg 1340w, https:\/\/www.grafique.cz\/wp-content\/uploads\/cafe_tranzistor_01-768x1096.jpg 768w, https:\/\/www.grafique.cz\/wp-content\/uploads\/cafe_tranzistor_01-1076x1536.jpg 1076w, https:\/\/www.grafique.cz\/wp-content\/uploads\/cafe_tranzistor_01-1435x2048.jpg 1435w, https:\/\/www.grafique.cz\/wp-content\/uploads\/cafe_tranzistor_01-70x100.jpg 70w, https:\/\/www.grafique.cz\/wp-content\/uploads\/cafe_tranzistor_01.jpg 1440w\" sizes=\"(max-width: 420px) 100vw, 420px\" \/><\/a>\n   \t\t\t\t\t\t\t<\/div>\n   \t\t\t\t\t\t   \t\t\t\t\t\t\t\t\t\t\t   \t\t\t\t<\/li>\n   \t\t\t   \t\t\t\t<li class=\"advertising-photography-brno iso-post\">\n\t\t\t\t\t\t   \t\t\t\t\t<h2 class=\"iso-title\">\n              <a href=\"https:\/\/www.grafique.cz\/en\/projects\/advertising-photography-brno\/home-credit\/\">\n                Home Credit                <span>Photography<\/span>              \n              <\/a>\n            <\/h2>            \n\t\t\t\t\t\t            <time class=\"updated\" datetime=\"2015-08-31T18:20:58+01:00\">08\/2015<\/time>\n   \t\t\t\t\t                               \t\t\t\t\t\t\t<div class=\"iso-thumb\">\n   \t\t\t\t\t\t\t\t<a href=\"https:\/\/www.grafique.cz\/en\/projects\/advertising-photography-brno\/home-credit\/\"><img decoding=\"async\" width=\"420\" height=\"506\" src=\"https:\/\/www.grafique.cz\/wp-content\/uploads\/home_credit_01-420x506.jpg\" class=\"attachment-thumbnail size-thumbnail wp-post-image\" alt=\"Home Credit - realizace, Photography\" title=\"Home Credit - realizace, Photography\" srcset=\"https:\/\/www.grafique.cz\/wp-content\/uploads\/home_credit_01-420x506.jpg 420w, https:\/\/www.grafique.cz\/wp-content\/uploads\/home_credit_01-249x300.jpg 249w, https:\/\/www.grafique.cz\/wp-content\/uploads\/home_credit_01-768x926.jpg 768w, https:\/\/www.grafique.cz\/wp-content\/uploads\/home_credit_01-1340x1615.jpg 1340w, https:\/\/www.grafique.cz\/wp-content\/uploads\/home_credit_01-1274x1536.jpg 1274w, https:\/\/www.grafique.cz\/wp-content\/uploads\/home_credit_01-83x100.jpg 83w, https:\/\/www.grafique.cz\/wp-content\/uploads\/home_credit_01.jpg 1440w\" sizes=\"(max-width: 420px) 100vw, 420px\" \/><\/a>\n   \t\t\t\t\t\t\t<\/div>\n   \t\t\t\t\t\t   \t\t\t\t\t\t\t\t\t\t\t   \t\t\t\t<\/li>\n   \t\t\t   \t\t\t\t<li class=\"advertising-photography-brno iso-post\">\n\t\t\t\t\t\t   \t\t\t\t\t<h2 class=\"iso-title\">\n              <a href=\"https:\/\/www.grafique.cz\/en\/projects\/advertising-photography-brno\/parfumerie-fann\/\">\n                Parfumerie Fann                <span>Photography<\/span>              \n              <\/a>\n            <\/h2>            \n\t\t\t\t\t\t            <time class=\"updated\" datetime=\"2015-08-31T18:18:12+01:00\">08\/2015<\/time>\n   \t\t\t\t\t                               \t\t\t\t\t\t\t<div class=\"iso-thumb\">\n   \t\t\t\t\t\t\t\t<a href=\"https:\/\/www.grafique.cz\/en\/projects\/advertising-photography-brno\/parfumerie-fann\/\"><img decoding=\"async\" width=\"420\" height=\"560\" src=\"https:\/\/www.grafique.cz\/wp-content\/uploads\/Parfumerie_Fann-01-420x560.jpg\" class=\"attachment-thumbnail size-thumbnail wp-post-image\" alt=\"Parfumerie Fann - realizace, Photography\" title=\"Parfumerie Fann - realizace, Photography\" srcset=\"https:\/\/www.grafique.cz\/wp-content\/uploads\/Parfumerie_Fann-01-420x560.jpg 420w, https:\/\/www.grafique.cz\/wp-content\/uploads\/Parfumerie_Fann-01-225x300.jpg 225w, https:\/\/www.grafique.cz\/wp-content\/uploads\/Parfumerie_Fann-01-1340x1786.jpg 1340w, https:\/\/www.grafique.cz\/wp-content\/uploads\/Parfumerie_Fann-01-768x1023.jpg 768w, https:\/\/www.grafique.cz\/wp-content\/uploads\/Parfumerie_Fann-01-1153x1536.jpg 1153w, https:\/\/www.grafique.cz\/wp-content\/uploads\/Parfumerie_Fann-01-75x100.jpg 75w, https:\/\/www.grafique.cz\/wp-content\/uploads\/Parfumerie_Fann-01.jpg 1440w\" sizes=\"(max-width: 420px) 100vw, 420px\" \/><\/a>\n   \t\t\t\t\t\t\t<\/div>\n   \t\t\t\t\t\t   \t\t\t\t\t\t\t\t\t\t\t   \t\t\t\t<\/li>\n   \t\t\t   \t\t\t\t<li class=\"advertising-photography-brno iso-post\">\n\t\t\t\t\t\t   \t\t\t\t\t<h2 class=\"iso-title\">\n              <a href=\"https:\/\/www.grafique.cz\/en\/projects\/advertising-photography-brno\/kafka\/\">\n                Kafka                <span>Photography<\/span>              \n              <\/a>\n            <\/h2>            \n\t\t\t\t\t\t            <time class=\"updated\" datetime=\"2015-08-31T18:53:43+01:00\">08\/2015<\/time>\n   \t\t\t\t\t                               \t\t\t\t\t\t\t<div class=\"iso-thumb\">\n   \t\t\t\t\t\t\t\t<a href=\"https:\/\/www.grafique.cz\/en\/projects\/advertising-photography-brno\/kafka\/\"><img decoding=\"async\" width=\"420\" height=\"630\" src=\"https:\/\/www.grafique.cz\/wp-content\/uploads\/kafka_Der_-Verschollene-420x630.jpg\" class=\"attachment-thumbnail size-thumbnail wp-post-image\" alt=\"Kafka - realizace, Photography\" title=\"Kafka - realizace, Photography\" srcset=\"https:\/\/www.grafique.cz\/wp-content\/uploads\/kafka_Der_-Verschollene-420x630.jpg 420w, https:\/\/www.grafique.cz\/wp-content\/uploads\/kafka_Der_-Verschollene-200x300.jpg 200w, https:\/\/www.grafique.cz\/wp-content\/uploads\/kafka_Der_-Verschollene-1340x2010.jpg 1340w, https:\/\/www.grafique.cz\/wp-content\/uploads\/kafka_Der_-Verschollene-768x1152.jpg 768w, https:\/\/www.grafique.cz\/wp-content\/uploads\/kafka_Der_-Verschollene-1024x1536.jpg 1024w, https:\/\/www.grafique.cz\/wp-content\/uploads\/kafka_Der_-Verschollene-1365x2048.jpg 1365w, https:\/\/www.grafique.cz\/wp-content\/uploads\/kafka_Der_-Verschollene-67x100.jpg 67w, https:\/\/www.grafique.cz\/wp-content\/uploads\/kafka_Der_-Verschollene.jpg 1440w\" sizes=\"(max-width: 420px) 100vw, 420px\" \/><\/a>\n   \t\t\t\t\t\t\t<\/div>\n   \t\t\t\t\t\t   \t\t\t\t\t\t\t\t\t\t\t   \t\t\t\t<\/li>\n   \t\t\t   \t\t\t\t<li class=\"advertising-photography-brno iso-post\">\n\t\t\t\t\t\t   \t\t\t\t\t<h2 class=\"iso-title\">\n              <a href=\"https:\/\/www.grafique.cz\/en\/projects\/advertising-photography-brno\/na-srebraku\/\">\n                Na \u0160rebr\u00e1ku                <span>Photography<\/span>              \n              <\/a>\n            <\/h2>            \n\t\t\t\t\t\t            <time class=\"updated\" datetime=\"2015-09-01T07:32:57+01:00\">09\/2015<\/time>\n   \t\t\t\t\t                               \t\t\t\t\t\t\t<div class=\"iso-thumb\">\n   \t\t\t\t\t\t\t\t<a href=\"https:\/\/www.grafique.cz\/en\/projects\/advertising-photography-brno\/na-srebraku\/\"><img decoding=\"async\" width=\"420\" height=\"636\" src=\"https:\/\/www.grafique.cz\/wp-content\/uploads\/na-sebraku-fotograf-brno2-420x636.jpg\" class=\"attachment-thumbnail size-thumbnail wp-post-image\" alt=\"Na \u0160rebr\u00e1ku - realizace, Photography\" title=\"Na \u0160rebr\u00e1ku - realizace, Photography\" srcset=\"https:\/\/www.grafique.cz\/wp-content\/uploads\/na-sebraku-fotograf-brno2-420x636.jpg 420w, https:\/\/www.grafique.cz\/wp-content\/uploads\/na-sebraku-fotograf-brno2-198x300.jpg 198w, https:\/\/www.grafique.cz\/wp-content\/uploads\/na-sebraku-fotograf-brno2-768x1163.jpg 768w, https:\/\/www.grafique.cz\/wp-content\/uploads\/na-sebraku-fotograf-brno2-1014x1536.jpg 1014w, https:\/\/www.grafique.cz\/wp-content\/uploads\/na-sebraku-fotograf-brno2-66x100.jpg 66w, https:\/\/www.grafique.cz\/wp-content\/uploads\/na-sebraku-fotograf-brno2.jpg 1268w\" sizes=\"(max-width: 420px) 100vw, 420px\" \/><\/a>\n   \t\t\t\t\t\t\t<\/div>\n   \t\t\t\t\t\t   \t\t\t\t\t\t\t\t\t\t\t   \t\t\t\t<\/li>\n   \t\t\t   \t\t\t\t<li class=\"advertising-photography-brno iso-post\">\n\t\t\t\t\t\t   \t\t\t\t\t<h2 class=\"iso-title\">\n              <a href=\"https:\/\/www.grafique.cz\/en\/projects\/advertising-photography-brno\/orli-prostejov\/\">\n                Orli Prost\u011bjov                <span>Photography<\/span>              \n              <\/a>\n            <\/h2>            \n\t\t\t\t\t\t            <time class=\"updated\" datetime=\"2015-08-31T18:52:12+01:00\">08\/2015<\/time>\n   \t\t\t\t\t                               \t\t\t\t\t\t\t<div class=\"iso-thumb\">\n   \t\t\t\t\t\t\t\t<a href=\"https:\/\/www.grafique.cz\/en\/projects\/advertising-photography-brno\/orli-prostejov\/\"><img decoding=\"async\" width=\"420\" height=\"219\" src=\"https:\/\/www.grafique.cz\/wp-content\/uploads\/Orli-Prost\u014djov-C-01-420x219.jpg\" class=\"attachment-thumbnail size-thumbnail wp-post-image\" alt=\"Orli Prost\u011bjov - realizace, Photography\" title=\"Orli Prost\u011bjov - realizace, Photography\" srcset=\"https:\/\/www.grafique.cz\/wp-content\/uploads\/Orli-Prost\u014djov-C-01-420x219.jpg 420w, https:\/\/www.grafique.cz\/wp-content\/uploads\/Orli-Prost\u014djov-C-01-300x156.jpg 300w, https:\/\/www.grafique.cz\/wp-content\/uploads\/Orli-Prost\u014djov-C-01-768x401.jpg 768w, https:\/\/www.grafique.cz\/wp-content\/uploads\/Orli-Prost\u014djov-C-01-1340x699.jpg 1340w, https:\/\/www.grafique.cz\/wp-content\/uploads\/Orli-Prost\u014djov-C-01-192x100.jpg 192w, https:\/\/www.grafique.cz\/wp-content\/uploads\/Orli-Prost\u014djov-C-01.jpg 1440w\" sizes=\"(max-width: 420px) 100vw, 420px\" \/><\/a>\n   \t\t\t\t\t\t\t<\/div>\n   \t\t\t\t\t\t   \t\t\t\t\t\t\t\t\t\t\t   \t\t\t\t<\/li>\n   \t\t\t   \t\t\t\t<li class=\"advertising-photography-brno iso-post\">\n\t\t\t\t\t\t   \t\t\t\t\t<h2 class=\"iso-title\">\n              <a href=\"https:\/\/www.grafique.cz\/en\/projects\/advertising-photography-brno\/east-village-brno\/\">\n                East Village                <span>Photography<\/span>              \n              <\/a>\n            <\/h2>            \n\t\t\t\t\t\t            <time class=\"updated\" datetime=\"2015-08-31T18:55:16+01:00\">08\/2015<\/time>\n   \t\t\t\t\t                               \t\t\t\t\t\t\t<div class=\"iso-thumb\">\n   \t\t\t\t\t\t\t\t<a href=\"https:\/\/www.grafique.cz\/en\/projects\/advertising-photography-brno\/east-village-brno\/\"><img decoding=\"async\" width=\"420\" height=\"363\" src=\"https:\/\/www.grafique.cz\/wp-content\/uploads\/east_village-420x363.jpg\" class=\"attachment-thumbnail size-thumbnail wp-post-image\" alt=\"East Village - realizace, Photography\" title=\"East Village - realizace, Photography\" srcset=\"https:\/\/www.grafique.cz\/wp-content\/uploads\/east_village-420x363.jpg 420w, https:\/\/www.grafique.cz\/wp-content\/uploads\/east_village-300x260.jpg 300w, https:\/\/www.grafique.cz\/wp-content\/uploads\/east_village-768x665.jpg 768w, https:\/\/www.grafique.cz\/wp-content\/uploads\/east_village-1340x1159.jpg 1340w, https:\/\/www.grafique.cz\/wp-content\/uploads\/east_village-116x100.jpg 116w, https:\/\/www.grafique.cz\/wp-content\/uploads\/east_village.jpg 1440w\" sizes=\"(max-width: 420px) 100vw, 420px\" \/><\/a>\n   \t\t\t\t\t\t\t<\/div>\n   \t\t\t\t\t\t   \t\t\t\t\t\t\t\t\t\t\t   \t\t\t\t<\/li>\n   \t\t\t   \t\t\t\t<li class=\"advertising-photography-brno iso-post\">\n\t\t\t\t\t\t   \t\t\t\t\t<h2 class=\"iso-title\">\n              <a href=\"https:\/\/www.grafique.cz\/en\/projects\/advertising-photography-brno\/avoy-mu-brno\/\">\n                Avoy MU Brno                <span>Photography<\/span>              \n              <\/a>\n            <\/h2>            \n\t\t\t\t\t\t            <time class=\"updated\" datetime=\"2015-08-31T18:12:33+01:00\">08\/2015<\/time>\n   \t\t\t\t\t                               \t\t\t\t\t\t\t<div class=\"iso-thumb\">\n   \t\t\t\t\t\t\t\t<a href=\"https:\/\/www.grafique.cz\/en\/projects\/advertising-photography-brno\/avoy-mu-brno\/\"><img decoding=\"async\" width=\"420\" height=\"332\" src=\"https:\/\/www.grafique.cz\/wp-content\/uploads\/avoy-MU-Brno-01-420x332.jpg\" class=\"attachment-thumbnail size-thumbnail wp-post-image\" alt=\"Avoy MU Brno - realizace, Photography\" title=\"Avoy MU Brno - realizace, Photography\" srcset=\"https:\/\/www.grafique.cz\/wp-content\/uploads\/avoy-MU-Brno-01-420x332.jpg 420w, https:\/\/www.grafique.cz\/wp-content\/uploads\/avoy-MU-Brno-01-300x237.jpg 300w, https:\/\/www.grafique.cz\/wp-content\/uploads\/avoy-MU-Brno-01-768x606.jpg 768w, https:\/\/www.grafique.cz\/wp-content\/uploads\/avoy-MU-Brno-01-1340x1058.jpg 1340w, https:\/\/www.grafique.cz\/wp-content\/uploads\/avoy-MU-Brno-01-127x100.jpg 127w, https:\/\/www.grafique.cz\/wp-content\/uploads\/avoy-MU-Brno-01.jpg 1440w\" sizes=\"(max-width: 420px) 100vw, 420px\" \/><\/a>\n   \t\t\t\t\t\t\t<\/div>\n   \t\t\t\t\t\t   \t\t\t\t\t\t\t\t\t\t\t   \t\t\t\t<\/li>\n   \t\t\t   \t\t\t\t<li class=\"graphic-design-and-corporate-style-brno iso-post\">\n\t\t\t\t\t\t   \t\t\t\t\t<h2 class=\"iso-title\">\n              <a href=\"https:\/\/www.grafique.cz\/en\/projects\/graphic-design-and-corporate-style-brno\/monika-bagarova-peugeot\/\">\n                Monika Bag\u00e1rov\u00e1 \/ Peugeot                <span>Logo&amp;Print<\/span>              \n              <\/a>\n            <\/h2>            \n\t\t\t\t\t\t            <time class=\"updated\" datetime=\"2015-02-02T07:41:00+01:00\">02\/2015<\/time>\n   \t\t\t\t\t                               \t\t\t\t\t\t\t<div class=\"iso-thumb\">\n   \t\t\t\t\t\t\t\t<a href=\"https:\/\/www.grafique.cz\/en\/projects\/graphic-design-and-corporate-style-brno\/monika-bagarova-peugeot\/\"><img decoding=\"async\" width=\"420\" height=\"947\" src=\"https:\/\/www.grafique.cz\/wp-content\/uploads\/MB208XY_rollup_f1_1-420x947.jpg\" class=\"attachment-thumbnail size-thumbnail wp-post-image\" alt=\"Monika Bag\u00e1rov\u00e1 \/ Peugeot - realizace, Logo&amp;Print\" title=\"Monika Bag\u00e1rov\u00e1 \/ Peugeot - realizace, Logo&amp;Print\" srcset=\"https:\/\/www.grafique.cz\/wp-content\/uploads\/MB208XY_rollup_f1_1-420x947.jpg 420w, https:\/\/www.grafique.cz\/wp-content\/uploads\/MB208XY_rollup_f1_1-133x300.jpg 133w, https:\/\/www.grafique.cz\/wp-content\/uploads\/MB208XY_rollup_f1_1-44x100.jpg 44w, https:\/\/www.grafique.cz\/wp-content\/uploads\/MB208XY_rollup_f1_1.jpg 566w\" sizes=\"(max-width: 420px) 100vw, 420px\" \/><\/a>\n   \t\t\t\t\t\t\t<\/div>\n   \t\t\t\t\t\t   \t\t\t\t\t\t\t\t\t\t\t   \t\t\t\t<\/li>\n   \t\t\t   \t\t\t\t<li class=\"graphic-design-and-corporate-style-brno iso-post\">\n\t\t\t\t\t\t   \t\t\t\t\t<h2 class=\"iso-title\">\n              <a href=\"https:\/\/www.grafique.cz\/en\/projects\/graphic-design-and-corporate-style-brno\/monika-bagarova\/\">\n                Monika Bag\u00e1rov\u00e1                <span>Logo&amp;Print<\/span>              \n              <\/a>\n            <\/h2>            \n\t\t\t\t\t\t            <time class=\"updated\" datetime=\"2015-08-13T12:56:55+01:00\">08\/2015<\/time>\n   \t\t\t\t\t                               \t\t\t\t\t\t\t<div class=\"iso-thumb\">\n   \t\t\t\t\t\t\t\t<a href=\"https:\/\/www.grafique.cz\/en\/projects\/graphic-design-and-corporate-style-brno\/monika-bagarova\/\"><img decoding=\"async\" width=\"420\" height=\"297\" src=\"https:\/\/www.grafique.cz\/wp-content\/uploads\/MB_logo-420x297.png\" class=\"attachment-thumbnail size-thumbnail wp-post-image\" alt=\"Monika Bag\u00e1rov\u00e1 - realizace, Logo&amp;Print\" title=\"Monika Bag\u00e1rov\u00e1 - realizace, Logo&amp;Print\" srcset=\"https:\/\/www.grafique.cz\/wp-content\/uploads\/MB_logo-420x297.png 420w, https:\/\/www.grafique.cz\/wp-content\/uploads\/MB_logo-300x212.png 300w, https:\/\/www.grafique.cz\/wp-content\/uploads\/MB_logo-768x543.png 768w, https:\/\/www.grafique.cz\/wp-content\/uploads\/MB_logo-142x100.png 142w, https:\/\/www.grafique.cz\/wp-content\/uploads\/MB_logo.png 842w\" sizes=\"(max-width: 420px) 100vw, 420px\" \/><\/a>\n   \t\t\t\t\t\t\t<\/div>\n   \t\t\t\t\t\t   \t\t\t\t\t\t\t\t\t\t\t   \t\t\t\t<\/li>\n   \t\t\t   \t\t\t\t<li class=\"graphic-design-and-corporate-style-brno iso-post\">\n\t\t\t\t\t\t   \t\t\t\t\t<h2 class=\"iso-title\">\n              <a href=\"https:\/\/www.grafique.cz\/en\/projects\/graphic-design-and-corporate-style-brno\/monika-bagarova-cd\/\">\n                Monika Bag\u00e1rov\u00e1 CD                <span>Logo&amp;Print<\/span>              \n              <\/a>\n            <\/h2>            \n\t\t\t\t\t\t            <time class=\"updated\" datetime=\"2015-12-08T10:09:17+01:00\">12\/2015<\/time>\n   \t\t\t\t\t                               \t\t\t\t\t\t\t<div class=\"iso-thumb\">\n   \t\t\t\t\t\t\t\t<a href=\"https:\/\/www.grafique.cz\/en\/projects\/graphic-design-and-corporate-style-brno\/monika-bagarova-cd\/\"><img decoding=\"async\" width=\"420\" height=\"280\" src=\"https:\/\/www.grafique.cz\/wp-content\/uploads\/moonlight_cd_jewelcase_01-420x280.jpg\" class=\"attachment-thumbnail size-thumbnail wp-post-image\" alt=\"Monika Bag\u00e1rov\u00e1 CD - realizace, Logo&amp;Print\" title=\"Monika Bag\u00e1rov\u00e1 CD - realizace, Logo&amp;Print\" srcset=\"https:\/\/www.grafique.cz\/wp-content\/uploads\/moonlight_cd_jewelcase_01-420x280.jpg 420w, https:\/\/www.grafique.cz\/wp-content\/uploads\/moonlight_cd_jewelcase_01-300x200.jpg 300w, https:\/\/www.grafique.cz\/wp-content\/uploads\/moonlight_cd_jewelcase_01-768x512.jpg 768w, https:\/\/www.grafique.cz\/wp-content\/uploads\/moonlight_cd_jewelcase_01-1340x893.jpg 1340w, https:\/\/www.grafique.cz\/wp-content\/uploads\/moonlight_cd_jewelcase_01-1536x1024.jpg 1536w, https:\/\/www.grafique.cz\/wp-content\/uploads\/moonlight_cd_jewelcase_01-150x100.jpg 150w\" sizes=\"(max-width: 420px) 100vw, 420px\" \/><\/a>\n   \t\t\t\t\t\t\t<\/div>\n   \t\t\t\t\t\t   \t\t\t\t\t\t\t\t\t\t\t   \t\t\t\t<\/li>\n   \t\t\t   \t\t\t\t<li class=\"graphic-design-and-corporate-style-brno iso-post\">\n\t\t\t\t\t\t   \t\t\t\t\t<h2 class=\"iso-title\">\n              <a href=\"https:\/\/www.grafique.cz\/en\/projects\/graphic-design-and-corporate-style-brno\/svet-kamenu-piktogramy\/\">\n                Sv\u011bt kamen\u016f \/ piktogramy                <span>Logo&amp;Print<\/span>              \n              <\/a>\n            <\/h2>            \n\t\t\t\t\t\t            <time class=\"updated\" datetime=\"2015-12-06T21:33:27+01:00\">12\/2015<\/time>\n   \t\t\t\t\t                               \t\t\t\t\t\t\t<div class=\"iso-thumb\">\n   \t\t\t\t\t\t\t\t<a href=\"https:\/\/www.grafique.cz\/en\/projects\/graphic-design-and-corporate-style-brno\/svet-kamenu-piktogramy\/\"><img decoding=\"async\" width=\"420\" height=\"905\" src=\"https:\/\/www.grafique.cz\/wp-content\/uploads\/svetkamenu_piktogramy-420x905.png\" class=\"attachment-thumbnail size-thumbnail wp-post-image\" alt=\"Sv\u011bt kamen\u016f \/ piktogramy - realizace, Logo&amp;Print\" title=\"Sv\u011bt kamen\u016f \/ piktogramy - realizace, Logo&amp;Print\" srcset=\"https:\/\/www.grafique.cz\/wp-content\/uploads\/svetkamenu_piktogramy-420x905.png 420w, https:\/\/www.grafique.cz\/wp-content\/uploads\/svetkamenu_piktogramy-139x300.png 139w, https:\/\/www.grafique.cz\/wp-content\/uploads\/svetkamenu_piktogramy-46x100.png 46w, https:\/\/www.grafique.cz\/wp-content\/uploads\/svetkamenu_piktogramy.png 650w\" sizes=\"(max-width: 420px) 100vw, 420px\" \/><\/a>\n   \t\t\t\t\t\t\t<\/div>\n   \t\t\t\t\t\t   \t\t\t\t\t\t\t\t\t\t\t   \t\t\t\t<\/li>\n   \t\t\t   \t\t\t\t<li class=\"graphic-design-and-corporate-style-brno iso-post\">\n\t\t\t\t\t\t   \t\t\t\t\t<h2 class=\"iso-title\">\n              <a href=\"https:\/\/www.grafique.cz\/en\/projects\/graphic-design-and-corporate-style-brno\/mon-est-brno-s-r-o\/\">\n                MON &#8211; EST BRNO, s.r.o.                <span>Logo&amp;Print<\/span>              \n              <\/a>\n            <\/h2>            \n\t\t\t\t\t\t            <time class=\"updated\" datetime=\"2015-08-18T11:39:26+01:00\">08\/2015<\/time>\n   \t\t\t\t\t                               \t\t\t\t\t\t\t<div class=\"iso-thumb\">\n   \t\t\t\t\t\t\t\t<a href=\"https:\/\/www.grafique.cz\/en\/projects\/graphic-design-and-corporate-style-brno\/mon-est-brno-s-r-o\/\"><img decoding=\"async\" width=\"420\" height=\"297\" src=\"https:\/\/www.grafique.cz\/wp-content\/uploads\/MON-EST_Brno_logo-420x297.png\" class=\"attachment-thumbnail size-thumbnail wp-post-image\" alt=\"MON &#8211; EST BRNO, s.r.o. - realizace, Logo&amp;Print\" title=\"MON &#8211; EST BRNO, s.r.o. - realizace, Logo&amp;Print\" srcset=\"https:\/\/www.grafique.cz\/wp-content\/uploads\/MON-EST_Brno_logo-420x297.png 420w, https:\/\/www.grafique.cz\/wp-content\/uploads\/MON-EST_Brno_logo-300x212.png 300w, https:\/\/www.grafique.cz\/wp-content\/uploads\/MON-EST_Brno_logo-142x100.png 142w, https:\/\/www.grafique.cz\/wp-content\/uploads\/MON-EST_Brno_logo.png 650w\" sizes=\"(max-width: 420px) 100vw, 420px\" \/><\/a>\n   \t\t\t\t\t\t\t<\/div>\n   \t\t\t\t\t\t   \t\t\t\t\t\t\t\t\t\t\t   \t\t\t\t<\/li>\n   \t\t\t   \t\t\t\t<li class=\"graphic-design-and-corporate-style-brno iso-post\">\n\t\t\t\t\t\t   \t\t\t\t\t<h2 class=\"iso-title\">\n              <a href=\"https:\/\/www.grafique.cz\/en\/projects\/graphic-design-and-corporate-style-brno\/aquaclear\/\">\n                AQUACLEAR                <span>Logo&amp;Print<\/span>              \n              <\/a>\n            <\/h2>            \n\t\t\t\t\t\t            <time class=\"updated\" datetime=\"2015-08-13T14:15:17+01:00\">08\/2015<\/time>\n   \t\t\t\t\t                               \t\t\t\t\t\t\t<div class=\"iso-thumb\">\n   \t\t\t\t\t\t\t\t<a href=\"https:\/\/www.grafique.cz\/en\/projects\/graphic-design-and-corporate-style-brno\/aquaclear\/\"><img decoding=\"async\" width=\"420\" height=\"297\" src=\"https:\/\/www.grafique.cz\/wp-content\/uploads\/aquaclear__logo-420x297.png\" class=\"attachment-thumbnail size-thumbnail wp-post-image\" alt=\"AQUACLEAR - realizace, Logo&amp;Print\" title=\"AQUACLEAR - realizace, Logo&amp;Print\" srcset=\"https:\/\/www.grafique.cz\/wp-content\/uploads\/aquaclear__logo-420x297.png 420w, https:\/\/www.grafique.cz\/wp-content\/uploads\/aquaclear__logo-300x212.png 300w, https:\/\/www.grafique.cz\/wp-content\/uploads\/aquaclear__logo-768x543.png 768w, https:\/\/www.grafique.cz\/wp-content\/uploads\/aquaclear__logo-142x100.png 142w, https:\/\/www.grafique.cz\/wp-content\/uploads\/aquaclear__logo.png 842w\" sizes=\"(max-width: 420px) 100vw, 420px\" \/><\/a>\n   \t\t\t\t\t\t\t<\/div>\n   \t\t\t\t\t\t   \t\t\t\t\t\t\t\t\t\t\t   \t\t\t\t<\/li>\n   \t\t\t   \t\t\t\t<li class=\"advertising-photography-brno iso-post\">\n\t\t\t\t\t\t   \t\t\t\t\t<h2 class=\"iso-title\">\n              <a href=\"https:\/\/www.grafique.cz\/en\/projects\/advertising-photography-brno\/cesky-volejbalovy-svaz\/\">\n                \u010cesk\u00fd volejbalov\u00fd svaz                <span>Photography<\/span>              \n              <\/a>\n            <\/h2>            \n\t\t\t\t\t\t            <time class=\"updated\" datetime=\"2015-08-31T18:16:13+01:00\">08\/2015<\/time>\n   \t\t\t\t\t                               \t\t\t\t\t\t\t<div class=\"iso-thumb\">\n   \t\t\t\t\t\t\t\t<a href=\"https:\/\/www.grafique.cz\/en\/projects\/advertising-photography-brno\/cesky-volejbalovy-svaz\/\"><img decoding=\"async\" width=\"420\" height=\"211\" src=\"https:\/\/www.grafique.cz\/wp-content\/uploads\/cesky-volejbalovy-svaz-fotograf-brno1-420x211.jpg\" class=\"attachment-thumbnail size-thumbnail wp-post-image\" alt=\"\u010cesk\u00fd volejbalov\u00fd svaz - realizace, Photography\" title=\"\u010cesk\u00fd volejbalov\u00fd svaz - realizace, Photography\" srcset=\"https:\/\/www.grafique.cz\/wp-content\/uploads\/cesky-volejbalovy-svaz-fotograf-brno1-420x211.jpg 420w, https:\/\/www.grafique.cz\/wp-content\/uploads\/cesky-volejbalovy-svaz-fotograf-brno1-300x151.jpg 300w, https:\/\/www.grafique.cz\/wp-content\/uploads\/cesky-volejbalovy-svaz-fotograf-brno1-1340x674.jpg 1340w, https:\/\/www.grafique.cz\/wp-content\/uploads\/cesky-volejbalovy-svaz-fotograf-brno1-768x386.jpg 768w, https:\/\/www.grafique.cz\/wp-content\/uploads\/cesky-volejbalovy-svaz-fotograf-brno1-199x100.jpg 199w, https:\/\/www.grafique.cz\/wp-content\/uploads\/cesky-volejbalovy-svaz-fotograf-brno1.jpg 1440w\" sizes=\"(max-width: 420px) 100vw, 420px\" \/><\/a>\n   \t\t\t\t\t\t\t<\/div>\n   \t\t\t\t\t\t   \t\t\t\t\t\t\t\t\t\t\t   \t\t\t\t<\/li>\n   \t\t\t   \t\t\t\t<li class=\"graphic-design-and-corporate-style-brno iso-post\">\n\t\t\t\t\t\t   \t\t\t\t\t<h2 class=\"iso-title\">\n              <a href=\"https:\/\/www.grafique.cz\/en\/projects\/graphic-design-and-corporate-style-brno\/mixfactory-logo-design\/\">\n                MIXFACTORY                <span>Logo&amp;Print<\/span>              \n              <\/a>\n            <\/h2>            \n\t\t\t\t\t\t            <time class=\"updated\" datetime=\"2015-12-04T16:29:54+01:00\">12\/2015<\/time>\n   \t\t\t\t\t                               \t\t\t\t\t\t\t<div class=\"iso-thumb\">\n   \t\t\t\t\t\t\t\t<a href=\"https:\/\/www.grafique.cz\/en\/projects\/graphic-design-and-corporate-style-brno\/mixfactory-logo-design\/\"><img decoding=\"async\" width=\"420\" height=\"297\" src=\"https:\/\/www.grafique.cz\/wp-content\/uploads\/mixfactory_logo2-420x297.png\" class=\"attachment-thumbnail size-thumbnail wp-post-image\" alt=\"MIXFACTORY - realizace, Logo&amp;Print\" title=\"MIXFACTORY - realizace, Logo&amp;Print\" srcset=\"https:\/\/www.grafique.cz\/wp-content\/uploads\/mixfactory_logo2-420x297.png 420w, https:\/\/www.grafique.cz\/wp-content\/uploads\/mixfactory_logo2-300x212.png 300w, https:\/\/www.grafique.cz\/wp-content\/uploads\/mixfactory_logo2-142x100.png 142w, https:\/\/www.grafique.cz\/wp-content\/uploads\/mixfactory_logo2.png 650w\" sizes=\"(max-width: 420px) 100vw, 420px\" \/><\/a>\n   \t\t\t\t\t\t\t<\/div>\n   \t\t\t\t\t\t   \t\t\t\t\t\t\t\t\t\t\t   \t\t\t\t<\/li>\n   \t\t\t           \n   \t\t\t<\/ul>\n         <\/div>\n\n         <div class=\"iso-posts-loading\"><\/div>\n         <nav role=\"navigation\" class=\"iso-pagination\">\n            <span class=\"more-iso-posts\"><\/span>\n         <\/nav>\n\n\t\t\n\n\n<figure><\/figure>\n","protected":false},"excerpt":{"rendered":"","protected":false},"author":1,"featured_media":2617,"parent":0,"menu_order":9,"comment_status":"closed","ping_status":"closed","template":"page-template-realizace.php","meta":{"_acf_changed":false,"footnotes":""},"class_list":["post-1970","page","type-page","status-publish","has-post-thumbnail","hentry"],"acf":[],"aioseo_notices":[],"_links":{"self":[{"href":"https:\/\/www.grafique.cz\/en\/wp-json\/wp\/v2\/pages\/1970","targetHints":{"allow":["GET"]}}],"collection":[{"href":"https:\/\/www.grafique.cz\/en\/wp-json\/wp\/v2\/pages"}],"about":[{"href":"https:\/\/www.grafique.cz\/en\/wp-json\/wp\/v2\/types\/page"}],"author":[{"embeddable":true,"href":"https:\/\/www.grafique.cz\/en\/wp-json\/wp\/v2\/users\/1"}],"replies":[{"embeddable":true,"href":"https:\/\/www.grafique.cz\/en\/wp-json\/wp\/v2\/comments?post=1970"}],"version-history":[{"count":8,"href":"https:\/\/www.grafique.cz\/en\/wp-json\/wp\/v2\/pages\/1970\/revisions"}],"predecessor-version":[{"id":2569,"href":"https:\/\/www.grafique.cz\/en\/wp-json\/wp\/v2\/pages\/1970\/revisions\/2569"}],"wp:featuredmedia":[{"embeddable":true,"href":"https:\/\/www.grafique.cz\/en\/wp-json\/wp\/v2\/media\/2617"}],"wp:attachment":[{"href":"https:\/\/www.grafique.cz\/en\/wp-json\/wp\/v2\/media?parent=1970"}],"curies":[{"name":"wp","href":"https:\/\/api.w.org\/{rel}","templated":true}]}}